{"id":14065,"date":"2018-10-04T10:50:30","date_gmt":"2018-10-04T08:50:30","guid":{"rendered":"https:\/\/www.vsv-versandhandel.ch\/?post_type=ajde_events&amp;p=14065"},"modified":"2018-10-04T10:50:30","modified_gmt":"2018-10-04T08:50:30","slug":"utiliser-amazon-et-profiter-des-ses-avantages","status":"publish","type":"ajde_events","link":"https:\/\/handelsverband.swiss\/fr\/events\/utiliser-amazon-et-profiter-des-ses-avantages\/","title":{"rendered":"Utiliser Amazon et profiter des ses avantages"},"content":{"rendered":"<p>L&#8217;annonce du lancement d&#8217;Amazon en Suisse a suscit\u00e9 beaucoup d&#8217;enthousiasme. A notre avis, cet engouement est exag\u00e9r\u00e9. Pour les marques, les fabricants, les distributeurs et les grossistes en particulier, il existe de nouvelles opportunit\u00e9s fascinantes et int\u00e9ressantes de vente et de d\u00e9veloppement de march\u00e9. Lors de cet \u00e9v\u00e9nement de l&#8217;ASVAD, vous aurez un aper\u00e7u de premi\u00e8re main des potentiels et des options qui se d\u00e9voilent \u00e0 vous avec cette arriv\u00e9e. L&#8217;entreprise <a href=\"https:\/\/www.factor-a.de\/\" target=\"_blank\" rel=\"noopener noreferrer\">factor-a<\/a> est un pionnier, leader du march\u00e9 de la gestion des fournisseurs Amazon. Elle poss\u00e8de la plus grande exp\u00e9rience et expertise dans le secteur. <a href=\"https:\/\/carpathia.ch\/\">Carpathia<\/a> vous aide \u00e0 d\u00e9finir une strat\u00e9gie pour que la pr\u00e9sence de votre entreprise sur ce nouveau march\u00e9 soit id\u00e9ale. Car comme vous vous en doutez, tout ce qui brille dans votre boutique ne brillera pas instantan\u00e9ment et automatiquement chez Amazon&#8230;<\/p>\n<p>\u00e0 partir de 08.00 : caf\u00e9 et croissant<\/p>\n<p>08h30 L&#8217;Amazonie et la Suisse : d\u00e9fis, opportunit\u00e9s et potentiel (<a href=\"https:\/\/carpathia.ch\/\">Carpathia<\/a>)<\/p>\n<p>09h00 Comment va Amazon ? Possibilit\u00e9s de coop\u00e9ration (<a href=\"https:\/\/www.factor-a.de\/\" target=\"_blank\" rel=\"noopener noreferrer\">factor-a<\/a>)<\/p>\n<p>09.30 R\u00f4le d&#8217;Amazon dans la strat\u00e9gie de vente (<a href=\"https:\/\/carpathia.ch\/\">Carpathia<\/a>)<\/p>\n<p>09.45 Amazon Advertising and Account Handling &#8211; Aper\u00e7u des outils les plus importants (<a href=\"https:\/\/www.factor-a.de\/\" target=\"_blank\" rel=\"noopener noreferrer\">factor-a<\/a>)<\/p>\n<p>10.30 S\u00e9ance de questions et r\u00e9ponses<\/p>\n","protected":false},"author":614,"featured_media":13703,"menu_order":0,"comment_status":"closed","ping_status":"closed","template":"","meta":{"_acf_changed":false},"tags":[],"event_type":[],"event_type_2":[],"class_list":["post-14065","ajde_events","type-ajde_events","status-publish","has-post-thumbnail","hentry","event_location-bildungszentrum-sihlpost"],"acf":[],"yoast_head":"<!-- This site is optimized with the Yoast SEO plugin v27.5 - https:\/\/yoast.com\/product\/yoast-seo-wordpress\/ -->\n<title>Utiliser Amazon et profiter des ses avantages - HANDELSVERBAND. swiss<\/title>\n<meta name=\"robots\" content=\"index, follow, max-snippet:-1, max-image-preview:large, max-video-preview:-1\" \/>\n<meta property=\"og:locale\" content=\"fr_FR\" \/>\n<meta property=\"og:type\" content=\"article\" \/>\n<meta property=\"og:title\" content=\"Utiliser Amazon et profiter des ses avantages - HANDELSVERBAND. swiss\" \/>\n<meta property=\"og:description\" content=\"L&#8217;annonce du lancement d&#8217;Amazon en\" \/>\n<meta property=\"og:url\" content=\"https:\/\/handelsverband.swiss\/fr\/events\/utiliser-amazon-et-profiter-des-ses-avantages\/\" \/>\n<meta property=\"og:site_name\" content=\"HANDELSVERBAND. swiss\" \/>\n<meta property=\"og:image\" content=\"https:\/\/handelsverband.swiss\/wp-content\/uploads\/2018\/09\/sales_growth_umsatz.jpg\" \/>\n\t<meta property=\"og:image:width\" content=\"849\" \/>\n\t<meta property=\"og:image:height\" content=\"566\" \/>\n\t<meta property=\"og:image:type\" content=\"image\/jpeg\" \/>\n<meta name=\"twitter:card\" content=\"summary_large_image\" \/>\n<meta name=\"twitter:label1\" content=\"Est. reading time\" \/>\n\t<meta name=\"twitter:data1\" content=\"1 minute\" \/>\n<script type=\"application\/ld+json\" class=\"yoast-schema-graph\">{\"@context\":\"https:\\\/\\\/schema.org\",\"@graph\":[{\"@type\":\"WebPage\",\"@id\":\"https:\\\/\\\/handelsverband.swiss\\\/fr\\\/events\\\/utiliser-amazon-et-profiter-des-ses-avantages\\\/\",\"url\":\"https:\\\/\\\/handelsverband.swiss\\\/fr\\\/events\\\/utiliser-amazon-et-profiter-des-ses-avantages\\\/\",\"name\":\"Utiliser Amazon et profiter des ses avantages - HANDELSVERBAND. swiss\",\"isPartOf\":{\"@id\":\"https:\\\/\\\/handelsverband.swiss\\\/#website\"},\"primaryImageOfPage\":{\"@id\":\"https:\\\/\\\/handelsverband.swiss\\\/fr\\\/events\\\/utiliser-amazon-et-profiter-des-ses-avantages\\\/#primaryimage\"},\"image\":{\"@id\":\"https:\\\/\\\/handelsverband.swiss\\\/fr\\\/events\\\/utiliser-amazon-et-profiter-des-ses-avantages\\\/#primaryimage\"},\"thumbnailUrl\":\"https:\\\/\\\/handelsverband.swiss\\\/wp-content\\\/uploads\\\/2018\\\/09\\\/sales_growth_umsatz.jpg\",\"datePublished\":\"2018-10-04T08:50:30+00:00\",\"breadcrumb\":{\"@id\":\"https:\\\/\\\/handelsverband.swiss\\\/fr\\\/events\\\/utiliser-amazon-et-profiter-des-ses-avantages\\\/#breadcrumb\"},\"inLanguage\":\"fr-FR\",\"potentialAction\":[{\"@type\":\"ReadAction\",\"target\":[\"https:\\\/\\\/handelsverband.swiss\\\/fr\\\/events\\\/utiliser-amazon-et-profiter-des-ses-avantages\\\/\"]}]},{\"@type\":\"ImageObject\",\"inLanguage\":\"fr-FR\",\"@id\":\"https:\\\/\\\/handelsverband.swiss\\\/fr\\\/events\\\/utiliser-amazon-et-profiter-des-ses-avantages\\\/#primaryimage\",\"url\":\"https:\\\/\\\/handelsverband.swiss\\\/wp-content\\\/uploads\\\/2018\\\/09\\\/sales_growth_umsatz.jpg\",\"contentUrl\":\"https:\\\/\\\/handelsverband.swiss\\\/wp-content\\\/uploads\\\/2018\\\/09\\\/sales_growth_umsatz.jpg\",\"width\":849,\"height\":566,\"caption\":\"S\"},{\"@type\":\"BreadcrumbList\",\"@id\":\"https:\\\/\\\/handelsverband.swiss\\\/fr\\\/events\\\/utiliser-amazon-et-profiter-des-ses-avantages\\\/#breadcrumb\",\"itemListElement\":[{\"@type\":\"ListItem\",\"position\":1,\"name\":\"Startseite\",\"item\":\"https:\\\/\\\/handelsverband.swiss\\\/fr\\\/\"},{\"@type\":\"ListItem\",\"position\":2,\"name\":\"Events\",\"item\":\"https:\\\/\\\/handelsverband.swiss\\\/events\\\/\"},{\"@type\":\"ListItem\",\"position\":3,\"name\":\"Utiliser Amazon et profiter des ses avantages\"}]},{\"@type\":\"WebSite\",\"@id\":\"https:\\\/\\\/handelsverband.swiss\\\/#website\",\"url\":\"https:\\\/\\\/handelsverband.swiss\\\/\",\"name\":\"HANDELSVERBAND.swiss\",\"description\":\"ASSOCIATION DE COMMERCE.swiss\",\"publisher\":{\"@id\":\"https:\\\/\\\/handelsverband.swiss\\\/#organization\"},\"potentialAction\":[{\"@type\":\"SearchAction\",\"target\":{\"@type\":\"EntryPoint\",\"urlTemplate\":\"https:\\\/\\\/handelsverband.swiss\\\/?s={search_term_string}\"},\"query-input\":{\"@type\":\"PropertyValueSpecification\",\"valueRequired\":true,\"valueName\":\"search_term_string\"}}],\"inLanguage\":\"fr-FR\"},{\"@type\":\"Organization\",\"@id\":\"https:\\\/\\\/handelsverband.swiss\\\/#organization\",\"name\":\"HANDELSVERBAND.swiss\",\"url\":\"https:\\\/\\\/handelsverband.swiss\\\/\",\"logo\":{\"@type\":\"ImageObject\",\"inLanguage\":\"fr-FR\",\"@id\":\"https:\\\/\\\/handelsverband.swiss\\\/#\\\/schema\\\/logo\\\/image\\\/\",\"url\":\"https:\\\/\\\/handelsverband.swiss\\\/wp-content\\\/uploads\\\/2020\\\/03\\\/hv_brand_rgb.png\",\"contentUrl\":\"https:\\\/\\\/handelsverband.swiss\\\/wp-content\\\/uploads\\\/2020\\\/03\\\/hv_brand_rgb.png\",\"width\":1714,\"height\":472,\"caption\":\"HANDELSVERBAND.swiss\"},\"image\":{\"@id\":\"https:\\\/\\\/handelsverband.swiss\\\/#\\\/schema\\\/logo\\\/image\\\/\"}}]}<\/script>\n<!-- \/ Yoast SEO plugin. -->","yoast_head_json":{"title":"Utiliser Amazon et profiter des ses avantages - HANDELSVERBAND. swiss","robots":{"index":"index","follow":"follow","max-snippet":"max-snippet:-1","max-image-preview":"max-image-preview:large","max-video-preview":"max-video-preview:-1"},"og_locale":"fr_FR","og_type":"article","og_title":"Utiliser Amazon et profiter des ses avantages - HANDELSVERBAND. swiss","og_description":"L&#8217;annonce du lancement d&#8217;Amazon en","og_url":"https:\/\/handelsverband.swiss\/fr\/events\/utiliser-amazon-et-profiter-des-ses-avantages\/","og_site_name":"HANDELSVERBAND. swiss","og_image":[{"width":849,"height":566,"url":"https:\/\/handelsverband.swiss\/wp-content\/uploads\/2018\/09\/sales_growth_umsatz.jpg","type":"image\/jpeg"}],"twitter_card":"summary_large_image","twitter_misc":{"Est. reading time":"1 minute"},"schema":{"@context":"https:\/\/schema.org","@graph":[{"@type":"WebPage","@id":"https:\/\/handelsverband.swiss\/fr\/events\/utiliser-amazon-et-profiter-des-ses-avantages\/","url":"https:\/\/handelsverband.swiss\/fr\/events\/utiliser-amazon-et-profiter-des-ses-avantages\/","name":"Utiliser Amazon et profiter des ses avantages - HANDELSVERBAND. swiss","isPartOf":{"@id":"https:\/\/handelsverband.swiss\/#website"},"primaryImageOfPage":{"@id":"https:\/\/handelsverband.swiss\/fr\/events\/utiliser-amazon-et-profiter-des-ses-avantages\/#primaryimage"},"image":{"@id":"https:\/\/handelsverband.swiss\/fr\/events\/utiliser-amazon-et-profiter-des-ses-avantages\/#primaryimage"},"thumbnailUrl":"https:\/\/handelsverband.swiss\/wp-content\/uploads\/2018\/09\/sales_growth_umsatz.jpg","datePublished":"2018-10-04T08:50:30+00:00","breadcrumb":{"@id":"https:\/\/handelsverband.swiss\/fr\/events\/utiliser-amazon-et-profiter-des-ses-avantages\/#breadcrumb"},"inLanguage":"fr-FR","potentialAction":[{"@type":"ReadAction","target":["https:\/\/handelsverband.swiss\/fr\/events\/utiliser-amazon-et-profiter-des-ses-avantages\/"]}]},{"@type":"ImageObject","inLanguage":"fr-FR","@id":"https:\/\/handelsverband.swiss\/fr\/events\/utiliser-amazon-et-profiter-des-ses-avantages\/#primaryimage","url":"https:\/\/handelsverband.swiss\/wp-content\/uploads\/2018\/09\/sales_growth_umsatz.jpg","contentUrl":"https:\/\/handelsverband.swiss\/wp-content\/uploads\/2018\/09\/sales_growth_umsatz.jpg","width":849,"height":566,"caption":"S"},{"@type":"BreadcrumbList","@id":"https:\/\/handelsverband.swiss\/fr\/events\/utiliser-amazon-et-profiter-des-ses-avantages\/#breadcrumb","itemListElement":[{"@type":"ListItem","position":1,"name":"Startseite","item":"https:\/\/handelsverband.swiss\/fr\/"},{"@type":"ListItem","position":2,"name":"Events","item":"https:\/\/handelsverband.swiss\/events\/"},{"@type":"ListItem","position":3,"name":"Utiliser Amazon et profiter des ses avantages"}]},{"@type":"WebSite","@id":"https:\/\/handelsverband.swiss\/#website","url":"https:\/\/handelsverband.swiss\/","name":"HANDELSVERBAND.swiss","description":"ASSOCIATION DE COMMERCE.swiss","publisher":{"@id":"https:\/\/handelsverband.swiss\/#organization"},"potentialAction":[{"@type":"SearchAction","target":{"@type":"EntryPoint","urlTemplate":"https:\/\/handelsverband.swiss\/?s={search_term_string}"},"query-input":{"@type":"PropertyValueSpecification","valueRequired":true,"valueName":"search_term_string"}}],"inLanguage":"fr-FR"},{"@type":"Organization","@id":"https:\/\/handelsverband.swiss\/#organization","name":"HANDELSVERBAND.swiss","url":"https:\/\/handelsverband.swiss\/","logo":{"@type":"ImageObject","inLanguage":"fr-FR","@id":"https:\/\/handelsverband.swiss\/#\/schema\/logo\/image\/","url":"https:\/\/handelsverband.swiss\/wp-content\/uploads\/2020\/03\/hv_brand_rgb.png","contentUrl":"https:\/\/handelsverband.swiss\/wp-content\/uploads\/2020\/03\/hv_brand_rgb.png","width":1714,"height":472,"caption":"HANDELSVERBAND.swiss"},"image":{"@id":"https:\/\/handelsverband.swiss\/#\/schema\/logo\/image\/"}}]}},"_links":{"self":[{"href":"https:\/\/handelsverband.swiss\/fr\/wp-json\/wp\/v2\/ajde_events\/14065","targetHints":{"allow":["GET"]}}],"collection":[{"href":"https:\/\/handelsverband.swiss\/fr\/wp-json\/wp\/v2\/ajde_events"}],"about":[{"href":"https:\/\/handelsverband.swiss\/fr\/wp-json\/wp\/v2\/types\/ajde_events"}],"author":[{"embeddable":true,"href":"https:\/\/handelsverband.swiss\/fr\/wp-json\/wp\/v2\/users\/614"}],"replies":[{"embeddable":true,"href":"https:\/\/handelsverband.swiss\/fr\/wp-json\/wp\/v2\/comments?post=14065"}],"wp:featuredmedia":[{"embeddable":true,"href":"https:\/\/handelsverband.swiss\/fr\/wp-json\/wp\/v2\/media\/13703"}],"wp:attachment":[{"href":"https:\/\/handelsverband.swiss\/fr\/wp-json\/wp\/v2\/media?parent=14065"}],"wp:term":[{"taxonomy":"post_tag","embeddable":true,"href":"https:\/\/handelsverband.swiss\/fr\/wp-json\/wp\/v2\/tags?post=14065"},{"taxonomy":"event_type","embeddable":true,"href":"https:\/\/handelsverband.swiss\/fr\/wp-json\/wp\/v2\/event_type?post=14065"},{"taxonomy":"event_type_2","embeddable":true,"href":"https:\/\/handelsverband.swiss\/fr\/wp-json\/wp\/v2\/event_type_2?post=14065"}],"curies":[{"name":"wp","href":"https:\/\/api.w.org\/{rel}","templated":true}]}}