{"id":21038,"date":"2021-07-01T11:28:43","date_gmt":"2021-07-01T09:28:43","guid":{"rendered":"https:\/\/handelsverband.swiss\/?post_type=ajde_events&#038;p=21038"},"modified":"2021-09-13T11:55:20","modified_gmt":"2021-09-13T09:55:20","slug":"konjunkturmorgen-handelsverband-swiss","status":"publish","type":"ajde_events","link":"https:\/\/handelsverband.swiss\/fr\/events\/konjunkturmorgen-handelsverband-swiss\/","title":{"rendered":"Konjunkturmorgen HANDELSVERBAND.swiss"},"content":{"rendered":"<p>Der Konjunkturmorgen<strong>, <\/strong>am 30. September 2021 in Z\u00fcrich, richtet sich an die Budgetverantwortlichen in den Unternehmun\u00adgen unseres Verbandes. Er ist ein Forum f\u00fcr den Erfahrungsaustausch und bietet aus\u00adserdem wertvolle Informationen, um eine m\u00f6glichst realistische Budgetplanung f\u00fcr das n\u00e4chste Jahr vornehmen zu k\u00f6nnen.<\/p>\n<p>Einleitend wird GfK ein Update zum Status Detailhandel Schweiz per August 2021 geben. Anschliessend wird UBS Outlook Schweiz mit einem Referat allgemein \u00fcber die <strong>Aussichten der Schweizer Wirtschaft und des Detailhandels\u00a0<\/strong>informieren.<\/p>\n<p>Die darauffolgenden, kurzen\u00a0<strong>Branchenberichte der einzelnen Mitglieder<\/strong>\u00a0sind jedes Jahr sehr aufschlussreich und liefern auch Daten, die nicht ohne weiteres erh\u00e4ltlich sind. Sie sollen eine vertiefte Diskussion anregen und erm\u00f6glichen.<\/p>\n<p><strong>Programm:<\/strong><br \/>\n09.00 Uhr\u00a0 \u00a0\u00a0 Begr\u00fcssungskaffee<br \/>\n09.30\u00a0Uhr\u00a0 \u00a0\u00a0 Er\u00f6ffnung der Tagung<br \/>\n09.35 Uhr\u00a0 \u00a0\u00a0 GfK Status Update Detailhandel August 2021<br \/>\n10.05 Uhr\u00a0 \u00a0\u00a0 Outlook Schweiz:\u00a0Aussichten der Schweizer Wirtschaft und des Detailhandels<br \/>\n<em>\u00a0 \u00a0 \u00a0 \u00a0 \u00a0 \u00a0 \u00a0 \u00a0 \u00a0 \u00a0 \u00a0\u00a0 Alessandro Bee, \u00d6konom, UBS <\/em><br \/>\n10.40 Uhr\u00a0 \u00a0 \u00a0Konjunkturprognosen einzelner Mitglieder des HANDELSVERBAND.swiss:<br \/>\n<em>\u00a0 \u00a0 \u00a0 \u00a0 \u00a0 \u00a0 \u00a0 \u00a0 \u00a0 \u00a0 \u00a0 &#8211; <\/em><em>Tom Prenosil, CEO Confiserie Spr\u00fcngli AG, Food<br \/>\n<\/em><em>\u00a0 \u00a0 \u00a0 \u00a0 \u00a0 \u00a0 \u00a0 \u00a0 \u00a0 \u00a0 \u00a0 &#8211; Paul Holaschke, CEO M\u00f6bel Pfister AG, Einrichtung und Living<br \/>\n<\/em><em>\u00a0 \u00a0 \u00a0 \u00a0 \u00a0 \u00a0 \u00a0 \u00a0 \u00a0 \u00a0 \u00a0 &#8211; Marc Isler, CEO BRACK.ch, Onlinehandel<br \/>\n<\/em><em>\u00a0 \u00a0 \u00a0 \u00a0 \u00a0 \u00a0 \u00a0 \u00a0 \u00a0 \u00a0 \u00a0 &#8211; Daniel Hasler, CFO PKZ, Bekleidung<br \/>\n<\/em><em>\u00a0 \u00a0 \u00a0 \u00a0 \u00a0 \u00a0 \u00a0 \u00a0 \u00a0 \u00a0 \u00a0 &#8211; Patrik P\u00f6rtig, CEO Migros Fachmarkt AG, Fachm\u00e4rkte<br \/>\n<\/em><em>\u00a0 \u00a0 \u00a0 \u00a0 \u00a0 \u00a0 \u00a0 \u00a0 \u00a0 \u00a0 \u00a0 &#8211; Annette Kreczy, CSO DER Touristik, Reisen<br \/>\n<\/em>11.40 Uhr\u00a0 \u00a0\u00a0 Allgemeine Diskussion \/ Fragen<br \/>\n12.00 Uhr\u00a0 \u00a0\u00a0 Stehlunch<\/p>\n<p>Teilnehmer: <strong>Nur f\u00fcr Mitglieder und Dienstleistungspartner des HANDELSVERBAND.swiss<br \/>\n<\/strong><\/p>\n<p><em>Das Covid-Zertifikat ist f\u00fcr die Teilnahme an Events obligatorisch. Dies bedeutet, dass nur geimpfte, negativ getestete oder genesene Personen mit einem Covid-Zertifikat an diesem Anlass teilnehmen d\u00fcrfen. Das Vorhandensein und die G\u00fcltigkeit des Zertifikats werden beim Einlass \u00fcberpr\u00fcft.<\/em><\/p>\n<p>Melden Sie sich jetzt an!<\/p>\n<p><a href=\"https:\/\/willcome.to\/aZpZJa\" target=\"_blank\" rel=\"noopener\">Zur Anmeldung<\/a><\/p>\n","protected":false},"author":4578,"featured_media":0,"menu_order":0,"comment_status":"open","ping_status":"closed","template":"","meta":{"_acf_changed":false},"tags":[],"event_type":[],"event_type_2":[],"class_list":["post-21038","ajde_events","type-ajde_events","status-publish","hentry","event_organizer-handelsverband-swiss"],"acf":[],"yoast_head":"<!-- This site is optimized with the Yoast SEO plugin v27.5 - https:\/\/yoast.com\/product\/yoast-seo-wordpress\/ -->\n<title>Konjunkturmorgen HANDELSVERBAND.swiss - HANDELSVERBAND. swiss<\/title>\n<meta name=\"robots\" content=\"index, follow, max-snippet:-1, max-image-preview:large, max-video-preview:-1\" \/>\n<meta property=\"og:locale\" content=\"fr_FR\" \/>\n<meta property=\"og:type\" content=\"article\" \/>\n<meta property=\"og:title\" content=\"Konjunkturmorgen HANDELSVERBAND.swiss - HANDELSVERBAND. swiss\" \/>\n<meta property=\"og:description\" content=\"Der Konjunkturmorgen, am 30. September\" \/>\n<meta property=\"og:url\" content=\"https:\/\/handelsverband.swiss\/fr\/events\/konjunkturmorgen-handelsverband-swiss\/\" \/>\n<meta property=\"og:site_name\" content=\"HANDELSVERBAND. swiss\" \/>\n<meta property=\"article:modified_time\" content=\"2021-09-13T09:55:20+00:00\" \/>\n<meta name=\"twitter:card\" content=\"summary_large_image\" \/>\n<meta name=\"twitter:label1\" content=\"Est. reading time\" \/>\n\t<meta name=\"twitter:data1\" content=\"2 minutes\" \/>\n<script type=\"application\/ld+json\" class=\"yoast-schema-graph\">{\"@context\":\"https:\\\/\\\/schema.org\",\"@graph\":[{\"@type\":\"WebPage\",\"@id\":\"https:\\\/\\\/handelsverband.swiss\\\/fr\\\/events\\\/konjunkturmorgen-handelsverband-swiss\\\/\",\"url\":\"https:\\\/\\\/handelsverband.swiss\\\/fr\\\/events\\\/konjunkturmorgen-handelsverband-swiss\\\/\",\"name\":\"Konjunkturmorgen HANDELSVERBAND.swiss - HANDELSVERBAND. swiss\",\"isPartOf\":{\"@id\":\"https:\\\/\\\/handelsverband.swiss\\\/#website\"},\"datePublished\":\"2021-07-01T09:28:43+00:00\",\"dateModified\":\"2021-09-13T09:55:20+00:00\",\"breadcrumb\":{\"@id\":\"https:\\\/\\\/handelsverband.swiss\\\/fr\\\/events\\\/konjunkturmorgen-handelsverband-swiss\\\/#breadcrumb\"},\"inLanguage\":\"fr-FR\",\"potentialAction\":[{\"@type\":\"ReadAction\",\"target\":[\"https:\\\/\\\/handelsverband.swiss\\\/fr\\\/events\\\/konjunkturmorgen-handelsverband-swiss\\\/\"]}]},{\"@type\":\"BreadcrumbList\",\"@id\":\"https:\\\/\\\/handelsverband.swiss\\\/fr\\\/events\\\/konjunkturmorgen-handelsverband-swiss\\\/#breadcrumb\",\"itemListElement\":[{\"@type\":\"ListItem\",\"position\":1,\"name\":\"Startseite\",\"item\":\"https:\\\/\\\/handelsverband.swiss\\\/fr\\\/\"},{\"@type\":\"ListItem\",\"position\":2,\"name\":\"Events\",\"item\":\"https:\\\/\\\/handelsverband.swiss\\\/events\\\/\"},{\"@type\":\"ListItem\",\"position\":3,\"name\":\"Konjunkturmorgen HANDELSVERBAND.swiss\"}]},{\"@type\":\"WebSite\",\"@id\":\"https:\\\/\\\/handelsverband.swiss\\\/#website\",\"url\":\"https:\\\/\\\/handelsverband.swiss\\\/\",\"name\":\"HANDELSVERBAND.swiss\",\"description\":\"ASSOCIATION DE COMMERCE.swiss\",\"publisher\":{\"@id\":\"https:\\\/\\\/handelsverband.swiss\\\/#organization\"},\"potentialAction\":[{\"@type\":\"SearchAction\",\"target\":{\"@type\":\"EntryPoint\",\"urlTemplate\":\"https:\\\/\\\/handelsverband.swiss\\\/?s={search_term_string}\"},\"query-input\":{\"@type\":\"PropertyValueSpecification\",\"valueRequired\":true,\"valueName\":\"search_term_string\"}}],\"inLanguage\":\"fr-FR\"},{\"@type\":\"Organization\",\"@id\":\"https:\\\/\\\/handelsverband.swiss\\\/#organization\",\"name\":\"HANDELSVERBAND.swiss\",\"url\":\"https:\\\/\\\/handelsverband.swiss\\\/\",\"logo\":{\"@type\":\"ImageObject\",\"inLanguage\":\"fr-FR\",\"@id\":\"https:\\\/\\\/handelsverband.swiss\\\/#\\\/schema\\\/logo\\\/image\\\/\",\"url\":\"https:\\\/\\\/handelsverband.swiss\\\/wp-content\\\/uploads\\\/2020\\\/03\\\/hv_brand_rgb.png\",\"contentUrl\":\"https:\\\/\\\/handelsverband.swiss\\\/wp-content\\\/uploads\\\/2020\\\/03\\\/hv_brand_rgb.png\",\"width\":1714,\"height\":472,\"caption\":\"HANDELSVERBAND.swiss\"},\"image\":{\"@id\":\"https:\\\/\\\/handelsverband.swiss\\\/#\\\/schema\\\/logo\\\/image\\\/\"}}]}<\/script>\n<!-- \/ Yoast SEO plugin. -->","yoast_head_json":{"title":"Konjunkturmorgen HANDELSVERBAND.swiss - HANDELSVERBAND. swiss","robots":{"index":"index","follow":"follow","max-snippet":"max-snippet:-1","max-image-preview":"max-image-preview:large","max-video-preview":"max-video-preview:-1"},"og_locale":"fr_FR","og_type":"article","og_title":"Konjunkturmorgen HANDELSVERBAND.swiss - HANDELSVERBAND. swiss","og_description":"Der Konjunkturmorgen, am 30. September","og_url":"https:\/\/handelsverband.swiss\/fr\/events\/konjunkturmorgen-handelsverband-swiss\/","og_site_name":"HANDELSVERBAND. swiss","article_modified_time":"2021-09-13T09:55:20+00:00","twitter_card":"summary_large_image","twitter_misc":{"Est. reading time":"2 minutes"},"schema":{"@context":"https:\/\/schema.org","@graph":[{"@type":"WebPage","@id":"https:\/\/handelsverband.swiss\/fr\/events\/konjunkturmorgen-handelsverband-swiss\/","url":"https:\/\/handelsverband.swiss\/fr\/events\/konjunkturmorgen-handelsverband-swiss\/","name":"Konjunkturmorgen HANDELSVERBAND.swiss - HANDELSVERBAND. swiss","isPartOf":{"@id":"https:\/\/handelsverband.swiss\/#website"},"datePublished":"2021-07-01T09:28:43+00:00","dateModified":"2021-09-13T09:55:20+00:00","breadcrumb":{"@id":"https:\/\/handelsverband.swiss\/fr\/events\/konjunkturmorgen-handelsverband-swiss\/#breadcrumb"},"inLanguage":"fr-FR","potentialAction":[{"@type":"ReadAction","target":["https:\/\/handelsverband.swiss\/fr\/events\/konjunkturmorgen-handelsverband-swiss\/"]}]},{"@type":"BreadcrumbList","@id":"https:\/\/handelsverband.swiss\/fr\/events\/konjunkturmorgen-handelsverband-swiss\/#breadcrumb","itemListElement":[{"@type":"ListItem","position":1,"name":"Startseite","item":"https:\/\/handelsverband.swiss\/fr\/"},{"@type":"ListItem","position":2,"name":"Events","item":"https:\/\/handelsverband.swiss\/events\/"},{"@type":"ListItem","position":3,"name":"Konjunkturmorgen HANDELSVERBAND.swiss"}]},{"@type":"WebSite","@id":"https:\/\/handelsverband.swiss\/#website","url":"https:\/\/handelsverband.swiss\/","name":"HANDELSVERBAND.swiss","description":"ASSOCIATION DE COMMERCE.swiss","publisher":{"@id":"https:\/\/handelsverband.swiss\/#organization"},"potentialAction":[{"@type":"SearchAction","target":{"@type":"EntryPoint","urlTemplate":"https:\/\/handelsverband.swiss\/?s={search_term_string}"},"query-input":{"@type":"PropertyValueSpecification","valueRequired":true,"valueName":"search_term_string"}}],"inLanguage":"fr-FR"},{"@type":"Organization","@id":"https:\/\/handelsverband.swiss\/#organization","name":"HANDELSVERBAND.swiss","url":"https:\/\/handelsverband.swiss\/","logo":{"@type":"ImageObject","inLanguage":"fr-FR","@id":"https:\/\/handelsverband.swiss\/#\/schema\/logo\/image\/","url":"https:\/\/handelsverband.swiss\/wp-content\/uploads\/2020\/03\/hv_brand_rgb.png","contentUrl":"https:\/\/handelsverband.swiss\/wp-content\/uploads\/2020\/03\/hv_brand_rgb.png","width":1714,"height":472,"caption":"HANDELSVERBAND.swiss"},"image":{"@id":"https:\/\/handelsverband.swiss\/#\/schema\/logo\/image\/"}}]}},"_links":{"self":[{"href":"https:\/\/handelsverband.swiss\/fr\/wp-json\/wp\/v2\/ajde_events\/21038","targetHints":{"allow":["GET"]}}],"collection":[{"href":"https:\/\/handelsverband.swiss\/fr\/wp-json\/wp\/v2\/ajde_events"}],"about":[{"href":"https:\/\/handelsverband.swiss\/fr\/wp-json\/wp\/v2\/types\/ajde_events"}],"author":[{"embeddable":true,"href":"https:\/\/handelsverband.swiss\/fr\/wp-json\/wp\/v2\/users\/4578"}],"replies":[{"embeddable":true,"href":"https:\/\/handelsverband.swiss\/fr\/wp-json\/wp\/v2\/comments?post=21038"}],"wp:attachment":[{"href":"https:\/\/handelsverband.swiss\/fr\/wp-json\/wp\/v2\/media?parent=21038"}],"wp:term":[{"taxonomy":"post_tag","embeddable":true,"href":"https:\/\/handelsverband.swiss\/fr\/wp-json\/wp\/v2\/tags?post=21038"},{"taxonomy":"event_type","embeddable":true,"href":"https:\/\/handelsverband.swiss\/fr\/wp-json\/wp\/v2\/event_type?post=21038"},{"taxonomy":"event_type_2","embeddable":true,"href":"https:\/\/handelsverband.swiss\/fr\/wp-json\/wp\/v2\/event_type_2?post=21038"}],"curies":[{"name":"wp","href":"https:\/\/api.w.org\/{rel}","templated":true}]}}