{"id":21068,"date":"2021-07-06T14:57:40","date_gmt":"2021-07-06T12:57:40","guid":{"rendered":"https:\/\/handelsverband.swiss\/?post_type=ajde_events&#038;p=21068"},"modified":"2021-10-04T14:55:08","modified_gmt":"2021-10-04T12:55:08","slug":"fruehstuecksveranstaltung-handelsverband-swiss-customer-service-excellence","status":"publish","type":"ajde_events","link":"https:\/\/handelsverband.swiss\/fr\/events\/fruehstuecksveranstaltung-handelsverband-swiss-customer-service-excellence\/","title":{"rendered":"Fr\u00fchst\u00fccksveranstaltung HANDELSVERBAND.swiss: Customer Service Excellence"},"content":{"rendered":"<p>Customer Service Excellence wird bei steigenden Volumen immer wichtiger und die Anforderungen von Kunden an den Kundenservice steigen t\u00e4glich. An unserer Fr\u00fchst\u00fccksveranstaltung vom 2. November 2021 gehen wir gezielt auf das Thema Kundenservice ein.<\/p>\n<p>Seit vielen Jahren erstellt Remon Elsten mit dem Service Excellence Cockpit einen Benchmark im Umfeld des Customer Service. An der Veranstaltung stellt er uns den Report vor und zeigt auf, welche Lehren Sie als H\u00e4ndler daraus ziehen sollten und wohin der Weg geht.<\/p>\n<p>Customer Service hat viele Dimensionen und beansprucht immer mehr Kommunikations-Kan\u00e4le. Die Integration aller Kan\u00e4le ist zu einer Herausforderung und Kunst geworden. Bernhard Egger meistert mit BSI diese Herausforderungen im Omni-Channel-Umfeld und zeigt auf, wie Sie Ihre Kunden auf allen Kan\u00e4len ohne Medienbr\u00fcche betreuen.<\/p>\n<p>Man kann Customer Service und Fulfillment selber machen oder aber an Dritte \u00fcbergeben. Daniel Mally von Dialogworld zeigt den Ansatz als Teil eines Full Service Providers \u00fcber Customer Service inkl. Fulfillment auf und warum es manchmal hilfreich ist, mit einem Onlinehandels-Spezialisten zusammen zu arbeiten.<\/p>\n<p>Thomas Wittkopf von TELAG hat bewegte Zeiten hinter sich. In &#8220;no time&#8221; Strukturen f\u00fcr Contact Tracing hochfahren, Die Onlinewelle f\u00fcr einen Lebensmittel-Onlinh\u00e4ndler brechen oder einfach Ressourcen f\u00fcr den Fall &#8220;wenn&#8221; bereit halten. Es gibt zahlreiche M\u00f6glichkeiten des Outsourcings an Partner, Thomas Wittkopf gibt Ihnen einen \u00dcberblick \u00fcber die verschiedenen Varianten.<\/p>\n<p>Sind Kunden auf der Fl\u00e4che bereit Daten bekannt zu geben um besser bedient zu werden? J\u00f6rg Staudacher hat in einer breit angelegten Studie erstaunliches herausgefunden und zeigt an unserem Anlass zum ersten Mal die Resultate der Studie. Sie werden \u00fcberrascht sein.<\/p>\n<p><strong>Programm:<br \/>\n<\/strong>08.00 Uhr\u00a0 \u00a0Eintreffen \/ Kaffee<br \/>\n08.30 Uhr\u00a0 \u00a0<a href=\"https:\/\/service-excellence-cockpit.ch\/\">Service Excellence Cockpit<\/a><br \/>\n<em>\u00a0 \u00a0 \u00a0 \u00a0 \u00a0 \u00a0 \u00a0 \u00a0 \u00a0 \u00a0 \u00a0Remon Elsten, <a href=\"https:\/\/crystal-partners.ch\/\">Crystal Partners<\/a><\/em><br \/>\n09.00 Uhr\u00a0 \u00a0Integrated Customer Service im Omni Channel<br \/>\n<em>\u00a0 \u00a0 \u00a0 \u00a0 \u00a0 \u00a0 \u00a0 \u00a0 \u00a0 \u00a0 \u00a0Bernhard Egger, <a href=\"https:\/\/www.bsi-software.com\/de-ch\">BSI<\/a><\/em><br \/>\n09.30 Uhr\u00a0 \u00a0Selber machen oder outsourcen?<br \/>\n<em>\u00a0 \u00a0 \u00a0 \u00a0 \u00a0 \u00a0 \u00a0 \u00a0 \u00a0 \u00a0 \u00a0Daniel Mally, <a href=\"https:\/\/www.dialogworld.ch\/\">Dialogworld<\/a><\/em><br \/>\n09.50 Uhr\u00a0 \u00a0Customer Service Outsourcing Modelle<br \/>\n<em>\u00a0 \u00a0 \u00a0 \u00a0 \u00a0 \u00a0 \u00a0 \u00a0 \u00a0 \u00a0 \u00a0Thomas Wittkopf, <a href=\"https:\/\/www.telag.ch\/de\/?utm_term=telag&amp;utm_campaign=Search+-+Brand&amp;utm_source=adwords&amp;utm_medium=ppc&amp;hsa_acc=5882059142&amp;hsa_cam=1018129590&amp;hsa_grp=50812477620&amp;hsa_ad=367249600041&amp;hsa_src=g&amp;hsa_tgt=kwd-301388278294&amp;hsa_kw=telag&amp;hsa_mt=e&amp;hsa_net=adwords&amp;hsa_ver=3&amp;gclid=CjwKCAjwndCKBhAkEiwAgSDKQRT1T78rtR4qRB-M1657EdxACZVxo7TnmoaV8vsGEjQ4lJ-r5kvqnxoCGEMQAvD_BwE\">TELAG<\/a><\/em><br \/>\n10.10 Uhr\u00a0 \u00a0Kundenservice auf der Fl\u00e4che<br \/>\n<em>\u00a0 \u00a0 \u00a0 \u00a0 \u00a0 \u00a0 \u00a0 \u00a0 \u00a0 \u00a0 \u00a0J\u00f6rg Staudacher, <a href=\"https:\/\/fh-hwz.ch\/center-institute\/center-sales-retail\/\">HWZ<\/a> Center f\u00fcr Sales &amp; Retail<\/em><br \/>\n10.30 Uhr\u00a0 \u00a0Fragen und Antworten<br \/>\n10.45 Uhr\u00a0 \u00a0Ende der Veranstaltung<\/p>\n<p><strong>Datum:<\/strong> Dienstag, 2. November 2021, 8.30-10.45 Uhr<br \/>\n<strong>Ort:<\/strong> Bildungszentrum Sihlpost, Z\u00fcrich<br \/>\n<strong>Teilnahmegeb\u00fchr:<\/strong> gratis f\u00fcr Mitglieder und Dienstleistungspartner<br \/>\n<em>\u00a0 \u00a0 \u00a0 \u00a0 \u00a0 \u00a0 \u00a0 \u00a0 \u00a0 \u00a0 \u00a0 \u00a0 \u00a0 \u00a0 \u00a0 \u00a0 \u00a0 \u00a0 <\/em>CHF 99.- f\u00fcr Nicht-Mitglieder<br \/>\n<b>Teilnahmebedingung:<br \/>\n<\/b>Das Covid-Zertifikat ist aktuell f\u00fcr die Teilnahme an Events obligatorisch. Dies bedeutet, dass nur geimpfte, negativ getestete oder genesene Personen mit einem Covid-Zertifikat an diesem Anlass teilnehmen d\u00fcrfen.<\/p>\n<p>Melden Sie sich jetzt an &#8211; wir freuen uns.<\/p>\n<p><a href=\"https:\/\/willcome.to\/lY72yg\" target=\"_blank\" rel=\"noopener\">Zur Anmeldung<\/a><\/p>\n","protected":false},"author":4578,"featured_media":-1,"menu_order":0,"comment_status":"open","ping_status":"closed","template":"","meta":{"_acf_changed":false},"tags":[],"event_type":[],"event_type_2":[],"class_list":["post-21068","ajde_events","type-ajde_events","status-publish","has-post-thumbnail","hentry","event_location-bildungszentrum-sihlpost","event_organizer-handelsverband-swiss"],"acf":[],"yoast_head":"<!-- This site is optimized with the Yoast SEO plugin v27.5 - https:\/\/yoast.com\/product\/yoast-seo-wordpress\/ -->\n<title>Fr\u00fchst\u00fccksveranstaltung HANDELSVERBAND.swiss: Customer Service Excellence - HANDELSVERBAND. swiss<\/title>\n<meta name=\"robots\" content=\"index, follow, max-snippet:-1, max-image-preview:large, max-video-preview:-1\" \/>\n<meta property=\"og:locale\" content=\"fr_FR\" \/>\n<meta property=\"og:type\" content=\"article\" \/>\n<meta property=\"og:title\" content=\"Fr\u00fchst\u00fccksveranstaltung HANDELSVERBAND.swiss: Customer Service Excellence - HANDELSVERBAND. swiss\" \/>\n<meta property=\"og:description\" content=\"Customer Service Excellence wird bei\" \/>\n<meta property=\"og:url\" content=\"https:\/\/handelsverband.swiss\/fr\/events\/fruehstuecksveranstaltung-handelsverband-swiss-customer-service-excellence\/\" \/>\n<meta property=\"og:site_name\" content=\"HANDELSVERBAND. swiss\" \/>\n<meta property=\"article:modified_time\" content=\"2021-10-04T12:55:08+00:00\" \/>\n<meta name=\"twitter:card\" content=\"summary_large_image\" \/>\n<meta name=\"twitter:label1\" content=\"Est. reading time\" \/>\n\t<meta name=\"twitter:data1\" content=\"2 minutes\" \/>\n<script type=\"application\/ld+json\" class=\"yoast-schema-graph\">{\"@context\":\"https:\\\/\\\/schema.org\",\"@graph\":[{\"@type\":\"WebPage\",\"@id\":\"https:\\\/\\\/handelsverband.swiss\\\/fr\\\/events\\\/fruehstuecksveranstaltung-handelsverband-swiss-customer-service-excellence\\\/\",\"url\":\"https:\\\/\\\/handelsverband.swiss\\\/fr\\\/events\\\/fruehstuecksveranstaltung-handelsverband-swiss-customer-service-excellence\\\/\",\"name\":\"Fr\u00fchst\u00fccksveranstaltung HANDELSVERBAND.swiss: Customer Service Excellence - HANDELSVERBAND. swiss\",\"isPartOf\":{\"@id\":\"https:\\\/\\\/handelsverband.swiss\\\/#website\"},\"datePublished\":\"2021-07-06T12:57:40+00:00\",\"dateModified\":\"2021-10-04T12:55:08+00:00\",\"breadcrumb\":{\"@id\":\"https:\\\/\\\/handelsverband.swiss\\\/fr\\\/events\\\/fruehstuecksveranstaltung-handelsverband-swiss-customer-service-excellence\\\/#breadcrumb\"},\"inLanguage\":\"fr-FR\",\"potentialAction\":[{\"@type\":\"ReadAction\",\"target\":[\"https:\\\/\\\/handelsverband.swiss\\\/fr\\\/events\\\/fruehstuecksveranstaltung-handelsverband-swiss-customer-service-excellence\\\/\"]}]},{\"@type\":\"BreadcrumbList\",\"@id\":\"https:\\\/\\\/handelsverband.swiss\\\/fr\\\/events\\\/fruehstuecksveranstaltung-handelsverband-swiss-customer-service-excellence\\\/#breadcrumb\",\"itemListElement\":[{\"@type\":\"ListItem\",\"position\":1,\"name\":\"Startseite\",\"item\":\"https:\\\/\\\/handelsverband.swiss\\\/fr\\\/\"},{\"@type\":\"ListItem\",\"position\":2,\"name\":\"Events\",\"item\":\"https:\\\/\\\/handelsverband.swiss\\\/events\\\/\"},{\"@type\":\"ListItem\",\"position\":3,\"name\":\"Fr\u00fchst\u00fccksveranstaltung HANDELSVERBAND.swiss: Customer Service Excellence\"}]},{\"@type\":\"WebSite\",\"@id\":\"https:\\\/\\\/handelsverband.swiss\\\/#website\",\"url\":\"https:\\\/\\\/handelsverband.swiss\\\/\",\"name\":\"HANDELSVERBAND.swiss\",\"description\":\"ASSOCIATION DE COMMERCE.swiss\",\"publisher\":{\"@id\":\"https:\\\/\\\/handelsverband.swiss\\\/#organization\"},\"potentialAction\":[{\"@type\":\"SearchAction\",\"target\":{\"@type\":\"EntryPoint\",\"urlTemplate\":\"https:\\\/\\\/handelsverband.swiss\\\/?s={search_term_string}\"},\"query-input\":{\"@type\":\"PropertyValueSpecification\",\"valueRequired\":true,\"valueName\":\"search_term_string\"}}],\"inLanguage\":\"fr-FR\"},{\"@type\":\"Organization\",\"@id\":\"https:\\\/\\\/handelsverband.swiss\\\/#organization\",\"name\":\"HANDELSVERBAND.swiss\",\"url\":\"https:\\\/\\\/handelsverband.swiss\\\/\",\"logo\":{\"@type\":\"ImageObject\",\"inLanguage\":\"fr-FR\",\"@id\":\"https:\\\/\\\/handelsverband.swiss\\\/#\\\/schema\\\/logo\\\/image\\\/\",\"url\":\"https:\\\/\\\/handelsverband.swiss\\\/wp-content\\\/uploads\\\/2020\\\/03\\\/hv_brand_rgb.png\",\"contentUrl\":\"https:\\\/\\\/handelsverband.swiss\\\/wp-content\\\/uploads\\\/2020\\\/03\\\/hv_brand_rgb.png\",\"width\":1714,\"height\":472,\"caption\":\"HANDELSVERBAND.swiss\"},\"image\":{\"@id\":\"https:\\\/\\\/handelsverband.swiss\\\/#\\\/schema\\\/logo\\\/image\\\/\"}}]}<\/script>\n<!-- \/ Yoast SEO plugin. -->","yoast_head_json":{"title":"Fr\u00fchst\u00fccksveranstaltung HANDELSVERBAND.swiss: Customer Service Excellence - HANDELSVERBAND. swiss","robots":{"index":"index","follow":"follow","max-snippet":"max-snippet:-1","max-image-preview":"max-image-preview:large","max-video-preview":"max-video-preview:-1"},"og_locale":"fr_FR","og_type":"article","og_title":"Fr\u00fchst\u00fccksveranstaltung HANDELSVERBAND.swiss: Customer Service Excellence - HANDELSVERBAND. swiss","og_description":"Customer Service Excellence wird bei","og_url":"https:\/\/handelsverband.swiss\/fr\/events\/fruehstuecksveranstaltung-handelsverband-swiss-customer-service-excellence\/","og_site_name":"HANDELSVERBAND. swiss","article_modified_time":"2021-10-04T12:55:08+00:00","twitter_card":"summary_large_image","twitter_misc":{"Est. reading time":"2 minutes"},"schema":{"@context":"https:\/\/schema.org","@graph":[{"@type":"WebPage","@id":"https:\/\/handelsverband.swiss\/fr\/events\/fruehstuecksveranstaltung-handelsverband-swiss-customer-service-excellence\/","url":"https:\/\/handelsverband.swiss\/fr\/events\/fruehstuecksveranstaltung-handelsverband-swiss-customer-service-excellence\/","name":"Fr\u00fchst\u00fccksveranstaltung HANDELSVERBAND.swiss: Customer Service Excellence - HANDELSVERBAND. swiss","isPartOf":{"@id":"https:\/\/handelsverband.swiss\/#website"},"datePublished":"2021-07-06T12:57:40+00:00","dateModified":"2021-10-04T12:55:08+00:00","breadcrumb":{"@id":"https:\/\/handelsverband.swiss\/fr\/events\/fruehstuecksveranstaltung-handelsverband-swiss-customer-service-excellence\/#breadcrumb"},"inLanguage":"fr-FR","potentialAction":[{"@type":"ReadAction","target":["https:\/\/handelsverband.swiss\/fr\/events\/fruehstuecksveranstaltung-handelsverband-swiss-customer-service-excellence\/"]}]},{"@type":"BreadcrumbList","@id":"https:\/\/handelsverband.swiss\/fr\/events\/fruehstuecksveranstaltung-handelsverband-swiss-customer-service-excellence\/#breadcrumb","itemListElement":[{"@type":"ListItem","position":1,"name":"Startseite","item":"https:\/\/handelsverband.swiss\/fr\/"},{"@type":"ListItem","position":2,"name":"Events","item":"https:\/\/handelsverband.swiss\/events\/"},{"@type":"ListItem","position":3,"name":"Fr\u00fchst\u00fccksveranstaltung HANDELSVERBAND.swiss: Customer Service Excellence"}]},{"@type":"WebSite","@id":"https:\/\/handelsverband.swiss\/#website","url":"https:\/\/handelsverband.swiss\/","name":"HANDELSVERBAND.swiss","description":"ASSOCIATION DE COMMERCE.swiss","publisher":{"@id":"https:\/\/handelsverband.swiss\/#organization"},"potentialAction":[{"@type":"SearchAction","target":{"@type":"EntryPoint","urlTemplate":"https:\/\/handelsverband.swiss\/?s={search_term_string}"},"query-input":{"@type":"PropertyValueSpecification","valueRequired":true,"valueName":"search_term_string"}}],"inLanguage":"fr-FR"},{"@type":"Organization","@id":"https:\/\/handelsverband.swiss\/#organization","name":"HANDELSVERBAND.swiss","url":"https:\/\/handelsverband.swiss\/","logo":{"@type":"ImageObject","inLanguage":"fr-FR","@id":"https:\/\/handelsverband.swiss\/#\/schema\/logo\/image\/","url":"https:\/\/handelsverband.swiss\/wp-content\/uploads\/2020\/03\/hv_brand_rgb.png","contentUrl":"https:\/\/handelsverband.swiss\/wp-content\/uploads\/2020\/03\/hv_brand_rgb.png","width":1714,"height":472,"caption":"HANDELSVERBAND.swiss"},"image":{"@id":"https:\/\/handelsverband.swiss\/#\/schema\/logo\/image\/"}}]}},"_links":{"self":[{"href":"https:\/\/handelsverband.swiss\/fr\/wp-json\/wp\/v2\/ajde_events\/21068","targetHints":{"allow":["GET"]}}],"collection":[{"href":"https:\/\/handelsverband.swiss\/fr\/wp-json\/wp\/v2\/ajde_events"}],"about":[{"href":"https:\/\/handelsverband.swiss\/fr\/wp-json\/wp\/v2\/types\/ajde_events"}],"author":[{"embeddable":true,"href":"https:\/\/handelsverband.swiss\/fr\/wp-json\/wp\/v2\/users\/4578"}],"replies":[{"embeddable":true,"href":"https:\/\/handelsverband.swiss\/fr\/wp-json\/wp\/v2\/comments?post=21068"}],"wp:featuredmedia":[{"embeddable":true,"href":"https:\/\/handelsverband.swiss\/fr\/wp-json\/"}],"wp:attachment":[{"href":"https:\/\/handelsverband.swiss\/fr\/wp-json\/wp\/v2\/media?parent=21068"}],"wp:term":[{"taxonomy":"post_tag","embeddable":true,"href":"https:\/\/handelsverband.swiss\/fr\/wp-json\/wp\/v2\/tags?post=21068"},{"taxonomy":"event_type","embeddable":true,"href":"https:\/\/handelsverband.swiss\/fr\/wp-json\/wp\/v2\/event_type?post=21068"},{"taxonomy":"event_type_2","embeddable":true,"href":"https:\/\/handelsverband.swiss\/fr\/wp-json\/wp\/v2\/event_type_2?post=21068"}],"curies":[{"name":"wp","href":"https:\/\/api.w.org\/{rel}","templated":true}]}}