{"id":34635,"date":"2022-11-21T15:05:40","date_gmt":"2022-11-21T14:05:40","guid":{"rendered":"https:\/\/handelsverband.swiss\/?post_type=ajde_events&#038;p=34635"},"modified":"2023-02-16T17:16:26","modified_gmt":"2023-02-16T16:16:26","slug":"event-handelsverband-swiss-marktplatz-strategie","status":"publish","type":"ajde_events","link":"https:\/\/handelsverband.swiss\/fr\/events\/event-handelsverband-swiss-marktplatz-strategie\/","title":{"rendered":"Fr\u00fchst\u00fccksveranstaltung Marktplatz-Strategie"},"content":{"rendered":"<p><strong>Marktpl\u00e4tze nehmen im \u00d6kosystem des Handels immer mehr Raum ein. Fast jeder H\u00e4ndler ist heute auf dem einen oder anderen Marktplatz pr\u00e4sent, ob als H\u00e4ndler oder Lieferant. Dabei stellen sich immer wieder Frage hinsichtlich Strategien (alle Produkte \/ nur Teilsortimente), Anbindung und Pricing.<\/strong><\/p>\n<p>Unser Fr\u00fchst\u00fccksevent vom 22. M\u00e4rz 2023 wird Ihnen die strategischen Optionen aufzeigen, technische Einbindungsl\u00f6sungen pr\u00e4sentieren und H\u00e4ndler aber auch Markplatzanbieter von Ihren Erfahrungen berichten lassen.<\/p>\n<p>Ein kompaktes Fr\u00fchst\u00fcck gespickt mit praktischer Expertise und offenem Austausch.<\/p>\n<p><strong>Programm:<\/strong><br \/>\n08h30\u00a0\u00a0\u00a0\u00a0\u00a0Begr\u00fcssung<br \/>\n08h35\u00a0\u00a0\u00a0\u00a0\u00a0<strong>Online-Marktplatz-Strategien f\u00fcr H\u00e4ndler<\/strong><br \/>\n<em>\u00a0\u00a0\u00a0\u00a0 \u00a0\u00a0\u00a0\u00a0 \u00a0\u00a0\u00a0\u00a0\u00a0Alexandra Scherrer,\u00a0Carpathia <\/em><br \/>\n09h05\u00a0\u00a0\u00a0\u00a0\u00a0<strong>Einfacher und erfolgreicher Start auf\u00a0Online-Marktpl\u00e4tzen<\/strong><br \/>\n<em>\u00a0\u00a0\u00a0\u00a0 \u00a0\u00a0\u00a0\u00a0 \u00a0\u00a0\u00a0\u00a0\u00a0Philippe Mettler &amp; Kaspar K\u00fcng,\u00a0Post CH AG<\/em><br \/>\n09h35\u00a0\u00a0\u00a0\u00a0\u00a0<strong>Schl\u00fcssel zum Erfolg auf dem Galaxus\u00a0Marktplatz<\/strong><br \/>\n<em>\u00a0\u00a0\u00a0\u00a0 \u00a0\u00a0\u00a0\u00a0 \u00a0\u00a0\u00a0\u00a0\u00a0Claudio Mohr &amp; Simon de Toffol, Digitec Galaxus AG<\/em><br \/>\n09h50\u00a0\u00a0\u00a0\u00a0\u00a0<strong>Building and Scaling a curated Marketplace: <\/strong><br \/>\n<strong>\u00a0\u00a0\u00a0\u00a0 \u00a0\u00a0\u00a0\u00a0 \u00a0\u00a0\u00a0\u00a0\u00a0A key pillar in Manor Digital transformation strategy<\/strong><br \/>\n<em>\u00a0\u00a0\u00a0\u00a0 \u00a0\u00a0\u00a0\u00a0 \u00a0\u00a0\u00a0\u00a0\u00a0Thibault Delhoume, Manor AG<\/em><br \/>\n10h05\u00a0 \u00a0 \u00a0<strong>Microspot.ch \u2013 \u00a0Chancen und Erfolgsfaktoren f\u00fcr Partner<\/strong><br \/>\n<em>\u00a0\u00a0\u00a0\u00a0 \u00a0\u00a0\u00a0\u00a0 \u00a0\u00a0\u00a0\u00a0\u00a0Markus Kwincz, Microspot.ch<\/em><br \/>\n10h20\u00a0\u00a0\u00a0\u00a0\u00a0<strong>Erfahrungen aus der Praxis I<\/strong><br \/>\n<em> \u00a0\u00a0\u00a0\u00a0 \u00a0\u00a0\u00a0\u00a0 \u00a0\u00a0\u00a0\u00a0\u00a0Carlos Rageth, Puresense AG<\/em><br \/>\n10h35\u00a0 \u00a0<strong>\u00a0 Erfahrungen aus der Praxis II<\/strong><br \/>\n<em> \u00a0\u00a0\u00a0\u00a0 \u00a0\u00a0\u00a0\u00a0 \u00a0\u00a0\u00a0\u00a0\u00a0Mathias L\u00e4mmler, zubischuhe.ch AG<\/em><br \/>\n10h50\u00a0\u00a0\u00a0\u00a0\u00a0Fragen &amp; Antworten<br \/>\n11h05\u00a0\u00a0\u00a0\u00a0\u00a0Abschluss<br \/>\n11h15\u00a0\u00a0\u00a0\u00a0\u00a0Ende der Veranstaltung<\/p>\n<p><b>Der Anlass ist ausverkauft.<\/b><\/p>\n","protected":false},"author":4782,"featured_media":36726,"menu_order":0,"comment_status":"open","ping_status":"closed","template":"","meta":{"_acf_changed":false},"tags":[],"event_type":[],"event_type_2":[],"class_list":["post-34635","ajde_events","type-ajde_events","status-publish","has-post-thumbnail","hentry","event_location-bildungszentrum-sihlpost","event_organizer-handelsverband-swiss"],"acf":[],"yoast_head":"<!-- This site is optimized with the Yoast SEO plugin v27.5 - https:\/\/yoast.com\/product\/yoast-seo-wordpress\/ -->\n<title>Fr\u00fchst\u00fccksveranstaltung Marktplatz-Strategie - HANDELSVERBAND. swiss<\/title>\n<meta name=\"robots\" content=\"index, follow, max-snippet:-1, max-image-preview:large, max-video-preview:-1\" \/>\n<meta property=\"og:locale\" content=\"fr_FR\" \/>\n<meta property=\"og:type\" content=\"article\" \/>\n<meta property=\"og:title\" content=\"Fr\u00fchst\u00fccksveranstaltung Marktplatz-Strategie - HANDELSVERBAND. swiss\" \/>\n<meta property=\"og:description\" content=\"Marktpl\u00e4tze nehmen im \u00d6kosystem des\" \/>\n<meta property=\"og:url\" content=\"https:\/\/handelsverband.swiss\/fr\/events\/event-handelsverband-swiss-marktplatz-strategie\/\" \/>\n<meta property=\"og:site_name\" content=\"HANDELSVERBAND. swiss\" \/>\n<meta property=\"article:modified_time\" content=\"2023-02-16T16:16:26+00:00\" \/>\n<meta property=\"og:image\" content=\"https:\/\/handelsverband.swiss\/wp-content\/uploads\/2022\/11\/AdobeStock_296043720_Marketplace_1200x400.jpg\" \/>\n\t<meta property=\"og:image:width\" content=\"1200\" \/>\n\t<meta property=\"og:image:height\" content=\"400\" \/>\n\t<meta property=\"og:image:type\" content=\"image\/jpeg\" \/>\n<meta name=\"twitter:card\" content=\"summary_large_image\" \/>\n<meta name=\"twitter:label1\" content=\"Est. reading time\" \/>\n\t<meta name=\"twitter:data1\" content=\"2 minutes\" \/>\n<script type=\"application\/ld+json\" class=\"yoast-schema-graph\">{\"@context\":\"https:\\\/\\\/schema.org\",\"@graph\":[{\"@type\":\"WebPage\",\"@id\":\"https:\\\/\\\/handelsverband.swiss\\\/fr\\\/events\\\/event-handelsverband-swiss-marktplatz-strategie\\\/\",\"url\":\"https:\\\/\\\/handelsverband.swiss\\\/fr\\\/events\\\/event-handelsverband-swiss-marktplatz-strategie\\\/\",\"name\":\"Fr\u00fchst\u00fccksveranstaltung Marktplatz-Strategie - HANDELSVERBAND. swiss\",\"isPartOf\":{\"@id\":\"https:\\\/\\\/handelsverband.swiss\\\/#website\"},\"primaryImageOfPage\":{\"@id\":\"https:\\\/\\\/handelsverband.swiss\\\/fr\\\/events\\\/event-handelsverband-swiss-marktplatz-strategie\\\/#primaryimage\"},\"image\":{\"@id\":\"https:\\\/\\\/handelsverband.swiss\\\/fr\\\/events\\\/event-handelsverband-swiss-marktplatz-strategie\\\/#primaryimage\"},\"thumbnailUrl\":\"https:\\\/\\\/handelsverband.swiss\\\/wp-content\\\/uploads\\\/2022\\\/11\\\/AdobeStock_296043720_Marketplace_1200x400.jpg\",\"datePublished\":\"2022-11-21T14:05:40+00:00\",\"dateModified\":\"2023-02-16T16:16:26+00:00\",\"breadcrumb\":{\"@id\":\"https:\\\/\\\/handelsverband.swiss\\\/fr\\\/events\\\/event-handelsverband-swiss-marktplatz-strategie\\\/#breadcrumb\"},\"inLanguage\":\"fr-FR\",\"potentialAction\":[{\"@type\":\"ReadAction\",\"target\":[\"https:\\\/\\\/handelsverband.swiss\\\/fr\\\/events\\\/event-handelsverband-swiss-marktplatz-strategie\\\/\"]}]},{\"@type\":\"ImageObject\",\"inLanguage\":\"fr-FR\",\"@id\":\"https:\\\/\\\/handelsverband.swiss\\\/fr\\\/events\\\/event-handelsverband-swiss-marktplatz-strategie\\\/#primaryimage\",\"url\":\"https:\\\/\\\/handelsverband.swiss\\\/wp-content\\\/uploads\\\/2022\\\/11\\\/AdobeStock_296043720_Marketplace_1200x400.jpg\",\"contentUrl\":\"https:\\\/\\\/handelsverband.swiss\\\/wp-content\\\/uploads\\\/2022\\\/11\\\/AdobeStock_296043720_Marketplace_1200x400.jpg\",\"width\":1200,\"height\":400},{\"@type\":\"BreadcrumbList\",\"@id\":\"https:\\\/\\\/handelsverband.swiss\\\/fr\\\/events\\\/event-handelsverband-swiss-marktplatz-strategie\\\/#breadcrumb\",\"itemListElement\":[{\"@type\":\"ListItem\",\"position\":1,\"name\":\"Startseite\",\"item\":\"https:\\\/\\\/handelsverband.swiss\\\/fr\\\/\"},{\"@type\":\"ListItem\",\"position\":2,\"name\":\"Events\",\"item\":\"https:\\\/\\\/handelsverband.swiss\\\/events\\\/\"},{\"@type\":\"ListItem\",\"position\":3,\"name\":\"Fr\u00fchst\u00fccksveranstaltung Marktplatz-Strategie\"}]},{\"@type\":\"WebSite\",\"@id\":\"https:\\\/\\\/handelsverband.swiss\\\/#website\",\"url\":\"https:\\\/\\\/handelsverband.swiss\\\/\",\"name\":\"HANDELSVERBAND.swiss\",\"description\":\"ASSOCIATION DE COMMERCE.swiss\",\"publisher\":{\"@id\":\"https:\\\/\\\/handelsverband.swiss\\\/#organization\"},\"potentialAction\":[{\"@type\":\"SearchAction\",\"target\":{\"@type\":\"EntryPoint\",\"urlTemplate\":\"https:\\\/\\\/handelsverband.swiss\\\/?s={search_term_string}\"},\"query-input\":{\"@type\":\"PropertyValueSpecification\",\"valueRequired\":true,\"valueName\":\"search_term_string\"}}],\"inLanguage\":\"fr-FR\"},{\"@type\":\"Organization\",\"@id\":\"https:\\\/\\\/handelsverband.swiss\\\/#organization\",\"name\":\"HANDELSVERBAND.swiss\",\"url\":\"https:\\\/\\\/handelsverband.swiss\\\/\",\"logo\":{\"@type\":\"ImageObject\",\"inLanguage\":\"fr-FR\",\"@id\":\"https:\\\/\\\/handelsverband.swiss\\\/#\\\/schema\\\/logo\\\/image\\\/\",\"url\":\"https:\\\/\\\/handelsverband.swiss\\\/wp-content\\\/uploads\\\/2020\\\/03\\\/hv_brand_rgb.png\",\"contentUrl\":\"https:\\\/\\\/handelsverband.swiss\\\/wp-content\\\/uploads\\\/2020\\\/03\\\/hv_brand_rgb.png\",\"width\":1714,\"height\":472,\"caption\":\"HANDELSVERBAND.swiss\"},\"image\":{\"@id\":\"https:\\\/\\\/handelsverband.swiss\\\/#\\\/schema\\\/logo\\\/image\\\/\"}}]}<\/script>\n<!-- \/ Yoast SEO plugin. -->","yoast_head_json":{"title":"Fr\u00fchst\u00fccksveranstaltung Marktplatz-Strategie - HANDELSVERBAND. swiss","robots":{"index":"index","follow":"follow","max-snippet":"max-snippet:-1","max-image-preview":"max-image-preview:large","max-video-preview":"max-video-preview:-1"},"og_locale":"fr_FR","og_type":"article","og_title":"Fr\u00fchst\u00fccksveranstaltung Marktplatz-Strategie - HANDELSVERBAND. swiss","og_description":"Marktpl\u00e4tze nehmen im \u00d6kosystem des","og_url":"https:\/\/handelsverband.swiss\/fr\/events\/event-handelsverband-swiss-marktplatz-strategie\/","og_site_name":"HANDELSVERBAND. swiss","article_modified_time":"2023-02-16T16:16:26+00:00","og_image":[{"width":1200,"height":400,"url":"https:\/\/handelsverband.swiss\/wp-content\/uploads\/2022\/11\/AdobeStock_296043720_Marketplace_1200x400.jpg","type":"image\/jpeg"}],"twitter_card":"summary_large_image","twitter_misc":{"Est. reading time":"2 minutes"},"schema":{"@context":"https:\/\/schema.org","@graph":[{"@type":"WebPage","@id":"https:\/\/handelsverband.swiss\/fr\/events\/event-handelsverband-swiss-marktplatz-strategie\/","url":"https:\/\/handelsverband.swiss\/fr\/events\/event-handelsverband-swiss-marktplatz-strategie\/","name":"Fr\u00fchst\u00fccksveranstaltung Marktplatz-Strategie - HANDELSVERBAND. swiss","isPartOf":{"@id":"https:\/\/handelsverband.swiss\/#website"},"primaryImageOfPage":{"@id":"https:\/\/handelsverband.swiss\/fr\/events\/event-handelsverband-swiss-marktplatz-strategie\/#primaryimage"},"image":{"@id":"https:\/\/handelsverband.swiss\/fr\/events\/event-handelsverband-swiss-marktplatz-strategie\/#primaryimage"},"thumbnailUrl":"https:\/\/handelsverband.swiss\/wp-content\/uploads\/2022\/11\/AdobeStock_296043720_Marketplace_1200x400.jpg","datePublished":"2022-11-21T14:05:40+00:00","dateModified":"2023-02-16T16:16:26+00:00","breadcrumb":{"@id":"https:\/\/handelsverband.swiss\/fr\/events\/event-handelsverband-swiss-marktplatz-strategie\/#breadcrumb"},"inLanguage":"fr-FR","potentialAction":[{"@type":"ReadAction","target":["https:\/\/handelsverband.swiss\/fr\/events\/event-handelsverband-swiss-marktplatz-strategie\/"]}]},{"@type":"ImageObject","inLanguage":"fr-FR","@id":"https:\/\/handelsverband.swiss\/fr\/events\/event-handelsverband-swiss-marktplatz-strategie\/#primaryimage","url":"https:\/\/handelsverband.swiss\/wp-content\/uploads\/2022\/11\/AdobeStock_296043720_Marketplace_1200x400.jpg","contentUrl":"https:\/\/handelsverband.swiss\/wp-content\/uploads\/2022\/11\/AdobeStock_296043720_Marketplace_1200x400.jpg","width":1200,"height":400},{"@type":"BreadcrumbList","@id":"https:\/\/handelsverband.swiss\/fr\/events\/event-handelsverband-swiss-marktplatz-strategie\/#breadcrumb","itemListElement":[{"@type":"ListItem","position":1,"name":"Startseite","item":"https:\/\/handelsverband.swiss\/fr\/"},{"@type":"ListItem","position":2,"name":"Events","item":"https:\/\/handelsverband.swiss\/events\/"},{"@type":"ListItem","position":3,"name":"Fr\u00fchst\u00fccksveranstaltung Marktplatz-Strategie"}]},{"@type":"WebSite","@id":"https:\/\/handelsverband.swiss\/#website","url":"https:\/\/handelsverband.swiss\/","name":"HANDELSVERBAND.swiss","description":"ASSOCIATION DE COMMERCE.swiss","publisher":{"@id":"https:\/\/handelsverband.swiss\/#organization"},"potentialAction":[{"@type":"SearchAction","target":{"@type":"EntryPoint","urlTemplate":"https:\/\/handelsverband.swiss\/?s={search_term_string}"},"query-input":{"@type":"PropertyValueSpecification","valueRequired":true,"valueName":"search_term_string"}}],"inLanguage":"fr-FR"},{"@type":"Organization","@id":"https:\/\/handelsverband.swiss\/#organization","name":"HANDELSVERBAND.swiss","url":"https:\/\/handelsverband.swiss\/","logo":{"@type":"ImageObject","inLanguage":"fr-FR","@id":"https:\/\/handelsverband.swiss\/#\/schema\/logo\/image\/","url":"https:\/\/handelsverband.swiss\/wp-content\/uploads\/2020\/03\/hv_brand_rgb.png","contentUrl":"https:\/\/handelsverband.swiss\/wp-content\/uploads\/2020\/03\/hv_brand_rgb.png","width":1714,"height":472,"caption":"HANDELSVERBAND.swiss"},"image":{"@id":"https:\/\/handelsverband.swiss\/#\/schema\/logo\/image\/"}}]}},"_links":{"self":[{"href":"https:\/\/handelsverband.swiss\/fr\/wp-json\/wp\/v2\/ajde_events\/34635","targetHints":{"allow":["GET"]}}],"collection":[{"href":"https:\/\/handelsverband.swiss\/fr\/wp-json\/wp\/v2\/ajde_events"}],"about":[{"href":"https:\/\/handelsverband.swiss\/fr\/wp-json\/wp\/v2\/types\/ajde_events"}],"author":[{"embeddable":true,"href":"https:\/\/handelsverband.swiss\/fr\/wp-json\/wp\/v2\/users\/4782"}],"replies":[{"embeddable":true,"href":"https:\/\/handelsverband.swiss\/fr\/wp-json\/wp\/v2\/comments?post=34635"}],"wp:featuredmedia":[{"embeddable":true,"href":"https:\/\/handelsverband.swiss\/fr\/wp-json\/wp\/v2\/media\/36726"}],"wp:attachment":[{"href":"https:\/\/handelsverband.swiss\/fr\/wp-json\/wp\/v2\/media?parent=34635"}],"wp:term":[{"taxonomy":"post_tag","embeddable":true,"href":"https:\/\/handelsverband.swiss\/fr\/wp-json\/wp\/v2\/tags?post=34635"},{"taxonomy":"event_type","embeddable":true,"href":"https:\/\/handelsverband.swiss\/fr\/wp-json\/wp\/v2\/event_type?post=34635"},{"taxonomy":"event_type_2","embeddable":true,"href":"https:\/\/handelsverband.swiss\/fr\/wp-json\/wp\/v2\/event_type_2?post=34635"}],"curies":[{"name":"wp","href":"https:\/\/api.w.org\/{rel}","templated":true}]}}