{"id":41838,"date":"2023-10-30T18:30:41","date_gmt":"2023-10-30T17:30:41","guid":{"rendered":"https:\/\/handelsverband.swiss\/?post_type=ajde_events&#038;p=41838"},"modified":"2024-07-29T10:44:15","modified_gmt":"2024-07-29T08:44:15","slug":"herbstevent-handelsverband-swiss-2","status":"publish","type":"ajde_events","link":"https:\/\/handelsverband.swiss\/fr\/events\/herbstevent-handelsverband-swiss-2\/","title":{"rendered":"\u00c9v\u00e9nement d&#8217;automne @ASSOCIATIONDECOMMERCE.swiss"},"content":{"rendered":"<p><strong>Cette ann\u00e9e, notre \u00e9v\u00e9nement d&#8217;automne aura lieu les 12 et 13 septembre 2024 au <a href=\"https:\/\/www.casinobern.ch\/\" target=\"_blank\" rel=\"noreferrer noopener\">Casino Bern<\/a>. L&#8217;\u00e9v\u00e9nement est en allemand\/anglais. Les pr\u00e9sentations seront toutefois traduites de mani\u00e8re synchrone en fran\u00e7ais.<\/strong><\/p>\r\n<p><strong>Sous le th\u00e8me de l&#8217;automatisation dans le commerce, nous nous pencherons sur les derniers d\u00e9veloppements mais aussi sur l&#8217;interaction entre l&#8217;homme et la machine. Nous examinerons aussi bien les perspectives techniques que les perspectives \u00e9thiques, qui sont d&#8217;une grande importance dans le domaine du commerce.<\/strong><\/p>\r\n<p>Cet \u00e9v\u00e9nement sera une excellente\u00a0occasion d\u2019\u00e9changer et de partager vos exp\u00e9riences et d\u00e9fis avec d\u2019autres experts et coll\u00e8gues\u00a0suisses-allemands et romands ainsi que de discuter des derni\u00e8res innovations dans le domaine de l\u2019automatisation.<\/p>\r\n<p><strong>Les pr\u00e9sentations suivantes sont au programme :<\/strong><\/p>\r\n<ul>\r\n<li><strong>Who am AI<\/strong> &#8211;<strong>\u00a0<\/strong><em>Leya Love, Virtual Human <\/em><\/li>\r\n<li><strong>Asia goes Europe<\/strong>\u00a0&#8211;\u00a0<em>ZHAW, HSG<\/em><\/li>\r\n<li><strong>Un an d&#8217;IA : du hype \u00e0 la r\u00e9alit\u00e9 <\/strong>&#8211; <em>Delta Labs AG<\/em><\/li>\r\n<li><strong>Les prix en mouvement &#8211; Comment l&#8217;IA transforme-t-elle le Dynamic Pricing ? <\/strong>&#8211;\u00a0<em>Horv\u00e1th &amp; Partners<\/em><\/li>\r\n<li><strong>Robotique et IA dans la logistique <\/strong>&#8211;\u00a0<em>Pick8ship Technology AG<\/em><\/li>\r\n<li><strong>Mixed Reality &#8211; the future<\/strong>\u00a0&#8211;\u00a0<em>ZHAW &amp; EuroXR<\/em><\/li>\r\n<li><strong>A Closer Future &#8211; New Technologies\u00a0<\/strong><strong>for Human Connection <\/strong>&#8211;<strong>\u00a0<\/strong><em>Meta<\/em>\u00a0<\/li>\r\n<li><strong>How AI is disrupting retail<\/strong>\u00a0&#8211;\u00a0<em>Digital Leap<\/em><\/li>\r\n<li><strong>Instore Retail Media &#8211; next best thing<\/strong>\u00a0<em>&#8211; Advertima Vision<\/em><\/li>\r\n<li><strong>De l&#8217;obligation au plaisir dans le commerce de d\u00e9tail &#8211; l&#8217;interaction entre le num\u00e9rique et le physique <\/strong>&#8211; <em>SCS Storeconcept AG<\/em><\/li>\r\n<li><strong>Digital en ligne<\/strong> &#8211; <em>Trihow<\/em><\/li>\r\n<li><strong>AI pour les PME \u2013 AI Readyness Index<\/strong> &#8211; <em>Purpur Ventures<\/em><\/li>\r\n<li><strong>Conversational commerce <\/strong>&#8211;\u00a0<em>Zalando<\/em><\/li>\r\n<li><strong>L&#8217;homme et la machine &#8211; un regard vers l&#8217;avenir<\/strong> &#8211; <em>Ludwig Hasler, Philosoph, Autor, Redner<\/em><\/li>\r\n<\/ul>\r\n<div class=\"shortened_end2\">Un autre point phare de l&#8217;\u00e9v\u00e9nement sera notre barbecue commun le jeudi soir au bord de l&#8217;Aar. Nous aurons l&#8217;occasion de poursuivre les discussions et de passer en revue la journ\u00e9e dans une atmosph\u00e8re d\u00e9tendue.<\/div>\r\n<div class=\"shortened_end2\">\u00a0<\/div>\r\n<div><strong><a href=\"https:\/\/herbstevent.ch\/fr\/\" target=\"_blank\" rel=\"noopener\">Vous trouverez ici toutes les informations sur l&#8217;\u00e9v\u00e9nement et les orateurs ainsi que le programme d\u00e9taill\u00e9.<\/a><\/strong><\/div>\r\n<div>\u00a0<\/div>\r\n<div>Profitez de cette occasion unique pour vous plonger plus profond\u00e9ment dans les th\u00e8mes de l&#8217;automatisation et de la digitalisation et pour concevoir l&#8217;avenir de notre commerce. <strong><a href=\"https:\/\/eventfrog.ch\/de\/p\/kurse-seminare\/sonstige-kurse-seminare\/herbstevent-evenement-d-automne-7166010735931137885.html\" target=\"_blank\" rel=\"noopener\">Inscrivez-vous maintenant!<\/a><\/strong><\/div>\r\n<div>\u00a0<\/div>\r\n<p>&nbsp;<\/p>\r\n<div>\r\n<p><img decoding=\"async\" src=\"https:\/\/handelsverband.swiss\/wp-content\/uploads\/2024\/07\/Sponsoren-Auflistung-Newsletter_-5-Sponsoren.png\" \/><\/p>\r\n<p>&nbsp;<\/p>\r\n<\/div>\r\n<!-- \/wp:post-content -->\r\n\r\n<!-- wp:paragraph \/-->\r\n\r\n","protected":false},"author":4782,"featured_media":0,"menu_order":0,"comment_status":"open","ping_status":"closed","template":"","meta":{"_acf_changed":false},"tags":[],"event_type":[],"event_type_2":[],"class_list":["post-41838","ajde_events","type-ajde_events","status-publish","hentry","event_organizer-handelsverband-swiss"],"acf":[],"yoast_head":"<!-- This site is optimized with the Yoast SEO plugin v27.5 - https:\/\/yoast.com\/product\/yoast-seo-wordpress\/ -->\n<title>\u00c9v\u00e9nement d&#039;automne @ASSOCIATIONDECOMMERCE.swiss - HANDELSVERBAND. swiss<\/title>\n<meta name=\"robots\" content=\"index, follow, max-snippet:-1, max-image-preview:large, max-video-preview:-1\" \/>\n<meta property=\"og:locale\" content=\"fr_FR\" \/>\n<meta property=\"og:type\" content=\"article\" \/>\n<meta property=\"og:title\" content=\"\u00c9v\u00e9nement d&#039;automne @ASSOCIATIONDECOMMERCE.swiss - HANDELSVERBAND. swiss\" \/>\n<meta property=\"og:description\" content=\"Cette ann\u00e9e, notre \u00e9v\u00e9nement d&#8217;automne\" \/>\n<meta property=\"og:url\" content=\"https:\/\/handelsverband.swiss\/fr\/events\/herbstevent-handelsverband-swiss-2\/\" \/>\n<meta property=\"og:site_name\" content=\"HANDELSVERBAND. swiss\" \/>\n<meta property=\"article:modified_time\" content=\"2024-07-29T08:44:15+00:00\" \/>\n<meta name=\"twitter:card\" content=\"summary_large_image\" \/>\n<meta name=\"twitter:label1\" content=\"Est. reading time\" \/>\n\t<meta name=\"twitter:data1\" content=\"2 minutes\" \/>\n<script type=\"application\/ld+json\" class=\"yoast-schema-graph\">{\"@context\":\"https:\\\/\\\/schema.org\",\"@graph\":[{\"@type\":\"WebPage\",\"@id\":\"https:\\\/\\\/handelsverband.swiss\\\/fr\\\/events\\\/herbstevent-handelsverband-swiss-2\\\/\",\"url\":\"https:\\\/\\\/handelsverband.swiss\\\/fr\\\/events\\\/herbstevent-handelsverband-swiss-2\\\/\",\"name\":\"\u00c9v\u00e9nement d'automne @ASSOCIATIONDECOMMERCE.swiss - HANDELSVERBAND. swiss\",\"isPartOf\":{\"@id\":\"https:\\\/\\\/handelsverband.swiss\\\/#website\"},\"primaryImageOfPage\":{\"@id\":\"https:\\\/\\\/handelsverband.swiss\\\/fr\\\/events\\\/herbstevent-handelsverband-swiss-2\\\/#primaryimage\"},\"image\":{\"@id\":\"https:\\\/\\\/handelsverband.swiss\\\/fr\\\/events\\\/herbstevent-handelsverband-swiss-2\\\/#primaryimage\"},\"thumbnailUrl\":\"https:\\\/\\\/handelsverband.swiss\\\/wp-content\\\/uploads\\\/2024\\\/07\\\/Sponsoren-Auflistung-Newsletter_-5-Sponsoren.png\",\"datePublished\":\"2023-10-30T17:30:41+00:00\",\"dateModified\":\"2024-07-29T08:44:15+00:00\",\"breadcrumb\":{\"@id\":\"https:\\\/\\\/handelsverband.swiss\\\/fr\\\/events\\\/herbstevent-handelsverband-swiss-2\\\/#breadcrumb\"},\"inLanguage\":\"fr-FR\",\"potentialAction\":[{\"@type\":\"ReadAction\",\"target\":[\"https:\\\/\\\/handelsverband.swiss\\\/fr\\\/events\\\/herbstevent-handelsverband-swiss-2\\\/\"]}]},{\"@type\":\"ImageObject\",\"inLanguage\":\"fr-FR\",\"@id\":\"https:\\\/\\\/handelsverband.swiss\\\/fr\\\/events\\\/herbstevent-handelsverband-swiss-2\\\/#primaryimage\",\"url\":\"https:\\\/\\\/handelsverband.swiss\\\/wp-content\\\/uploads\\\/2024\\\/07\\\/Sponsoren-Auflistung-Newsletter_-5-Sponsoren.png\",\"contentUrl\":\"https:\\\/\\\/handelsverband.swiss\\\/wp-content\\\/uploads\\\/2024\\\/07\\\/Sponsoren-Auflistung-Newsletter_-5-Sponsoren.png\"},{\"@type\":\"BreadcrumbList\",\"@id\":\"https:\\\/\\\/handelsverband.swiss\\\/fr\\\/events\\\/herbstevent-handelsverband-swiss-2\\\/#breadcrumb\",\"itemListElement\":[{\"@type\":\"ListItem\",\"position\":1,\"name\":\"Startseite\",\"item\":\"https:\\\/\\\/handelsverband.swiss\\\/fr\\\/\"},{\"@type\":\"ListItem\",\"position\":2,\"name\":\"Events\",\"item\":\"https:\\\/\\\/handelsverband.swiss\\\/events\\\/\"},{\"@type\":\"ListItem\",\"position\":3,\"name\":\"\u00c9v\u00e9nement d&#8217;automne @ASSOCIATIONDECOMMERCE.swiss\"}]},{\"@type\":\"WebSite\",\"@id\":\"https:\\\/\\\/handelsverband.swiss\\\/#website\",\"url\":\"https:\\\/\\\/handelsverband.swiss\\\/\",\"name\":\"HANDELSVERBAND.swiss\",\"description\":\"ASSOCIATION DE COMMERCE.swiss\",\"publisher\":{\"@id\":\"https:\\\/\\\/handelsverband.swiss\\\/#organization\"},\"potentialAction\":[{\"@type\":\"SearchAction\",\"target\":{\"@type\":\"EntryPoint\",\"urlTemplate\":\"https:\\\/\\\/handelsverband.swiss\\\/?s={search_term_string}\"},\"query-input\":{\"@type\":\"PropertyValueSpecification\",\"valueRequired\":true,\"valueName\":\"search_term_string\"}}],\"inLanguage\":\"fr-FR\"},{\"@type\":\"Organization\",\"@id\":\"https:\\\/\\\/handelsverband.swiss\\\/#organization\",\"name\":\"HANDELSVERBAND.swiss\",\"url\":\"https:\\\/\\\/handelsverband.swiss\\\/\",\"logo\":{\"@type\":\"ImageObject\",\"inLanguage\":\"fr-FR\",\"@id\":\"https:\\\/\\\/handelsverband.swiss\\\/#\\\/schema\\\/logo\\\/image\\\/\",\"url\":\"https:\\\/\\\/handelsverband.swiss\\\/wp-content\\\/uploads\\\/2020\\\/03\\\/hv_brand_rgb.png\",\"contentUrl\":\"https:\\\/\\\/handelsverband.swiss\\\/wp-content\\\/uploads\\\/2020\\\/03\\\/hv_brand_rgb.png\",\"width\":1714,\"height\":472,\"caption\":\"HANDELSVERBAND.swiss\"},\"image\":{\"@id\":\"https:\\\/\\\/handelsverband.swiss\\\/#\\\/schema\\\/logo\\\/image\\\/\"}}]}<\/script>\n<!-- \/ Yoast SEO plugin. -->","yoast_head_json":{"title":"\u00c9v\u00e9nement d'automne @ASSOCIATIONDECOMMERCE.swiss - HANDELSVERBAND. swiss","robots":{"index":"index","follow":"follow","max-snippet":"max-snippet:-1","max-image-preview":"max-image-preview:large","max-video-preview":"max-video-preview:-1"},"og_locale":"fr_FR","og_type":"article","og_title":"\u00c9v\u00e9nement d'automne @ASSOCIATIONDECOMMERCE.swiss - HANDELSVERBAND. swiss","og_description":"Cette ann\u00e9e, notre \u00e9v\u00e9nement d&#8217;automne","og_url":"https:\/\/handelsverband.swiss\/fr\/events\/herbstevent-handelsverband-swiss-2\/","og_site_name":"HANDELSVERBAND. swiss","article_modified_time":"2024-07-29T08:44:15+00:00","twitter_card":"summary_large_image","twitter_misc":{"Est. reading time":"2 minutes"},"schema":{"@context":"https:\/\/schema.org","@graph":[{"@type":"WebPage","@id":"https:\/\/handelsverband.swiss\/fr\/events\/herbstevent-handelsverband-swiss-2\/","url":"https:\/\/handelsverband.swiss\/fr\/events\/herbstevent-handelsverband-swiss-2\/","name":"\u00c9v\u00e9nement d'automne @ASSOCIATIONDECOMMERCE.swiss - HANDELSVERBAND. swiss","isPartOf":{"@id":"https:\/\/handelsverband.swiss\/#website"},"primaryImageOfPage":{"@id":"https:\/\/handelsverband.swiss\/fr\/events\/herbstevent-handelsverband-swiss-2\/#primaryimage"},"image":{"@id":"https:\/\/handelsverband.swiss\/fr\/events\/herbstevent-handelsverband-swiss-2\/#primaryimage"},"thumbnailUrl":"https:\/\/handelsverband.swiss\/wp-content\/uploads\/2024\/07\/Sponsoren-Auflistung-Newsletter_-5-Sponsoren.png","datePublished":"2023-10-30T17:30:41+00:00","dateModified":"2024-07-29T08:44:15+00:00","breadcrumb":{"@id":"https:\/\/handelsverband.swiss\/fr\/events\/herbstevent-handelsverband-swiss-2\/#breadcrumb"},"inLanguage":"fr-FR","potentialAction":[{"@type":"ReadAction","target":["https:\/\/handelsverband.swiss\/fr\/events\/herbstevent-handelsverband-swiss-2\/"]}]},{"@type":"ImageObject","inLanguage":"fr-FR","@id":"https:\/\/handelsverband.swiss\/fr\/events\/herbstevent-handelsverband-swiss-2\/#primaryimage","url":"https:\/\/handelsverband.swiss\/wp-content\/uploads\/2024\/07\/Sponsoren-Auflistung-Newsletter_-5-Sponsoren.png","contentUrl":"https:\/\/handelsverband.swiss\/wp-content\/uploads\/2024\/07\/Sponsoren-Auflistung-Newsletter_-5-Sponsoren.png"},{"@type":"BreadcrumbList","@id":"https:\/\/handelsverband.swiss\/fr\/events\/herbstevent-handelsverband-swiss-2\/#breadcrumb","itemListElement":[{"@type":"ListItem","position":1,"name":"Startseite","item":"https:\/\/handelsverband.swiss\/fr\/"},{"@type":"ListItem","position":2,"name":"Events","item":"https:\/\/handelsverband.swiss\/events\/"},{"@type":"ListItem","position":3,"name":"\u00c9v\u00e9nement d&#8217;automne @ASSOCIATIONDECOMMERCE.swiss"}]},{"@type":"WebSite","@id":"https:\/\/handelsverband.swiss\/#website","url":"https:\/\/handelsverband.swiss\/","name":"HANDELSVERBAND.swiss","description":"ASSOCIATION DE COMMERCE.swiss","publisher":{"@id":"https:\/\/handelsverband.swiss\/#organization"},"potentialAction":[{"@type":"SearchAction","target":{"@type":"EntryPoint","urlTemplate":"https:\/\/handelsverband.swiss\/?s={search_term_string}"},"query-input":{"@type":"PropertyValueSpecification","valueRequired":true,"valueName":"search_term_string"}}],"inLanguage":"fr-FR"},{"@type":"Organization","@id":"https:\/\/handelsverband.swiss\/#organization","name":"HANDELSVERBAND.swiss","url":"https:\/\/handelsverband.swiss\/","logo":{"@type":"ImageObject","inLanguage":"fr-FR","@id":"https:\/\/handelsverband.swiss\/#\/schema\/logo\/image\/","url":"https:\/\/handelsverband.swiss\/wp-content\/uploads\/2020\/03\/hv_brand_rgb.png","contentUrl":"https:\/\/handelsverband.swiss\/wp-content\/uploads\/2020\/03\/hv_brand_rgb.png","width":1714,"height":472,"caption":"HANDELSVERBAND.swiss"},"image":{"@id":"https:\/\/handelsverband.swiss\/#\/schema\/logo\/image\/"}}]}},"_links":{"self":[{"href":"https:\/\/handelsverband.swiss\/fr\/wp-json\/wp\/v2\/ajde_events\/41838","targetHints":{"allow":["GET"]}}],"collection":[{"href":"https:\/\/handelsverband.swiss\/fr\/wp-json\/wp\/v2\/ajde_events"}],"about":[{"href":"https:\/\/handelsverband.swiss\/fr\/wp-json\/wp\/v2\/types\/ajde_events"}],"author":[{"embeddable":true,"href":"https:\/\/handelsverband.swiss\/fr\/wp-json\/wp\/v2\/users\/4782"}],"replies":[{"embeddable":true,"href":"https:\/\/handelsverband.swiss\/fr\/wp-json\/wp\/v2\/comments?post=41838"}],"wp:attachment":[{"href":"https:\/\/handelsverband.swiss\/fr\/wp-json\/wp\/v2\/media?parent=41838"}],"wp:term":[{"taxonomy":"post_tag","embeddable":true,"href":"https:\/\/handelsverband.swiss\/fr\/wp-json\/wp\/v2\/tags?post=41838"},{"taxonomy":"event_type","embeddable":true,"href":"https:\/\/handelsverband.swiss\/fr\/wp-json\/wp\/v2\/event_type?post=41838"},{"taxonomy":"event_type_2","embeddable":true,"href":"https:\/\/handelsverband.swiss\/fr\/wp-json\/wp\/v2\/event_type_2?post=41838"}],"curies":[{"name":"wp","href":"https:\/\/api.w.org\/{rel}","templated":true}]}}