{"id":56665,"date":"2025-04-14T16:03:46","date_gmt":"2025-04-14T14:03:46","guid":{"rendered":"https:\/\/handelsverband.swiss\/?post_type=ajde_events&#038;p=56665"},"modified":"2025-04-23T09:42:55","modified_gmt":"2025-04-23T07:42:55","slug":"information-event-online-via-teams-organized-by-kienbaum-and-handelsverband-swiss","status":"publish","type":"ajde_events","link":"https:\/\/handelsverband.swiss\/fr\/events\/information-event-online-via-teams-organized-by-kienbaum-and-handelsverband-swiss\/","title":{"rendered":"Infoveranstaltung zum Thema: &#8220;Verg\u00fctung im Handel: Warum Marktdaten entscheidend sind&#8221;"},"content":{"rendered":"<p><strong>Infoveranstaltung zum Thema: &#8220;Verg\u00fctung im Handel: Warum Marktdaten entscheidend sind&#8221;<\/strong><\/p>\n<ul>\n<li>29.04.2025, 15.00 bis 15.30 Uhr<\/li>\n<li>30.04.2025, 08.00 bis 08.30 Uhr<\/li>\n<li>07.05.2025, 16:00 bis 16:30 Uhr<\/li>\n<li>08.05.2025, 08:30 bis 09:00 Uhr<\/li>\n<\/ul>\n<p>Die Retail-Branche steht vor grossen Herausforderungen: Sowohl Arbeits- und Fachkr\u00e4ftemangel sowie sich wandelnde Erwartungen der Mitarbeitenden machen eine wettbewerbsf\u00e4hige Verg\u00fctung essenziell. Unternehmen, die ihre Verg\u00fctungsstruktur strategisch an den aktuellen Marktentwicklungen ausrichten, k\u00f6nnen Mitarbeitende gewinnen und langfristig binden.<\/p>\n<p>Doch wie k\u00f6nnen Handelsunternehmen sicherstellen, dass ihre Verg\u00fctungsmodelle marktgerecht und konkurrenzf\u00e4hig sind?<\/p>\n<p>Eine fundierte Entscheidungsgrundlage liefert der Blick auf aktuelle Marktdaten. Unternehmen, die sich an Marktvergleichen orientieren, k\u00f6nnen faire, attraktive und wirtschaftlich sinnvolle Gehaltsstrukturen etablieren. Sie vermeiden \u00dcber- oder Unterzahlungen und positionieren sich als attraktive Arbeitgebende im hart umk\u00e4mpften Arbeitsmarkt.<\/p>\n<p>Um den Mitgliedern des Handelsverbands eine verl\u00e4ssliche Datenbasis zu bieten, haben der <a href=\"https:\/\/handelsverband.swiss\/\" target=\"_blank\" rel=\"noopener\">HANDELSVERBAND.swiss<\/a> und <a href=\"https:\/\/kienbaum.ch\/\" target=\"_blank\" rel=\"noopener\">Kienbaum<\/a> eine Partnerschaft geschlossen. Sie er\u00f6ffnet allen Mitgliedern den Zugang zum <strong>Kienbaum Retail Club Survey<\/strong> (ein Branchenvergleich f\u00fcr Verg\u00fctungsdaten im Retailsektor) und damit zu exklusiven und aktuellen Verg\u00fctungsdaten \u2013 eine wertvolle Unterst\u00fctzung f\u00fcr eine marktgerechte Verg\u00fctungspolitik.<\/p>\n<p>\u00dcber die Anmeldung zu einer kurzen Informationsveranstaltung (online via Teams) k\u00f6nnen sich die Mitglieder zur Teilnahme am Survey informieren und erhalten auf ihre Fragen direkt Antwort:<\/p>\n<p><a href=\"https:\/\/kienbaum.ch\/info-session-retail-club-survey\/\" target=\"_blank\" rel=\"noopener\"><strong>Link zur Anmeldung<\/strong><\/a><\/p>\n<p>F\u00fcr Fragen und weitere Informationen: <a href=\"m&#97;&#105;&#x6c;&#x74;&#x6f;:c&#101;&#100;&#x72;&#x69;&#x63;&#46;&#99;&#111;&#104;&#x65;&#x6e;&#x40;k&#105;&#101;&#x6e;&#x62;&#x61;um&#46;&#99;&#x6f;&#x6d;\">&#x63;&#x65;&#x64;&#x72;&#x69;&#x63;&#x2e;&#x63;&#x6f;&#x68;&#x65;&#110;&#64;&#107;&#105;&#101;&#110;&#98;aum&#46;co&#x6d;<\/a><\/p>\n","protected":false},"author":5186,"featured_media":56664,"menu_order":0,"comment_status":"open","ping_status":"closed","template":"","meta":{"_acf_changed":false},"tags":[],"event_type":[],"event_type_2":[],"class_list":["post-56665","ajde_events","type-ajde_events","status-publish","has-post-thumbnail","hentry","event_location-online","event_organizer-kienbaum-ag"],"acf":[],"yoast_head":"<!-- This site is optimized with the Yoast SEO plugin v27.5 - https:\/\/yoast.com\/product\/yoast-seo-wordpress\/ -->\n<title>Infoveranstaltung zum Thema: &quot;Verg\u00fctung im Handel: Warum Marktdaten entscheidend sind&quot; - HANDELSVERBAND. swiss<\/title>\n<meta name=\"robots\" content=\"index, follow, max-snippet:-1, max-image-preview:large, max-video-preview:-1\" \/>\n<meta property=\"og:locale\" content=\"fr_FR\" \/>\n<meta property=\"og:type\" content=\"article\" \/>\n<meta property=\"og:title\" content=\"Infoveranstaltung zum Thema: &quot;Verg\u00fctung im Handel: Warum Marktdaten entscheidend sind&quot; - HANDELSVERBAND. swiss\" \/>\n<meta property=\"og:description\" content=\"Infoveranstaltung zum Thema: &#8220;Verg\u00fctung im\" \/>\n<meta property=\"og:url\" content=\"https:\/\/handelsverband.swiss\/fr\/events\/information-event-online-via-teams-organized-by-kienbaum-and-handelsverband-swiss\/\" \/>\n<meta property=\"og:site_name\" content=\"HANDELSVERBAND. swiss\" \/>\n<meta property=\"article:modified_time\" content=\"2025-04-23T07:42:55+00:00\" \/>\n<meta property=\"og:image\" content=\"https:\/\/handelsverband.swiss\/wp-content\/uploads\/2025\/04\/Kienbaum.png\" \/>\n\t<meta property=\"og:image:width\" content=\"730\" \/>\n\t<meta property=\"og:image:height\" content=\"412\" \/>\n\t<meta property=\"og:image:type\" content=\"image\/png\" \/>\n<meta name=\"twitter:card\" content=\"summary_large_image\" \/>\n<meta name=\"twitter:label1\" content=\"Est. reading time\" \/>\n\t<meta name=\"twitter:data1\" content=\"2 minutes\" \/>\n<script type=\"application\/ld+json\" class=\"yoast-schema-graph\">{\"@context\":\"https:\\\/\\\/schema.org\",\"@graph\":[{\"@type\":\"WebPage\",\"@id\":\"https:\\\/\\\/handelsverband.swiss\\\/fr\\\/events\\\/information-event-online-via-teams-organized-by-kienbaum-and-handelsverband-swiss\\\/\",\"url\":\"https:\\\/\\\/handelsverband.swiss\\\/fr\\\/events\\\/information-event-online-via-teams-organized-by-kienbaum-and-handelsverband-swiss\\\/\",\"name\":\"Infoveranstaltung zum Thema: \\\"Verg\u00fctung im Handel: Warum Marktdaten entscheidend sind\\\" - HANDELSVERBAND. swiss\",\"isPartOf\":{\"@id\":\"https:\\\/\\\/handelsverband.swiss\\\/#website\"},\"primaryImageOfPage\":{\"@id\":\"https:\\\/\\\/handelsverband.swiss\\\/fr\\\/events\\\/information-event-online-via-teams-organized-by-kienbaum-and-handelsverband-swiss\\\/#primaryimage\"},\"image\":{\"@id\":\"https:\\\/\\\/handelsverband.swiss\\\/fr\\\/events\\\/information-event-online-via-teams-organized-by-kienbaum-and-handelsverband-swiss\\\/#primaryimage\"},\"thumbnailUrl\":\"https:\\\/\\\/handelsverband.swiss\\\/wp-content\\\/uploads\\\/2025\\\/04\\\/Kienbaum.png\",\"datePublished\":\"2025-04-14T14:03:46+00:00\",\"dateModified\":\"2025-04-23T07:42:55+00:00\",\"breadcrumb\":{\"@id\":\"https:\\\/\\\/handelsverband.swiss\\\/fr\\\/events\\\/information-event-online-via-teams-organized-by-kienbaum-and-handelsverband-swiss\\\/#breadcrumb\"},\"inLanguage\":\"fr-FR\",\"potentialAction\":[{\"@type\":\"ReadAction\",\"target\":[\"https:\\\/\\\/handelsverband.swiss\\\/fr\\\/events\\\/information-event-online-via-teams-organized-by-kienbaum-and-handelsverband-swiss\\\/\"]}]},{\"@type\":\"ImageObject\",\"inLanguage\":\"fr-FR\",\"@id\":\"https:\\\/\\\/handelsverband.swiss\\\/fr\\\/events\\\/information-event-online-via-teams-organized-by-kienbaum-and-handelsverband-swiss\\\/#primaryimage\",\"url\":\"https:\\\/\\\/handelsverband.swiss\\\/wp-content\\\/uploads\\\/2025\\\/04\\\/Kienbaum.png\",\"contentUrl\":\"https:\\\/\\\/handelsverband.swiss\\\/wp-content\\\/uploads\\\/2025\\\/04\\\/Kienbaum.png\",\"width\":730,\"height\":412},{\"@type\":\"BreadcrumbList\",\"@id\":\"https:\\\/\\\/handelsverband.swiss\\\/fr\\\/events\\\/information-event-online-via-teams-organized-by-kienbaum-and-handelsverband-swiss\\\/#breadcrumb\",\"itemListElement\":[{\"@type\":\"ListItem\",\"position\":1,\"name\":\"Startseite\",\"item\":\"https:\\\/\\\/handelsverband.swiss\\\/fr\\\/\"},{\"@type\":\"ListItem\",\"position\":2,\"name\":\"Events\",\"item\":\"https:\\\/\\\/handelsverband.swiss\\\/events\\\/\"},{\"@type\":\"ListItem\",\"position\":3,\"name\":\"Infoveranstaltung zum Thema: &#8222;Verg\u00fctung im Handel: Warum Marktdaten entscheidend sind&#8220;\"}]},{\"@type\":\"WebSite\",\"@id\":\"https:\\\/\\\/handelsverband.swiss\\\/#website\",\"url\":\"https:\\\/\\\/handelsverband.swiss\\\/\",\"name\":\"HANDELSVERBAND.swiss\",\"description\":\"ASSOCIATION DE COMMERCE.swiss\",\"publisher\":{\"@id\":\"https:\\\/\\\/handelsverband.swiss\\\/#organization\"},\"potentialAction\":[{\"@type\":\"SearchAction\",\"target\":{\"@type\":\"EntryPoint\",\"urlTemplate\":\"https:\\\/\\\/handelsverband.swiss\\\/?s={search_term_string}\"},\"query-input\":{\"@type\":\"PropertyValueSpecification\",\"valueRequired\":true,\"valueName\":\"search_term_string\"}}],\"inLanguage\":\"fr-FR\"},{\"@type\":\"Organization\",\"@id\":\"https:\\\/\\\/handelsverband.swiss\\\/#organization\",\"name\":\"HANDELSVERBAND.swiss\",\"url\":\"https:\\\/\\\/handelsverband.swiss\\\/\",\"logo\":{\"@type\":\"ImageObject\",\"inLanguage\":\"fr-FR\",\"@id\":\"https:\\\/\\\/handelsverband.swiss\\\/#\\\/schema\\\/logo\\\/image\\\/\",\"url\":\"https:\\\/\\\/handelsverband.swiss\\\/wp-content\\\/uploads\\\/2020\\\/03\\\/hv_brand_rgb.png\",\"contentUrl\":\"https:\\\/\\\/handelsverband.swiss\\\/wp-content\\\/uploads\\\/2020\\\/03\\\/hv_brand_rgb.png\",\"width\":1714,\"height\":472,\"caption\":\"HANDELSVERBAND.swiss\"},\"image\":{\"@id\":\"https:\\\/\\\/handelsverband.swiss\\\/#\\\/schema\\\/logo\\\/image\\\/\"}}]}<\/script>\n<!-- \/ Yoast SEO plugin. -->","yoast_head_json":{"title":"Infoveranstaltung zum Thema: \"Verg\u00fctung im Handel: Warum Marktdaten entscheidend sind\" - HANDELSVERBAND. swiss","robots":{"index":"index","follow":"follow","max-snippet":"max-snippet:-1","max-image-preview":"max-image-preview:large","max-video-preview":"max-video-preview:-1"},"og_locale":"fr_FR","og_type":"article","og_title":"Infoveranstaltung zum Thema: \"Verg\u00fctung im Handel: Warum Marktdaten entscheidend sind\" - HANDELSVERBAND. swiss","og_description":"Infoveranstaltung zum Thema: &#8220;Verg\u00fctung im","og_url":"https:\/\/handelsverband.swiss\/fr\/events\/information-event-online-via-teams-organized-by-kienbaum-and-handelsverband-swiss\/","og_site_name":"HANDELSVERBAND. swiss","article_modified_time":"2025-04-23T07:42:55+00:00","og_image":[{"width":730,"height":412,"url":"https:\/\/handelsverband.swiss\/wp-content\/uploads\/2025\/04\/Kienbaum.png","type":"image\/png"}],"twitter_card":"summary_large_image","twitter_misc":{"Est. reading time":"2 minutes"},"schema":{"@context":"https:\/\/schema.org","@graph":[{"@type":"WebPage","@id":"https:\/\/handelsverband.swiss\/fr\/events\/information-event-online-via-teams-organized-by-kienbaum-and-handelsverband-swiss\/","url":"https:\/\/handelsverband.swiss\/fr\/events\/information-event-online-via-teams-organized-by-kienbaum-and-handelsverband-swiss\/","name":"Infoveranstaltung zum Thema: \"Verg\u00fctung im Handel: Warum Marktdaten entscheidend sind\" - HANDELSVERBAND. swiss","isPartOf":{"@id":"https:\/\/handelsverband.swiss\/#website"},"primaryImageOfPage":{"@id":"https:\/\/handelsverband.swiss\/fr\/events\/information-event-online-via-teams-organized-by-kienbaum-and-handelsverband-swiss\/#primaryimage"},"image":{"@id":"https:\/\/handelsverband.swiss\/fr\/events\/information-event-online-via-teams-organized-by-kienbaum-and-handelsverband-swiss\/#primaryimage"},"thumbnailUrl":"https:\/\/handelsverband.swiss\/wp-content\/uploads\/2025\/04\/Kienbaum.png","datePublished":"2025-04-14T14:03:46+00:00","dateModified":"2025-04-23T07:42:55+00:00","breadcrumb":{"@id":"https:\/\/handelsverband.swiss\/fr\/events\/information-event-online-via-teams-organized-by-kienbaum-and-handelsverband-swiss\/#breadcrumb"},"inLanguage":"fr-FR","potentialAction":[{"@type":"ReadAction","target":["https:\/\/handelsverband.swiss\/fr\/events\/information-event-online-via-teams-organized-by-kienbaum-and-handelsverband-swiss\/"]}]},{"@type":"ImageObject","inLanguage":"fr-FR","@id":"https:\/\/handelsverband.swiss\/fr\/events\/information-event-online-via-teams-organized-by-kienbaum-and-handelsverband-swiss\/#primaryimage","url":"https:\/\/handelsverband.swiss\/wp-content\/uploads\/2025\/04\/Kienbaum.png","contentUrl":"https:\/\/handelsverband.swiss\/wp-content\/uploads\/2025\/04\/Kienbaum.png","width":730,"height":412},{"@type":"BreadcrumbList","@id":"https:\/\/handelsverband.swiss\/fr\/events\/information-event-online-via-teams-organized-by-kienbaum-and-handelsverband-swiss\/#breadcrumb","itemListElement":[{"@type":"ListItem","position":1,"name":"Startseite","item":"https:\/\/handelsverband.swiss\/fr\/"},{"@type":"ListItem","position":2,"name":"Events","item":"https:\/\/handelsverband.swiss\/events\/"},{"@type":"ListItem","position":3,"name":"Infoveranstaltung zum Thema: &#8222;Verg\u00fctung im Handel: Warum Marktdaten entscheidend sind&#8220;"}]},{"@type":"WebSite","@id":"https:\/\/handelsverband.swiss\/#website","url":"https:\/\/handelsverband.swiss\/","name":"HANDELSVERBAND.swiss","description":"ASSOCIATION DE COMMERCE.swiss","publisher":{"@id":"https:\/\/handelsverband.swiss\/#organization"},"potentialAction":[{"@type":"SearchAction","target":{"@type":"EntryPoint","urlTemplate":"https:\/\/handelsverband.swiss\/?s={search_term_string}"},"query-input":{"@type":"PropertyValueSpecification","valueRequired":true,"valueName":"search_term_string"}}],"inLanguage":"fr-FR"},{"@type":"Organization","@id":"https:\/\/handelsverband.swiss\/#organization","name":"HANDELSVERBAND.swiss","url":"https:\/\/handelsverband.swiss\/","logo":{"@type":"ImageObject","inLanguage":"fr-FR","@id":"https:\/\/handelsverband.swiss\/#\/schema\/logo\/image\/","url":"https:\/\/handelsverband.swiss\/wp-content\/uploads\/2020\/03\/hv_brand_rgb.png","contentUrl":"https:\/\/handelsverband.swiss\/wp-content\/uploads\/2020\/03\/hv_brand_rgb.png","width":1714,"height":472,"caption":"HANDELSVERBAND.swiss"},"image":{"@id":"https:\/\/handelsverband.swiss\/#\/schema\/logo\/image\/"}}]}},"_links":{"self":[{"href":"https:\/\/handelsverband.swiss\/fr\/wp-json\/wp\/v2\/ajde_events\/56665","targetHints":{"allow":["GET"]}}],"collection":[{"href":"https:\/\/handelsverband.swiss\/fr\/wp-json\/wp\/v2\/ajde_events"}],"about":[{"href":"https:\/\/handelsverband.swiss\/fr\/wp-json\/wp\/v2\/types\/ajde_events"}],"author":[{"embeddable":true,"href":"https:\/\/handelsverband.swiss\/fr\/wp-json\/wp\/v2\/users\/5186"}],"replies":[{"embeddable":true,"href":"https:\/\/handelsverband.swiss\/fr\/wp-json\/wp\/v2\/comments?post=56665"}],"wp:featuredmedia":[{"embeddable":true,"href":"https:\/\/handelsverband.swiss\/fr\/wp-json\/wp\/v2\/media\/56664"}],"wp:attachment":[{"href":"https:\/\/handelsverband.swiss\/fr\/wp-json\/wp\/v2\/media?parent=56665"}],"wp:term":[{"taxonomy":"post_tag","embeddable":true,"href":"https:\/\/handelsverband.swiss\/fr\/wp-json\/wp\/v2\/tags?post=56665"},{"taxonomy":"event_type","embeddable":true,"href":"https:\/\/handelsverband.swiss\/fr\/wp-json\/wp\/v2\/event_type?post=56665"},{"taxonomy":"event_type_2","embeddable":true,"href":"https:\/\/handelsverband.swiss\/fr\/wp-json\/wp\/v2\/event_type_2?post=56665"}],"curies":[{"name":"wp","href":"https:\/\/api.w.org\/{rel}","templated":true}]}}