{"id":58833,"date":"2025-10-16T13:27:00","date_gmt":"2025-10-16T11:27:00","guid":{"rendered":"https:\/\/handelsverband.swiss\/?post_type=ajde_events&#038;p=58833"},"modified":"2026-03-06T15:44:41","modified_gmt":"2026-03-06T14:44:41","slug":"event-jahresstatistik-und-ausblick-2026-handelsverband-swiss","status":"publish","type":"ajde_events","link":"https:\/\/handelsverband.swiss\/fr\/events\/event-jahresstatistik-und-ausblick-2026-handelsverband-swiss\/","title":{"rendered":"Event Jahresstatistik und Ausblick 2026 @HANDELSVERBAND.swiss"},"content":{"rendered":"<p><strong>Nehmen Sie an unserem Anlass \u00abJahresstatistik &amp; Ausblick 2026\u00bb, am Donnerstag, 12. M\u00e4rz 2026, 8.30 \u2013 13 Uhr in Z\u00fcrich teil und erfahren Sie mehr.<\/strong><\/p>\n<p>Der HANDELSVERBAND.swiss f\u00fchrt zum 19. Mal gemeinsam mit NIQ und in Zusammenarbeit mit der Schweizerischen Post die Gesamtmarkterhebung f\u00fcr den Onlinehandel in der Schweiz durch. Erg\u00e4nzt werden diese Zahlen und Informationen zum Onlinehandel durch die Auswertungen aus dem NIQ-Markt Monitor. Somit erhalten Sie einen Gesamt\u00fcberblick \u00fcber den Schweizer Handel \u2013 online und offline. Ganz nach unserem Motto: Just commerce.<\/p>\n<p>An unserer Veranstaltung zeigen wir, was den Schweizer Detailhandel im Jahr 2025 besch\u00e4ftigt hat und wie die Aussichten auf das Jahr 2026, aus unserer Sicht, sein k\u00f6nnten.<\/p>\n<p><strong>Programm:<\/strong><strong><br \/>\n08.30 Uhr\u00a0 \u00a0 Begr\u00fcssungskaffee<br \/>\n09.00 Uhr\u00a0 \u00a0\u00a0Begr\u00fcssung<br \/>\n09.10 Uhr \u00a0\u00a0 Pr\u00e4sentation Jahresstatistik 2025<\/strong><br \/>\n<em>\u00a0 \u00a0 \u00a0 \u00a0 \u00a0 \u00a0 \u00a0 \u00a0 \u00a0 \u00a0 \u00a0 Luca Giuriato, NIQ<\/em><em><br \/>\n<em>\u00a0 \u00a0 \u00a0 \u00a0 \u00a0 \u00a0 \u00a0 \u00a0 \u00a0 \u00a0 \u00a0 Bernhard Egger, HANDELSVERBAND.swiss<br \/>\n<\/em><\/em><strong>09.50 Uhr\u00a0 \u00a0 Q&amp;A Presse\u00a0\u00a0\u00a0\u00a0\u00a0<\/strong><strong><br \/>\n10.10 Uhr\u00a0 \u00a0 Kaffeepause\u00a0 \u00a0 <\/strong><br \/>\n<strong>10.45 Uhr \u00a0\u00a0 Erg\u00e4nzende Information Jahresstatistik 2025 f\u00fcr Mitglieder\u00a0 <\/strong><em><em><br \/>\n<em>\u00a0 \u00a0 \u00a0 \u00a0 \u00a0 \u00a0 \u00a0 \u00a0 \u00a0 \u00a0 \u00a0 Bernhard Egger, HANDELSVERBAND.swiss<br \/>\n<\/em><\/em><\/em><strong>11.00 Uhr \u00a0\u00a0 Ausblick 2026 HANDELSVERBAND.swiss<\/strong><em><em><em><br \/>\n<em>\u00a0 \u00a0 \u00a0 \u00a0 \u00a0 \u00a0 \u00a0 \u00a0 \u00a0 \u00a0 \u00a0 Bernhard Egger, HANDELSVERBAND.swiss<br \/>\n<\/em><\/em><\/em><\/em><strong>11.10 Uhr \u00a0\u00a0 Ausblick 2026 Post \u00a0\u00a0<\/strong><em><em><em><em><br \/>\n<em>\u00a0 \u00a0 \u00a0 \u00a0 \u00a0 \u00a0 \u00a0 \u00a0 \u00a0 \u00a0 \u00a0 Biljana Amato, Post CH AG<br \/>\n<\/em><\/em><\/em><\/em><\/em><strong>11.20 Uhr \u00a0\u00a0 UBS Retail Outlook 2026<\/strong><em><em><em><em><em><em><br \/>\n<em>\u00a0 \u00a0 \u00a0 \u00a0 \u00a0 \u00a0 \u00a0 \u00a0 \u00a0 \u00a0 \u00a0 Meret M\u00fcgeli, UBS Switzerland AG<br \/>\n<\/em><\/em><\/em><\/em><\/em><\/em><\/em><strong>11.40 Uhr\u00a0 \u00a0 Fragen &amp; Antworten\u00a0 \u00a0\u00a0<\/strong><strong><br \/>\n11.50 Uhr \u00a0\u00a0 Zusammenfassung und Abschluss<br \/>\n12.00 Uhr\u00a0\u00a0\u00a0 Aperitif &amp; Networking<\/strong><\/p>\n<p>Im ersten Teil werden wir Vertreter der Schweizer Medien begr\u00fcssen d\u00fcrfen.<\/p>\n<p><strong>Seien auch Sie dabei &#8211; melden Sie sich jetzt an! <a href=\"https:\/\/eventfrog.ch\/de\/p\/kurse-seminare\/sonstige-kurse-seminare\/veranstaltung-jahresstatistik-und-ausblick-2026-7389259867154846480.html\" target=\"_blank\" rel=\"noopener\">Zur Anmeldung<\/a><\/strong><\/p>\n<p><strong>Wir freuen uns auf Ihre Teilnahme und den regen Austausch an diesem Netzwerkanlass.<\/strong><\/p>\n<p>&nbsp;<\/p>\n<p>Eventsponsor:<\/p>\n<p><a href=\"https:\/\/www.post.ch\/de\"><img loading=\"lazy\" decoding=\"async\" class=\"alignleft\" src=\"https:\/\/handelsverband.swiss\/wp-content\/uploads\/2025\/11\/Post-neu-2024_125x125.png\" alt=\"\" width=\"125\" height=\"125\" \/><\/a><\/p>\n","protected":false},"author":4578,"featured_media":54398,"menu_order":0,"comment_status":"open","ping_status":"closed","template":"","meta":{"_acf_changed":false},"tags":[],"event_type":[],"event_type_2":[],"class_list":["post-58833","ajde_events","type-ajde_events","status-publish","has-post-thumbnail","hentry","event_location-bildungszentrum-sihlpost","event_organizer-handelsverband-swiss"],"acf":[],"yoast_head":"<!-- This site is optimized with the Yoast SEO plugin v27.5 - https:\/\/yoast.com\/product\/yoast-seo-wordpress\/ -->\n<title>Event Jahresstatistik und Ausblick 2026 @HANDELSVERBAND.swiss - HANDELSVERBAND. swiss<\/title>\n<meta name=\"robots\" content=\"index, follow, max-snippet:-1, max-image-preview:large, max-video-preview:-1\" \/>\n<meta property=\"og:locale\" content=\"fr_FR\" \/>\n<meta property=\"og:type\" content=\"article\" \/>\n<meta property=\"og:title\" content=\"Event Jahresstatistik und Ausblick 2026 @HANDELSVERBAND.swiss - HANDELSVERBAND. swiss\" \/>\n<meta property=\"og:description\" content=\"Nehmen Sie an unserem Anlass\" \/>\n<meta property=\"og:url\" content=\"https:\/\/handelsverband.swiss\/fr\/events\/event-jahresstatistik-und-ausblick-2026-handelsverband-swiss\/\" \/>\n<meta property=\"og:site_name\" content=\"HANDELSVERBAND. swiss\" \/>\n<meta property=\"article:modified_time\" content=\"2026-03-06T14:44:41+00:00\" \/>\n<meta property=\"og:image\" content=\"https:\/\/handelsverband.swiss\/wp-content\/uploads\/2024\/10\/AdobeStock_473452425_730_400.webp\" \/>\n\t<meta property=\"og:image:width\" content=\"730\" \/>\n\t<meta property=\"og:image:height\" content=\"400\" \/>\n\t<meta property=\"og:image:type\" content=\"image\/webp\" \/>\n<meta name=\"twitter:card\" content=\"summary_large_image\" \/>\n<meta name=\"twitter:label1\" content=\"Est. reading time\" \/>\n\t<meta name=\"twitter:data1\" content=\"2 minutes\" \/>\n<script type=\"application\/ld+json\" class=\"yoast-schema-graph\">{\"@context\":\"https:\\\/\\\/schema.org\",\"@graph\":[{\"@type\":\"WebPage\",\"@id\":\"https:\\\/\\\/handelsverband.swiss\\\/fr\\\/events\\\/event-jahresstatistik-und-ausblick-2026-handelsverband-swiss\\\/\",\"url\":\"https:\\\/\\\/handelsverband.swiss\\\/fr\\\/events\\\/event-jahresstatistik-und-ausblick-2026-handelsverband-swiss\\\/\",\"name\":\"Event Jahresstatistik und Ausblick 2026 @HANDELSVERBAND.swiss - HANDELSVERBAND. swiss\",\"isPartOf\":{\"@id\":\"https:\\\/\\\/handelsverband.swiss\\\/#website\"},\"primaryImageOfPage\":{\"@id\":\"https:\\\/\\\/handelsverband.swiss\\\/fr\\\/events\\\/event-jahresstatistik-und-ausblick-2026-handelsverband-swiss\\\/#primaryimage\"},\"image\":{\"@id\":\"https:\\\/\\\/handelsverband.swiss\\\/fr\\\/events\\\/event-jahresstatistik-und-ausblick-2026-handelsverband-swiss\\\/#primaryimage\"},\"thumbnailUrl\":\"https:\\\/\\\/handelsverband.swiss\\\/wp-content\\\/uploads\\\/2024\\\/10\\\/AdobeStock_473452425_730_400.webp\",\"datePublished\":\"2025-10-16T11:27:00+00:00\",\"dateModified\":\"2026-03-06T14:44:41+00:00\",\"breadcrumb\":{\"@id\":\"https:\\\/\\\/handelsverband.swiss\\\/fr\\\/events\\\/event-jahresstatistik-und-ausblick-2026-handelsverband-swiss\\\/#breadcrumb\"},\"inLanguage\":\"fr-FR\",\"potentialAction\":[{\"@type\":\"ReadAction\",\"target\":[\"https:\\\/\\\/handelsverband.swiss\\\/fr\\\/events\\\/event-jahresstatistik-und-ausblick-2026-handelsverband-swiss\\\/\"]}]},{\"@type\":\"ImageObject\",\"inLanguage\":\"fr-FR\",\"@id\":\"https:\\\/\\\/handelsverband.swiss\\\/fr\\\/events\\\/event-jahresstatistik-und-ausblick-2026-handelsverband-swiss\\\/#primaryimage\",\"url\":\"https:\\\/\\\/handelsverband.swiss\\\/wp-content\\\/uploads\\\/2024\\\/10\\\/AdobeStock_473452425_730_400.webp\",\"contentUrl\":\"https:\\\/\\\/handelsverband.swiss\\\/wp-content\\\/uploads\\\/2024\\\/10\\\/AdobeStock_473452425_730_400.webp\",\"width\":730,\"height\":400},{\"@type\":\"BreadcrumbList\",\"@id\":\"https:\\\/\\\/handelsverband.swiss\\\/fr\\\/events\\\/event-jahresstatistik-und-ausblick-2026-handelsverband-swiss\\\/#breadcrumb\",\"itemListElement\":[{\"@type\":\"ListItem\",\"position\":1,\"name\":\"Startseite\",\"item\":\"https:\\\/\\\/handelsverband.swiss\\\/fr\\\/\"},{\"@type\":\"ListItem\",\"position\":2,\"name\":\"Events\",\"item\":\"https:\\\/\\\/handelsverband.swiss\\\/events\\\/\"},{\"@type\":\"ListItem\",\"position\":3,\"name\":\"Event Jahresstatistik und Ausblick 2026 @HANDELSVERBAND.swiss\"}]},{\"@type\":\"WebSite\",\"@id\":\"https:\\\/\\\/handelsverband.swiss\\\/#website\",\"url\":\"https:\\\/\\\/handelsverband.swiss\\\/\",\"name\":\"HANDELSVERBAND.swiss\",\"description\":\"ASSOCIATION DE COMMERCE.swiss\",\"publisher\":{\"@id\":\"https:\\\/\\\/handelsverband.swiss\\\/#organization\"},\"potentialAction\":[{\"@type\":\"SearchAction\",\"target\":{\"@type\":\"EntryPoint\",\"urlTemplate\":\"https:\\\/\\\/handelsverband.swiss\\\/?s={search_term_string}\"},\"query-input\":{\"@type\":\"PropertyValueSpecification\",\"valueRequired\":true,\"valueName\":\"search_term_string\"}}],\"inLanguage\":\"fr-FR\"},{\"@type\":\"Organization\",\"@id\":\"https:\\\/\\\/handelsverband.swiss\\\/#organization\",\"name\":\"HANDELSVERBAND.swiss\",\"url\":\"https:\\\/\\\/handelsverband.swiss\\\/\",\"logo\":{\"@type\":\"ImageObject\",\"inLanguage\":\"fr-FR\",\"@id\":\"https:\\\/\\\/handelsverband.swiss\\\/#\\\/schema\\\/logo\\\/image\\\/\",\"url\":\"https:\\\/\\\/handelsverband.swiss\\\/wp-content\\\/uploads\\\/2020\\\/03\\\/hv_brand_rgb.png\",\"contentUrl\":\"https:\\\/\\\/handelsverband.swiss\\\/wp-content\\\/uploads\\\/2020\\\/03\\\/hv_brand_rgb.png\",\"width\":1714,\"height\":472,\"caption\":\"HANDELSVERBAND.swiss\"},\"image\":{\"@id\":\"https:\\\/\\\/handelsverband.swiss\\\/#\\\/schema\\\/logo\\\/image\\\/\"}}]}<\/script>\n<!-- \/ Yoast SEO plugin. -->","yoast_head_json":{"title":"Event Jahresstatistik und Ausblick 2026 @HANDELSVERBAND.swiss - HANDELSVERBAND. swiss","robots":{"index":"index","follow":"follow","max-snippet":"max-snippet:-1","max-image-preview":"max-image-preview:large","max-video-preview":"max-video-preview:-1"},"og_locale":"fr_FR","og_type":"article","og_title":"Event Jahresstatistik und Ausblick 2026 @HANDELSVERBAND.swiss - HANDELSVERBAND. swiss","og_description":"Nehmen Sie an unserem Anlass","og_url":"https:\/\/handelsverband.swiss\/fr\/events\/event-jahresstatistik-und-ausblick-2026-handelsverband-swiss\/","og_site_name":"HANDELSVERBAND. swiss","article_modified_time":"2026-03-06T14:44:41+00:00","og_image":[{"width":730,"height":400,"url":"https:\/\/handelsverband.swiss\/wp-content\/uploads\/2024\/10\/AdobeStock_473452425_730_400.webp","type":"image\/webp"}],"twitter_card":"summary_large_image","twitter_misc":{"Est. reading time":"2 minutes"},"schema":{"@context":"https:\/\/schema.org","@graph":[{"@type":"WebPage","@id":"https:\/\/handelsverband.swiss\/fr\/events\/event-jahresstatistik-und-ausblick-2026-handelsverband-swiss\/","url":"https:\/\/handelsverband.swiss\/fr\/events\/event-jahresstatistik-und-ausblick-2026-handelsverband-swiss\/","name":"Event Jahresstatistik und Ausblick 2026 @HANDELSVERBAND.swiss - HANDELSVERBAND. swiss","isPartOf":{"@id":"https:\/\/handelsverband.swiss\/#website"},"primaryImageOfPage":{"@id":"https:\/\/handelsverband.swiss\/fr\/events\/event-jahresstatistik-und-ausblick-2026-handelsverband-swiss\/#primaryimage"},"image":{"@id":"https:\/\/handelsverband.swiss\/fr\/events\/event-jahresstatistik-und-ausblick-2026-handelsverband-swiss\/#primaryimage"},"thumbnailUrl":"https:\/\/handelsverband.swiss\/wp-content\/uploads\/2024\/10\/AdobeStock_473452425_730_400.webp","datePublished":"2025-10-16T11:27:00+00:00","dateModified":"2026-03-06T14:44:41+00:00","breadcrumb":{"@id":"https:\/\/handelsverband.swiss\/fr\/events\/event-jahresstatistik-und-ausblick-2026-handelsverband-swiss\/#breadcrumb"},"inLanguage":"fr-FR","potentialAction":[{"@type":"ReadAction","target":["https:\/\/handelsverband.swiss\/fr\/events\/event-jahresstatistik-und-ausblick-2026-handelsverband-swiss\/"]}]},{"@type":"ImageObject","inLanguage":"fr-FR","@id":"https:\/\/handelsverband.swiss\/fr\/events\/event-jahresstatistik-und-ausblick-2026-handelsverband-swiss\/#primaryimage","url":"https:\/\/handelsverband.swiss\/wp-content\/uploads\/2024\/10\/AdobeStock_473452425_730_400.webp","contentUrl":"https:\/\/handelsverband.swiss\/wp-content\/uploads\/2024\/10\/AdobeStock_473452425_730_400.webp","width":730,"height":400},{"@type":"BreadcrumbList","@id":"https:\/\/handelsverband.swiss\/fr\/events\/event-jahresstatistik-und-ausblick-2026-handelsverband-swiss\/#breadcrumb","itemListElement":[{"@type":"ListItem","position":1,"name":"Startseite","item":"https:\/\/handelsverband.swiss\/fr\/"},{"@type":"ListItem","position":2,"name":"Events","item":"https:\/\/handelsverband.swiss\/events\/"},{"@type":"ListItem","position":3,"name":"Event Jahresstatistik und Ausblick 2026 @HANDELSVERBAND.swiss"}]},{"@type":"WebSite","@id":"https:\/\/handelsverband.swiss\/#website","url":"https:\/\/handelsverband.swiss\/","name":"HANDELSVERBAND.swiss","description":"ASSOCIATION DE COMMERCE.swiss","publisher":{"@id":"https:\/\/handelsverband.swiss\/#organization"},"potentialAction":[{"@type":"SearchAction","target":{"@type":"EntryPoint","urlTemplate":"https:\/\/handelsverband.swiss\/?s={search_term_string}"},"query-input":{"@type":"PropertyValueSpecification","valueRequired":true,"valueName":"search_term_string"}}],"inLanguage":"fr-FR"},{"@type":"Organization","@id":"https:\/\/handelsverband.swiss\/#organization","name":"HANDELSVERBAND.swiss","url":"https:\/\/handelsverband.swiss\/","logo":{"@type":"ImageObject","inLanguage":"fr-FR","@id":"https:\/\/handelsverband.swiss\/#\/schema\/logo\/image\/","url":"https:\/\/handelsverband.swiss\/wp-content\/uploads\/2020\/03\/hv_brand_rgb.png","contentUrl":"https:\/\/handelsverband.swiss\/wp-content\/uploads\/2020\/03\/hv_brand_rgb.png","width":1714,"height":472,"caption":"HANDELSVERBAND.swiss"},"image":{"@id":"https:\/\/handelsverband.swiss\/#\/schema\/logo\/image\/"}}]}},"_links":{"self":[{"href":"https:\/\/handelsverband.swiss\/fr\/wp-json\/wp\/v2\/ajde_events\/58833","targetHints":{"allow":["GET"]}}],"collection":[{"href":"https:\/\/handelsverband.swiss\/fr\/wp-json\/wp\/v2\/ajde_events"}],"about":[{"href":"https:\/\/handelsverband.swiss\/fr\/wp-json\/wp\/v2\/types\/ajde_events"}],"author":[{"embeddable":true,"href":"https:\/\/handelsverband.swiss\/fr\/wp-json\/wp\/v2\/users\/4578"}],"replies":[{"embeddable":true,"href":"https:\/\/handelsverband.swiss\/fr\/wp-json\/wp\/v2\/comments?post=58833"}],"wp:featuredmedia":[{"embeddable":true,"href":"https:\/\/handelsverband.swiss\/fr\/wp-json\/wp\/v2\/media\/54398"}],"wp:attachment":[{"href":"https:\/\/handelsverband.swiss\/fr\/wp-json\/wp\/v2\/media?parent=58833"}],"wp:term":[{"taxonomy":"post_tag","embeddable":true,"href":"https:\/\/handelsverband.swiss\/fr\/wp-json\/wp\/v2\/tags?post=58833"},{"taxonomy":"event_type","embeddable":true,"href":"https:\/\/handelsverband.swiss\/fr\/wp-json\/wp\/v2\/event_type?post=58833"},{"taxonomy":"event_type_2","embeddable":true,"href":"https:\/\/handelsverband.swiss\/fr\/wp-json\/wp\/v2\/event_type_2?post=58833"}],"curies":[{"name":"wp","href":"https:\/\/api.w.org\/{rel}","templated":true}]}}