{"id":59540,"date":"2026-01-12T08:57:17","date_gmt":"2026-01-12T07:57:17","guid":{"rendered":"https:\/\/handelsverband.swiss\/?post_type=ajde_events&#038;p=59540"},"modified":"2026-01-20T15:23:41","modified_gmt":"2026-01-20T14:23:41","slug":"schweizer-detailhandelstagung","status":"publish","type":"ajde_events","link":"https:\/\/handelsverband.swiss\/fr\/events\/schweizer-detailhandelstagung\/","title":{"rendered":"Schweizer Detailhandelstagung"},"content":{"rendered":"<p><strong>Die Schweizer Detailhandelstagung geh\u00f6rt seit \u00fcber 30 Jahren zu den etablierten Branchentreffen des Schweizer Handels. Sie bringt Entscheiderinnen und Entscheider aus Detailhandel, Industrie, Verb\u00e4nden, Politik und Forschung zusammen und bietet Orientierung zu den zentralen Entwicklungen der Branche. Von Konsum- und Markttrends \u00fcber Standort- und Ladenformate bis hin zu strategischen und politischen Rahmenbedingungen.<\/strong><\/p>\n<p>Besonders freuen wir uns, bereits einige der ersten best\u00e4tigten Speaker:innen bekanntgeben zu d\u00fcrfen:<\/p>\n<ul>\n<li><strong>Meret M\u00fcgeli, \u00d6konomin &amp; Detailhandelsexpertin, Chief Investment Office, UBS<\/strong><\/li>\n<li><strong>Markus Brand, Senior Analytic Consultant Retailer Services, NielsenIQ<\/strong><\/li>\n<li><strong>Kevin Hodel, Head of Sales &amp; Business Development, Intelligentfood<\/strong><\/li>\n<li><strong>Bernhard Egger, CEO, HANDELSVERBAND.swiss<\/strong><\/li>\n<li><strong>Theresa Schleicher, Handelsexpertin, Zukunftsforscherin &amp; Autorin<\/strong><\/li>\n<li><strong>Lea Frank, CEO, anybill<\/strong><\/li>\n<li><strong>Heiner Herz, CEO, SIGG<\/strong><\/li>\n<li><strong>Dr. Peter Kreuz, Gr\u00fcnder Rebel Minds United, Spiegel-Bestsellerautor<\/strong><\/li>\n<li><strong>Nikolas von Haugwitz, CEO, M\u00f6venpick Wein Schweiz AG<\/strong><\/li>\n<\/ul>\n<p>Auch 2026 wird es wieder ein Live-Interview auf der B\u00fchne geben, gef\u00fchrt vom Chefredaktor der Handelszeitung, Markus Diem Meier. Weitere Best\u00e4tigungen folgen in K\u00fcrze.<\/p>\n<p><a href=\"https:\/\/marketing-forum.ch\/schweiz-detailhandelstagung-2026\/#dht-speaker\" target=\"_blank\" rel=\"noopener\">Hier finden Sie die Referenten\u00fcbersicht<\/a><\/p>\n<p><strong>Exklusives Angebot f\u00fcr Mitglieder des HANDELSVERBAND.swiss:<\/strong><\/p>\n<ul>\n<li><strong>Anmeldung f\u00fcr\u2013 3-f\u00fcr-2-Aktion auf Gruppentickets<\/strong><br \/>\n(Bitte bei den Angaben zur Person die Mitgliedschaft beim HANDELSVERBAND.swiss vermerken.)<\/li>\n<li><strong>\u2013 10% Rabatt auf Einzeltickets<\/strong><br \/>\n(Bitte Bestellung per E-Mail an &#x66;o&#x72;&#117;m&#x40;&#109;&#x61;&#114;k&#x65;&#116;&#x69;&#110;g&#x2d;&#102;&#x6f;&#x72;u&#x6d;&#46;c&#x68; mit Hinweis auf den HANDELSVERBAND.swiss.)<\/li>\n<\/ul>\n<p><strong><a href=\"https:\/\/marketing-forum.ch\/schweiz-detailhandelstagung-2026\/\" target=\"_blank\" rel=\"noopener\">Weitere Informationen und Anmeldung<\/a><\/strong><\/p>\n","protected":false},"author":4578,"featured_media":59539,"menu_order":0,"comment_status":"open","ping_status":"closed","template":"","meta":{"_acf_changed":false},"tags":[],"event_type":[],"event_type_2":[],"class_list":["post-59540","ajde_events","type-ajde_events","status-publish","has-post-thumbnail","hentry","event_location-seminarhotel-bocken","event_organizer-schweiz-marketing-forum"],"acf":[],"yoast_head":"<!-- This site is optimized with the Yoast SEO plugin v27.5 - https:\/\/yoast.com\/product\/yoast-seo-wordpress\/ -->\n<title>Schweizer Detailhandelstagung - HANDELSVERBAND. swiss<\/title>\n<meta name=\"robots\" content=\"index, follow, max-snippet:-1, max-image-preview:large, max-video-preview:-1\" \/>\n<meta property=\"og:locale\" content=\"fr_FR\" \/>\n<meta property=\"og:type\" content=\"article\" \/>\n<meta property=\"og:title\" content=\"Schweizer Detailhandelstagung - HANDELSVERBAND. swiss\" \/>\n<meta property=\"og:description\" content=\"Die Schweizer Detailhandelstagung geh\u00f6rt seit\" \/>\n<meta property=\"og:url\" content=\"https:\/\/handelsverband.swiss\/fr\/events\/schweizer-detailhandelstagung\/\" \/>\n<meta property=\"og:site_name\" content=\"HANDELSVERBAND. swiss\" \/>\n<meta property=\"article:modified_time\" content=\"2026-01-20T14:23:41+00:00\" \/>\n<meta property=\"og:image\" content=\"https:\/\/handelsverband.swiss\/wp-content\/uploads\/2026\/01\/DHT26-730-x-400-px.png\" \/>\n\t<meta property=\"og:image:width\" content=\"730\" \/>\n\t<meta property=\"og:image:height\" content=\"400\" \/>\n\t<meta property=\"og:image:type\" content=\"image\/png\" \/>\n<meta name=\"twitter:card\" content=\"summary_large_image\" \/>\n<meta name=\"twitter:label1\" content=\"Est. reading time\" \/>\n\t<meta name=\"twitter:data1\" content=\"2 minutes\" \/>\n<script type=\"application\/ld+json\" class=\"yoast-schema-graph\">{\"@context\":\"https:\\\/\\\/schema.org\",\"@graph\":[{\"@type\":\"WebPage\",\"@id\":\"https:\\\/\\\/handelsverband.swiss\\\/fr\\\/events\\\/schweizer-detailhandelstagung\\\/\",\"url\":\"https:\\\/\\\/handelsverband.swiss\\\/fr\\\/events\\\/schweizer-detailhandelstagung\\\/\",\"name\":\"Schweizer Detailhandelstagung - HANDELSVERBAND. swiss\",\"isPartOf\":{\"@id\":\"https:\\\/\\\/handelsverband.swiss\\\/#website\"},\"primaryImageOfPage\":{\"@id\":\"https:\\\/\\\/handelsverband.swiss\\\/fr\\\/events\\\/schweizer-detailhandelstagung\\\/#primaryimage\"},\"image\":{\"@id\":\"https:\\\/\\\/handelsverband.swiss\\\/fr\\\/events\\\/schweizer-detailhandelstagung\\\/#primaryimage\"},\"thumbnailUrl\":\"https:\\\/\\\/handelsverband.swiss\\\/wp-content\\\/uploads\\\/2026\\\/01\\\/DHT26-730-x-400-px.png\",\"datePublished\":\"2026-01-12T07:57:17+00:00\",\"dateModified\":\"2026-01-20T14:23:41+00:00\",\"breadcrumb\":{\"@id\":\"https:\\\/\\\/handelsverband.swiss\\\/fr\\\/events\\\/schweizer-detailhandelstagung\\\/#breadcrumb\"},\"inLanguage\":\"fr-FR\",\"potentialAction\":[{\"@type\":\"ReadAction\",\"target\":[\"https:\\\/\\\/handelsverband.swiss\\\/fr\\\/events\\\/schweizer-detailhandelstagung\\\/\"]}]},{\"@type\":\"ImageObject\",\"inLanguage\":\"fr-FR\",\"@id\":\"https:\\\/\\\/handelsverband.swiss\\\/fr\\\/events\\\/schweizer-detailhandelstagung\\\/#primaryimage\",\"url\":\"https:\\\/\\\/handelsverband.swiss\\\/wp-content\\\/uploads\\\/2026\\\/01\\\/DHT26-730-x-400-px.png\",\"contentUrl\":\"https:\\\/\\\/handelsverband.swiss\\\/wp-content\\\/uploads\\\/2026\\\/01\\\/DHT26-730-x-400-px.png\",\"width\":730,\"height\":400},{\"@type\":\"BreadcrumbList\",\"@id\":\"https:\\\/\\\/handelsverband.swiss\\\/fr\\\/events\\\/schweizer-detailhandelstagung\\\/#breadcrumb\",\"itemListElement\":[{\"@type\":\"ListItem\",\"position\":1,\"name\":\"Startseite\",\"item\":\"https:\\\/\\\/handelsverband.swiss\\\/fr\\\/\"},{\"@type\":\"ListItem\",\"position\":2,\"name\":\"Events\",\"item\":\"https:\\\/\\\/handelsverband.swiss\\\/events\\\/\"},{\"@type\":\"ListItem\",\"position\":3,\"name\":\"Schweizer Detailhandelstagung\"}]},{\"@type\":\"WebSite\",\"@id\":\"https:\\\/\\\/handelsverband.swiss\\\/#website\",\"url\":\"https:\\\/\\\/handelsverband.swiss\\\/\",\"name\":\"HANDELSVERBAND.swiss\",\"description\":\"ASSOCIATION DE COMMERCE.swiss\",\"publisher\":{\"@id\":\"https:\\\/\\\/handelsverband.swiss\\\/#organization\"},\"potentialAction\":[{\"@type\":\"SearchAction\",\"target\":{\"@type\":\"EntryPoint\",\"urlTemplate\":\"https:\\\/\\\/handelsverband.swiss\\\/?s={search_term_string}\"},\"query-input\":{\"@type\":\"PropertyValueSpecification\",\"valueRequired\":true,\"valueName\":\"search_term_string\"}}],\"inLanguage\":\"fr-FR\"},{\"@type\":\"Organization\",\"@id\":\"https:\\\/\\\/handelsverband.swiss\\\/#organization\",\"name\":\"HANDELSVERBAND.swiss\",\"url\":\"https:\\\/\\\/handelsverband.swiss\\\/\",\"logo\":{\"@type\":\"ImageObject\",\"inLanguage\":\"fr-FR\",\"@id\":\"https:\\\/\\\/handelsverband.swiss\\\/#\\\/schema\\\/logo\\\/image\\\/\",\"url\":\"https:\\\/\\\/handelsverband.swiss\\\/wp-content\\\/uploads\\\/2020\\\/03\\\/hv_brand_rgb.png\",\"contentUrl\":\"https:\\\/\\\/handelsverband.swiss\\\/wp-content\\\/uploads\\\/2020\\\/03\\\/hv_brand_rgb.png\",\"width\":1714,\"height\":472,\"caption\":\"HANDELSVERBAND.swiss\"},\"image\":{\"@id\":\"https:\\\/\\\/handelsverband.swiss\\\/#\\\/schema\\\/logo\\\/image\\\/\"}}]}<\/script>\n<!-- \/ Yoast SEO plugin. -->","yoast_head_json":{"title":"Schweizer Detailhandelstagung - HANDELSVERBAND. swiss","robots":{"index":"index","follow":"follow","max-snippet":"max-snippet:-1","max-image-preview":"max-image-preview:large","max-video-preview":"max-video-preview:-1"},"og_locale":"fr_FR","og_type":"article","og_title":"Schweizer Detailhandelstagung - HANDELSVERBAND. swiss","og_description":"Die Schweizer Detailhandelstagung geh\u00f6rt seit","og_url":"https:\/\/handelsverband.swiss\/fr\/events\/schweizer-detailhandelstagung\/","og_site_name":"HANDELSVERBAND. swiss","article_modified_time":"2026-01-20T14:23:41+00:00","og_image":[{"width":730,"height":400,"url":"https:\/\/handelsverband.swiss\/wp-content\/uploads\/2026\/01\/DHT26-730-x-400-px.png","type":"image\/png"}],"twitter_card":"summary_large_image","twitter_misc":{"Est. reading time":"2 minutes"},"schema":{"@context":"https:\/\/schema.org","@graph":[{"@type":"WebPage","@id":"https:\/\/handelsverband.swiss\/fr\/events\/schweizer-detailhandelstagung\/","url":"https:\/\/handelsverband.swiss\/fr\/events\/schweizer-detailhandelstagung\/","name":"Schweizer Detailhandelstagung - HANDELSVERBAND. swiss","isPartOf":{"@id":"https:\/\/handelsverband.swiss\/#website"},"primaryImageOfPage":{"@id":"https:\/\/handelsverband.swiss\/fr\/events\/schweizer-detailhandelstagung\/#primaryimage"},"image":{"@id":"https:\/\/handelsverband.swiss\/fr\/events\/schweizer-detailhandelstagung\/#primaryimage"},"thumbnailUrl":"https:\/\/handelsverband.swiss\/wp-content\/uploads\/2026\/01\/DHT26-730-x-400-px.png","datePublished":"2026-01-12T07:57:17+00:00","dateModified":"2026-01-20T14:23:41+00:00","breadcrumb":{"@id":"https:\/\/handelsverband.swiss\/fr\/events\/schweizer-detailhandelstagung\/#breadcrumb"},"inLanguage":"fr-FR","potentialAction":[{"@type":"ReadAction","target":["https:\/\/handelsverband.swiss\/fr\/events\/schweizer-detailhandelstagung\/"]}]},{"@type":"ImageObject","inLanguage":"fr-FR","@id":"https:\/\/handelsverband.swiss\/fr\/events\/schweizer-detailhandelstagung\/#primaryimage","url":"https:\/\/handelsverband.swiss\/wp-content\/uploads\/2026\/01\/DHT26-730-x-400-px.png","contentUrl":"https:\/\/handelsverband.swiss\/wp-content\/uploads\/2026\/01\/DHT26-730-x-400-px.png","width":730,"height":400},{"@type":"BreadcrumbList","@id":"https:\/\/handelsverband.swiss\/fr\/events\/schweizer-detailhandelstagung\/#breadcrumb","itemListElement":[{"@type":"ListItem","position":1,"name":"Startseite","item":"https:\/\/handelsverband.swiss\/fr\/"},{"@type":"ListItem","position":2,"name":"Events","item":"https:\/\/handelsverband.swiss\/events\/"},{"@type":"ListItem","position":3,"name":"Schweizer Detailhandelstagung"}]},{"@type":"WebSite","@id":"https:\/\/handelsverband.swiss\/#website","url":"https:\/\/handelsverband.swiss\/","name":"HANDELSVERBAND.swiss","description":"ASSOCIATION DE COMMERCE.swiss","publisher":{"@id":"https:\/\/handelsverband.swiss\/#organization"},"potentialAction":[{"@type":"SearchAction","target":{"@type":"EntryPoint","urlTemplate":"https:\/\/handelsverband.swiss\/?s={search_term_string}"},"query-input":{"@type":"PropertyValueSpecification","valueRequired":true,"valueName":"search_term_string"}}],"inLanguage":"fr-FR"},{"@type":"Organization","@id":"https:\/\/handelsverband.swiss\/#organization","name":"HANDELSVERBAND.swiss","url":"https:\/\/handelsverband.swiss\/","logo":{"@type":"ImageObject","inLanguage":"fr-FR","@id":"https:\/\/handelsverband.swiss\/#\/schema\/logo\/image\/","url":"https:\/\/handelsverband.swiss\/wp-content\/uploads\/2020\/03\/hv_brand_rgb.png","contentUrl":"https:\/\/handelsverband.swiss\/wp-content\/uploads\/2020\/03\/hv_brand_rgb.png","width":1714,"height":472,"caption":"HANDELSVERBAND.swiss"},"image":{"@id":"https:\/\/handelsverband.swiss\/#\/schema\/logo\/image\/"}}]}},"_links":{"self":[{"href":"https:\/\/handelsverband.swiss\/fr\/wp-json\/wp\/v2\/ajde_events\/59540","targetHints":{"allow":["GET"]}}],"collection":[{"href":"https:\/\/handelsverband.swiss\/fr\/wp-json\/wp\/v2\/ajde_events"}],"about":[{"href":"https:\/\/handelsverband.swiss\/fr\/wp-json\/wp\/v2\/types\/ajde_events"}],"author":[{"embeddable":true,"href":"https:\/\/handelsverband.swiss\/fr\/wp-json\/wp\/v2\/users\/4578"}],"replies":[{"embeddable":true,"href":"https:\/\/handelsverband.swiss\/fr\/wp-json\/wp\/v2\/comments?post=59540"}],"wp:featuredmedia":[{"embeddable":true,"href":"https:\/\/handelsverband.swiss\/fr\/wp-json\/wp\/v2\/media\/59539"}],"wp:attachment":[{"href":"https:\/\/handelsverband.swiss\/fr\/wp-json\/wp\/v2\/media?parent=59540"}],"wp:term":[{"taxonomy":"post_tag","embeddable":true,"href":"https:\/\/handelsverband.swiss\/fr\/wp-json\/wp\/v2\/tags?post=59540"},{"taxonomy":"event_type","embeddable":true,"href":"https:\/\/handelsverband.swiss\/fr\/wp-json\/wp\/v2\/event_type?post=59540"},{"taxonomy":"event_type_2","embeddable":true,"href":"https:\/\/handelsverband.swiss\/fr\/wp-json\/wp\/v2\/event_type_2?post=59540"}],"curies":[{"name":"wp","href":"https:\/\/api.w.org\/{rel}","templated":true}]}}