{"id":24662,"date":"2022-04-13T11:38:23","date_gmt":"2022-04-13T09:38:23","guid":{"rendered":"https:\/\/handelsverband.swiss\/?page_id=24662"},"modified":"2022-04-13T11:38:23","modified_gmt":"2022-04-13T09:38:23","slug":"espace-suisse-de-formation","status":"publish","type":"page","link":"https:\/\/handelsverband.swiss\/fr\/espace-suisse-de-formation\/","title":{"rendered":"Espace suisse de formation"},"content":{"rendered":"<p>Dans les limites de leurs comp\u00e9tences respectives, la Conf\u00e9d\u00e9ration et les cantons veillent ensemble \u00e0 la qualit\u00e9 et \u00e0 la perm\u00e9abilit\u00e9 de l\u2019espace suisse de formation (art. 61a de la Constitution f\u00e9d\u00e9rale, Cst.).<\/p>\n<p>La scolarit\u00e9 obligatoire (degr\u00e9 primaire et degr\u00e9 secondaire I), avec le degr\u00e9 pr\u00e9scolaire, est du ressort des cantons et des communes. Le degr\u00e9 secondaire II comprend, d\u2019une part, la formation professionnelle initiale et, d\u2019autre part, les \u00e9coles secondaires sup\u00e9rieures de formation g\u00e9n\u00e9rale (gymnases et \u00e9coles de culture g\u00e9n\u00e9rale), fr\u00e9quent\u00e9es apr\u00e8s la scolarit\u00e9 obligatoire.<\/p>\n<p>La Conf\u00e9d\u00e9ration dispose d\u2019une comp\u00e9tence r\u00e9glementaire compl\u00e8te pour la\u00a0<a href=\"https:\/\/www.sbfi.admin.ch\/sbfi\/fr\/home\/formation\/pilotage-et-politique-de-la-formation-professionnelle.html\"><b>formation professionnelle<\/b><\/a>. Les cantons et les milieux \u00e9conomiques veillent conjointement \u00e0 la mise en \u0153uvre des t\u00e2ches \u00e0 effectuer dans ce domaine. \u00c0 cette fin, les organisations du monde du travail (Ortra) d\u00e9finissent les contenus des formations et mettent \u00e0 disposition des places d\u2019apprentissage. En Suisse, environ 70% des jeunes choisissent une formation post-obligatoire orient\u00e9e vers une profession, en particulier un apprentissage (dual) en entreprise. S\u2019agissant des \u00e9coles de formation g\u00e9n\u00e9rale, les cantons d\u00e9tiennent en premier lieu la comp\u00e9tence l\u00e9gislative. Une convention entre la Conf\u00e9d\u00e9ration et les cantons r\u00e9glemente la reconnaissance des certificats de maturit\u00e9.<\/p>\n<p>Quant au degr\u00e9 tertiaire, tant la Conf\u00e9d\u00e9ration que les cantons s\u2019engagent comme organes responsables dans les domaines de la l\u00e9gislation, du financement, du pilotage et de la surveillance. L\u2019art. 63a Cst. fixe la r\u00e9partition des comp\u00e9tences au niveau des\u00a0<a href=\"https:\/\/www.sbfi.admin.ch\/sbfi\/fr\/home\/he\/hautes-ecoles.html\"><b>hautes \u00e9coles<\/b><\/a>: la Conf\u00e9d\u00e9ration et les cantons veillent ensemble \u00e0 la coordination et \u00e0 la garantie de l\u2019assurance de la qualit\u00e9. Ils accordent une large autonomie aux hautes \u00e9coles. La formation professionnelle sup\u00e9rieure rel\u00e8ve de la comp\u00e9tence f\u00e9d\u00e9rale en vertu de l\u2019art. 63 Cst.<\/p>\n<p>Au niveau de la\u00a0<a href=\"https:\/\/www.sbfi.admin.ch\/sbfi\/fr\/home\/formation\/formation-continue.html\"><b>formation continue<\/b><\/a>, la r\u00e9partition des comp\u00e9tences varie extr\u00eamement en ce qui concerne l\u2019ex\u00e9cution, les organes responsables et le financement. La Conf\u00e9d\u00e9ration a la comp\u00e9tence de fixer les principes applicables \u00e0 la formation continue et de l\u2019encourager (art. 64a Cst.).\u00a0La loi du 20 juin 2014 sur la formation continue (LFCo) concr\u00e9tise ce mandat constitutionnel. Les cantons peuvent \u00e9dicter des dispositions compl\u00e9mentaires.<\/p>\n<ul>\n<li><a href=\"https:\/\/www.sbfi.admin.ch\/sbfi\/fr\/home\/formation\/l-espace-suisse-de-formation\/systeme-educatif-suisse.html\" target=\"_blank\" rel=\"noopener\">Syst\u00e8me \u00e9ducatif suisse<\/a><\/li>\n<li><a href=\"https:\/\/handelsverband.swiss\/wp-admin\/upload.php?item=24653\" target=\"_blank\" rel=\"noopener\">Faits et chiffres 2021<\/a><\/li>\n<\/ul>\n<p>&nbsp;<\/p>\n<div class=\"mod mod-text\">\n<article class=\"clearfix\">\n<h3><b>La formation professionnelle sup\u00e9rieure<\/b><\/h3>\n<p>&nbsp;<\/p>\n<div class=\"mod mod-text\">\n<article class=\"clearfix\"><b>La formation professionnelle sup\u00e9rieure permet d\u2019acqu\u00e9rir des qualifications en vue d\u2019exercer des activit\u00e9s professionnelles complexes impliquant des responsabilit\u00e9s \u00e9lev\u00e9es. Elle pr\u00e9pare des professionnels qualifi\u00e9s \u00e0 l\u2019\u00e9conomie. Chaque ann\u00e9e, quelque 27&#8217;500 personnes obtiennent un dipl\u00f4me de la formation professionnelle sup\u00e9rieure.<\/b><\/p>\n<p>La formation professionnelle sup\u00e9rieure permet aux professionnels titulaires d\u2019un certificat f\u00e9d\u00e9ral de capacit\u00e9 (CFC) ou d\u2019un dipl\u00f4me \u00e9quivalent au degr\u00e9 secondaire II de se sp\u00e9cialiser et d\u2019approfondir leurs connaissances. La formation professionnelle sup\u00e9rieure repose sur l\u2019exp\u00e9rience professionnelle acquise ant\u00e9rieurement.<\/p>\n<p>La formation professionnelle sup\u00e9rieure prend appui sur l\u2019exp\u00e9rience professionnelle. En combinant l\u2019enseignement et la pratique professionnelle, elle reprend au degr\u00e9 tertiaire la logique du syst\u00e8me dual de formation professionnelle. La formation professionnelle sup\u00e9rieure est ax\u00e9e sur l\u2019acquisition de comp\u00e9tences et la prise en compte des besoins du march\u00e9 du travail. Elle encourage l\u2019apprentissage bas\u00e9 sur la pratique, l\u2019application rapide des connaissances professionnelles nouvellement acquises et un rythme d\u2019innovation \u00e9lev\u00e9. Autant d\u2019\u00e9l\u00e9ments qui font d\u2019elle un vivier de professionnels qualifi\u00e9s pour l\u2019\u00e9conomie suisse hautement sp\u00e9cialis\u00e9e.<\/p>\n<p>La formation professionnelle sup\u00e9rieure, les universit\u00e9s, les hautes \u00e9coles sp\u00e9cialis\u00e9es et les \u00e9coles polytechniques f\u00e9d\u00e9rales constituent le degr\u00e9 tertiaire du\u00a0<a href=\"https:\/\/www.sbfi.admin.ch\/sbfi\/fr\/home\/formation\/l-espace-suisse-de-formation\/systeme-educatif-suisse.html\"><b>syst\u00e8me \u00e9ducatif suisse<\/b><\/a>.<\/p>\n<p><b style=\"font-size: 1rem;\">La formation professionnelle sup\u00e9rieure comprend :<\/b><\/p>\n<ul>\n<li><span style=\"font-size: 1rem;\">examens f\u00e9d\u00e9raux (examens professionnels et examens professionnels sup\u00e9rieurs);<\/span><\/li>\n<li><span style=\"font-size: 1rem;\">fili\u00e8res de formation des \u00e9coles sup\u00e9rieures (ES).<\/span><\/li>\n<\/ul>\n<p><a style=\"background-color: #ffffff; font-size: 1rem;\" href=\"https:\/\/handelsverband.swiss\/wp-content\/uploads\/2022\/04\/la_formation_professionnelle_superieure-1.pdf\" target=\"_blank\" rel=\"noopener\">Brochure &#8220;Formation professionnelle sup\u00e9rieure \u2013 flexible et proche de la pratique&#8221;<\/a><\/p>\n<\/article>\n<\/div>\n<\/article>\n<\/div>\n","protected":false},"excerpt":{"rendered":"<p>Dans les limites de leurs<\/p>\n","protected":false},"author":4578,"featured_media":0,"parent":0,"menu_order":0,"comment_status":"closed","ping_status":"closed","template":"","meta":{"_acf_changed":false,"footnotes":""},"class_list":["post-24662","page","type-page","status-publish","hentry"],"acf":[],"yoast_head":"<!-- This site is optimized with the Yoast SEO plugin v27.5 - https:\/\/yoast.com\/product\/yoast-seo-wordpress\/ -->\n<title>Espace suisse de formation - HANDELSVERBAND. swiss<\/title>\n<meta name=\"robots\" content=\"index, follow, max-snippet:-1, max-image-preview:large, max-video-preview:-1\" \/>\n<meta property=\"og:locale\" content=\"fr_FR\" \/>\n<meta property=\"og:type\" content=\"article\" \/>\n<meta property=\"og:title\" content=\"Espace suisse de formation - HANDELSVERBAND. swiss\" \/>\n<meta property=\"og:description\" content=\"Dans les limites de leurs\" \/>\n<meta property=\"og:url\" content=\"https:\/\/handelsverband.swiss\/fr\/espace-suisse-de-formation\/\" \/>\n<meta property=\"og:site_name\" content=\"HANDELSVERBAND. swiss\" \/>\n<meta name=\"twitter:card\" content=\"summary_large_image\" \/>\n<meta name=\"twitter:label1\" content=\"Est. reading time\" \/>\n\t<meta name=\"twitter:data1\" content=\"3 minutes\" \/>\n<script type=\"application\/ld+json\" class=\"yoast-schema-graph\">{\"@context\":\"https:\\\/\\\/schema.org\",\"@graph\":[{\"@type\":\"WebPage\",\"@id\":\"https:\\\/\\\/handelsverband.swiss\\\/fr\\\/espace-suisse-de-formation\\\/\",\"url\":\"https:\\\/\\\/handelsverband.swiss\\\/fr\\\/espace-suisse-de-formation\\\/\",\"name\":\"Espace suisse de formation - HANDELSVERBAND. swiss\",\"isPartOf\":{\"@id\":\"https:\\\/\\\/handelsverband.swiss\\\/#website\"},\"datePublished\":\"2022-04-13T09:38:23+00:00\",\"breadcrumb\":{\"@id\":\"https:\\\/\\\/handelsverband.swiss\\\/fr\\\/espace-suisse-de-formation\\\/#breadcrumb\"},\"inLanguage\":\"fr-FR\",\"potentialAction\":[{\"@type\":\"ReadAction\",\"target\":[\"https:\\\/\\\/handelsverband.swiss\\\/fr\\\/espace-suisse-de-formation\\\/\"]}]},{\"@type\":\"BreadcrumbList\",\"@id\":\"https:\\\/\\\/handelsverband.swiss\\\/fr\\\/espace-suisse-de-formation\\\/#breadcrumb\",\"itemListElement\":[{\"@type\":\"ListItem\",\"position\":1,\"name\":\"Startseite\",\"item\":\"https:\\\/\\\/handelsverband.swiss\\\/fr\\\/\"},{\"@type\":\"ListItem\",\"position\":2,\"name\":\"Espace suisse de formation\"}]},{\"@type\":\"WebSite\",\"@id\":\"https:\\\/\\\/handelsverband.swiss\\\/#website\",\"url\":\"https:\\\/\\\/handelsverband.swiss\\\/\",\"name\":\"HANDELSVERBAND.swiss\",\"description\":\"ASSOCIATION DE COMMERCE.swiss\",\"publisher\":{\"@id\":\"https:\\\/\\\/handelsverband.swiss\\\/#organization\"},\"potentialAction\":[{\"@type\":\"SearchAction\",\"target\":{\"@type\":\"EntryPoint\",\"urlTemplate\":\"https:\\\/\\\/handelsverband.swiss\\\/?s={search_term_string}\"},\"query-input\":{\"@type\":\"PropertyValueSpecification\",\"valueRequired\":true,\"valueName\":\"search_term_string\"}}],\"inLanguage\":\"fr-FR\"},{\"@type\":\"Organization\",\"@id\":\"https:\\\/\\\/handelsverband.swiss\\\/#organization\",\"name\":\"HANDELSVERBAND.swiss\",\"url\":\"https:\\\/\\\/handelsverband.swiss\\\/\",\"logo\":{\"@type\":\"ImageObject\",\"inLanguage\":\"fr-FR\",\"@id\":\"https:\\\/\\\/handelsverband.swiss\\\/#\\\/schema\\\/logo\\\/image\\\/\",\"url\":\"https:\\\/\\\/handelsverband.swiss\\\/wp-content\\\/uploads\\\/2020\\\/03\\\/hv_brand_rgb.png\",\"contentUrl\":\"https:\\\/\\\/handelsverband.swiss\\\/wp-content\\\/uploads\\\/2020\\\/03\\\/hv_brand_rgb.png\",\"width\":1714,\"height\":472,\"caption\":\"HANDELSVERBAND.swiss\"},\"image\":{\"@id\":\"https:\\\/\\\/handelsverband.swiss\\\/#\\\/schema\\\/logo\\\/image\\\/\"}}]}<\/script>\n<!-- \/ Yoast SEO plugin. -->","yoast_head_json":{"title":"Espace suisse de formation - HANDELSVERBAND. swiss","robots":{"index":"index","follow":"follow","max-snippet":"max-snippet:-1","max-image-preview":"max-image-preview:large","max-video-preview":"max-video-preview:-1"},"og_locale":"fr_FR","og_type":"article","og_title":"Espace suisse de formation - HANDELSVERBAND. swiss","og_description":"Dans les limites de leurs","og_url":"https:\/\/handelsverband.swiss\/fr\/espace-suisse-de-formation\/","og_site_name":"HANDELSVERBAND. swiss","twitter_card":"summary_large_image","twitter_misc":{"Est. reading time":"3 minutes"},"schema":{"@context":"https:\/\/schema.org","@graph":[{"@type":"WebPage","@id":"https:\/\/handelsverband.swiss\/fr\/espace-suisse-de-formation\/","url":"https:\/\/handelsverband.swiss\/fr\/espace-suisse-de-formation\/","name":"Espace suisse de formation - HANDELSVERBAND. swiss","isPartOf":{"@id":"https:\/\/handelsverband.swiss\/#website"},"datePublished":"2022-04-13T09:38:23+00:00","breadcrumb":{"@id":"https:\/\/handelsverband.swiss\/fr\/espace-suisse-de-formation\/#breadcrumb"},"inLanguage":"fr-FR","potentialAction":[{"@type":"ReadAction","target":["https:\/\/handelsverband.swiss\/fr\/espace-suisse-de-formation\/"]}]},{"@type":"BreadcrumbList","@id":"https:\/\/handelsverband.swiss\/fr\/espace-suisse-de-formation\/#breadcrumb","itemListElement":[{"@type":"ListItem","position":1,"name":"Startseite","item":"https:\/\/handelsverband.swiss\/fr\/"},{"@type":"ListItem","position":2,"name":"Espace suisse de formation"}]},{"@type":"WebSite","@id":"https:\/\/handelsverband.swiss\/#website","url":"https:\/\/handelsverband.swiss\/","name":"HANDELSVERBAND.swiss","description":"ASSOCIATION DE COMMERCE.swiss","publisher":{"@id":"https:\/\/handelsverband.swiss\/#organization"},"potentialAction":[{"@type":"SearchAction","target":{"@type":"EntryPoint","urlTemplate":"https:\/\/handelsverband.swiss\/?s={search_term_string}"},"query-input":{"@type":"PropertyValueSpecification","valueRequired":true,"valueName":"search_term_string"}}],"inLanguage":"fr-FR"},{"@type":"Organization","@id":"https:\/\/handelsverband.swiss\/#organization","name":"HANDELSVERBAND.swiss","url":"https:\/\/handelsverband.swiss\/","logo":{"@type":"ImageObject","inLanguage":"fr-FR","@id":"https:\/\/handelsverband.swiss\/#\/schema\/logo\/image\/","url":"https:\/\/handelsverband.swiss\/wp-content\/uploads\/2020\/03\/hv_brand_rgb.png","contentUrl":"https:\/\/handelsverband.swiss\/wp-content\/uploads\/2020\/03\/hv_brand_rgb.png","width":1714,"height":472,"caption":"HANDELSVERBAND.swiss"},"image":{"@id":"https:\/\/handelsverband.swiss\/#\/schema\/logo\/image\/"}}]}},"_links":{"self":[{"href":"https:\/\/handelsverband.swiss\/fr\/wp-json\/wp\/v2\/pages\/24662","targetHints":{"allow":["GET"]}}],"collection":[{"href":"https:\/\/handelsverband.swiss\/fr\/wp-json\/wp\/v2\/pages"}],"about":[{"href":"https:\/\/handelsverband.swiss\/fr\/wp-json\/wp\/v2\/types\/page"}],"author":[{"embeddable":true,"href":"https:\/\/handelsverband.swiss\/fr\/wp-json\/wp\/v2\/users\/4578"}],"replies":[{"embeddable":true,"href":"https:\/\/handelsverband.swiss\/fr\/wp-json\/wp\/v2\/comments?post=24662"}],"version-history":[{"count":3,"href":"https:\/\/handelsverband.swiss\/fr\/wp-json\/wp\/v2\/pages\/24662\/revisions"}],"predecessor-version":[{"id":24667,"href":"https:\/\/handelsverband.swiss\/fr\/wp-json\/wp\/v2\/pages\/24662\/revisions\/24667"}],"wp:attachment":[{"href":"https:\/\/handelsverband.swiss\/fr\/wp-json\/wp\/v2\/media?parent=24662"}],"curies":[{"name":"wp","href":"https:\/\/api.w.org\/{rel}","templated":true}]}}