{"id":24676,"date":"2022-04-13T11:52:13","date_gmt":"2022-04-13T09:52:13","guid":{"rendered":"https:\/\/handelsverband.swiss\/?page_id=24676"},"modified":"2025-06-26T11:40:47","modified_gmt":"2025-06-26T09:40:47","slug":"brevet-federal-specialiste-e-commerce","status":"publish","type":"page","link":"https:\/\/handelsverband.swiss\/fr\/brevet-federal-specialiste-e-commerce\/","title":{"rendered":"Brevet f\u00e9d\u00e9ral sp\u00e9cialiste du e-commerce"},"content":{"rendered":"<p><strong>Profil de la profession sp\u00e9cialiste du e-commerce<\/strong><br \/>\nLes sp\u00e9cialistes du e-commerce cr\u00e9ent, exploitent et d\u00e9veloppent des boutiques en ligne, respectivement d\u2019une plateforme digitale pour la vente de services ou de produits. Ils dirigent des projet e-commerce et collaborent avec les \u00e9quipes de divers projets. En collaboration avec leur \u00e9quipe, ils se chargent de l\u2019optimisation de la pr\u00e9sentation digitale des produits, en tenant compte, du processus d\u2019achat des clients. Ils r\u00e9alisent des activit\u00e9s marketing dans la boutique en ligne et sur la plateforme digitale.<\/p>\n<p>Les sp\u00e9cialistes du e-commerce interagissent activement avec des secteurs cl\u00e9s, particuli\u00e8rement la logistique, le Category Management et d\u2019autres canaux de distribution (Omnicanal). Ils participent activement \u00e0\u00a0l&#8217;\u00e9laboration de structures et de processus de la boutique en ligne, respectivement d\u2019une plateforme digitale. En parall\u00e8le, ils d\u00e9veloppent un r\u00e9seau, aussi bien sur le lieu de travail, que sur le march\u00e9 en ligne. Ils continuent \u00e0 approfondir leurs connaissances dans le domaine du march\u00e9 en ligne et sont \u00e0 l\u2019affut des nouveaux trends et d\u00e9veloppements du march\u00e9.<\/p>\n<ul>\n<li><a href=\"https:\/\/handelsverband.swiss\/wp-content\/uploads\/2022\/06\/211006_FRA_WL_BP_E-Com.pdf\" target=\"_blank\" rel=\"noopener\">Directives relatives au r\u00e8glement d\u2019examen professionnel du Sp\u00e9cialiste du e-commerce<\/a><\/li>\n<li><a href=\"https:\/\/handelsverband.swiss\/wp-content\/uploads\/2022\/06\/PO_BP_E-Commerce_FR_final_211217.pdf\" target=\"_blank\" rel=\"noopener\">R\u00e8glement concernant l\u2019examen professionnel de sp\u00e9cialiste du e-commerce<\/a><\/li>\n<\/ul>\n<p>&nbsp;<\/p>\n<h4><b>Centre de formation<\/b><strong><br \/>\nSp\u00e9cialiste du E-Commerce avec brevet f\u00e9d\u00e9ral:<\/strong><\/h4>\n<ul>\n<li><a href=\"https:\/\/www.ffd-romandie.ch\/formation\/e-commerce\/brevet-federal-specialiste-e-commerce\" target=\"_blank\" rel=\"noopener\"><strong>FFD Romandie<\/strong><\/a><\/li>\n<\/ul>\n","protected":false},"excerpt":{"rendered":"<p>Profil de la profession sp\u00e9cialiste<\/p>\n","protected":false},"author":4578,"featured_media":0,"parent":0,"menu_order":0,"comment_status":"closed","ping_status":"closed","template":"","meta":{"_acf_changed":false,"footnotes":""},"class_list":["post-24676","page","type-page","status-publish","hentry"],"acf":[],"yoast_head":"<!-- This site is optimized with the Yoast SEO plugin v27.4 - https:\/\/yoast.com\/product\/yoast-seo-wordpress\/ -->\n<title>Brevet f\u00e9d\u00e9ral sp\u00e9cialiste du e-commerce - HANDELSVERBAND. swiss<\/title>\n<meta name=\"robots\" content=\"index, follow, max-snippet:-1, max-image-preview:large, max-video-preview:-1\" \/>\n<meta property=\"og:locale\" content=\"fr_FR\" \/>\n<meta property=\"og:type\" content=\"article\" \/>\n<meta property=\"og:title\" content=\"Brevet f\u00e9d\u00e9ral sp\u00e9cialiste du e-commerce - HANDELSVERBAND. swiss\" \/>\n<meta property=\"og:description\" content=\"Profil de la profession sp\u00e9cialiste\" \/>\n<meta property=\"og:url\" content=\"https:\/\/handelsverband.swiss\/fr\/brevet-federal-specialiste-e-commerce\/\" \/>\n<meta property=\"og:site_name\" content=\"HANDELSVERBAND. swiss\" \/>\n<meta property=\"article:modified_time\" content=\"2025-06-26T09:40:47+00:00\" \/>\n<meta name=\"twitter:card\" content=\"summary_large_image\" \/>\n<meta name=\"twitter:label1\" content=\"Est. reading time\" \/>\n\t<meta name=\"twitter:data1\" content=\"2 minutes\" \/>\n<script type=\"application\/ld+json\" class=\"yoast-schema-graph\">{\"@context\":\"https:\\\/\\\/schema.org\",\"@graph\":[{\"@type\":\"WebPage\",\"@id\":\"https:\\\/\\\/handelsverband.swiss\\\/fr\\\/brevet-federal-specialiste-e-commerce\\\/\",\"url\":\"https:\\\/\\\/handelsverband.swiss\\\/fr\\\/brevet-federal-specialiste-e-commerce\\\/\",\"name\":\"Brevet f\u00e9d\u00e9ral sp\u00e9cialiste du e-commerce - HANDELSVERBAND. swiss\",\"isPartOf\":{\"@id\":\"https:\\\/\\\/handelsverband.swiss\\\/#website\"},\"datePublished\":\"2022-04-13T09:52:13+00:00\",\"dateModified\":\"2025-06-26T09:40:47+00:00\",\"breadcrumb\":{\"@id\":\"https:\\\/\\\/handelsverband.swiss\\\/fr\\\/brevet-federal-specialiste-e-commerce\\\/#breadcrumb\"},\"inLanguage\":\"fr-FR\",\"potentialAction\":[{\"@type\":\"ReadAction\",\"target\":[\"https:\\\/\\\/handelsverband.swiss\\\/fr\\\/brevet-federal-specialiste-e-commerce\\\/\"]}]},{\"@type\":\"BreadcrumbList\",\"@id\":\"https:\\\/\\\/handelsverband.swiss\\\/fr\\\/brevet-federal-specialiste-e-commerce\\\/#breadcrumb\",\"itemListElement\":[{\"@type\":\"ListItem\",\"position\":1,\"name\":\"Startseite\",\"item\":\"https:\\\/\\\/handelsverband.swiss\\\/fr\\\/\"},{\"@type\":\"ListItem\",\"position\":2,\"name\":\"Brevet f\u00e9d\u00e9ral sp\u00e9cialiste du e-commerce\"}]},{\"@type\":\"WebSite\",\"@id\":\"https:\\\/\\\/handelsverband.swiss\\\/#website\",\"url\":\"https:\\\/\\\/handelsverband.swiss\\\/\",\"name\":\"HANDELSVERBAND.swiss\",\"description\":\"ASSOCIATION DE COMMERCE.swiss\",\"publisher\":{\"@id\":\"https:\\\/\\\/handelsverband.swiss\\\/#organization\"},\"potentialAction\":[{\"@type\":\"SearchAction\",\"target\":{\"@type\":\"EntryPoint\",\"urlTemplate\":\"https:\\\/\\\/handelsverband.swiss\\\/?s={search_term_string}\"},\"query-input\":{\"@type\":\"PropertyValueSpecification\",\"valueRequired\":true,\"valueName\":\"search_term_string\"}}],\"inLanguage\":\"fr-FR\"},{\"@type\":\"Organization\",\"@id\":\"https:\\\/\\\/handelsverband.swiss\\\/#organization\",\"name\":\"HANDELSVERBAND.swiss\",\"url\":\"https:\\\/\\\/handelsverband.swiss\\\/\",\"logo\":{\"@type\":\"ImageObject\",\"inLanguage\":\"fr-FR\",\"@id\":\"https:\\\/\\\/handelsverband.swiss\\\/#\\\/schema\\\/logo\\\/image\\\/\",\"url\":\"https:\\\/\\\/handelsverband.swiss\\\/wp-content\\\/uploads\\\/2020\\\/03\\\/hv_brand_rgb.png\",\"contentUrl\":\"https:\\\/\\\/handelsverband.swiss\\\/wp-content\\\/uploads\\\/2020\\\/03\\\/hv_brand_rgb.png\",\"width\":1714,\"height\":472,\"caption\":\"HANDELSVERBAND.swiss\"},\"image\":{\"@id\":\"https:\\\/\\\/handelsverband.swiss\\\/#\\\/schema\\\/logo\\\/image\\\/\"}}]}<\/script>\n<!-- \/ Yoast SEO plugin. -->","yoast_head_json":{"title":"Brevet f\u00e9d\u00e9ral sp\u00e9cialiste du e-commerce - HANDELSVERBAND. swiss","robots":{"index":"index","follow":"follow","max-snippet":"max-snippet:-1","max-image-preview":"max-image-preview:large","max-video-preview":"max-video-preview:-1"},"og_locale":"fr_FR","og_type":"article","og_title":"Brevet f\u00e9d\u00e9ral sp\u00e9cialiste du e-commerce - HANDELSVERBAND. swiss","og_description":"Profil de la profession sp\u00e9cialiste","og_url":"https:\/\/handelsverband.swiss\/fr\/brevet-federal-specialiste-e-commerce\/","og_site_name":"HANDELSVERBAND. swiss","article_modified_time":"2025-06-26T09:40:47+00:00","twitter_card":"summary_large_image","twitter_misc":{"Est. reading time":"2 minutes"},"schema":{"@context":"https:\/\/schema.org","@graph":[{"@type":"WebPage","@id":"https:\/\/handelsverband.swiss\/fr\/brevet-federal-specialiste-e-commerce\/","url":"https:\/\/handelsverband.swiss\/fr\/brevet-federal-specialiste-e-commerce\/","name":"Brevet f\u00e9d\u00e9ral sp\u00e9cialiste du e-commerce - HANDELSVERBAND. swiss","isPartOf":{"@id":"https:\/\/handelsverband.swiss\/#website"},"datePublished":"2022-04-13T09:52:13+00:00","dateModified":"2025-06-26T09:40:47+00:00","breadcrumb":{"@id":"https:\/\/handelsverband.swiss\/fr\/brevet-federal-specialiste-e-commerce\/#breadcrumb"},"inLanguage":"fr-FR","potentialAction":[{"@type":"ReadAction","target":["https:\/\/handelsverband.swiss\/fr\/brevet-federal-specialiste-e-commerce\/"]}]},{"@type":"BreadcrumbList","@id":"https:\/\/handelsverband.swiss\/fr\/brevet-federal-specialiste-e-commerce\/#breadcrumb","itemListElement":[{"@type":"ListItem","position":1,"name":"Startseite","item":"https:\/\/handelsverband.swiss\/fr\/"},{"@type":"ListItem","position":2,"name":"Brevet f\u00e9d\u00e9ral sp\u00e9cialiste du e-commerce"}]},{"@type":"WebSite","@id":"https:\/\/handelsverband.swiss\/#website","url":"https:\/\/handelsverband.swiss\/","name":"HANDELSVERBAND.swiss","description":"ASSOCIATION DE COMMERCE.swiss","publisher":{"@id":"https:\/\/handelsverband.swiss\/#organization"},"potentialAction":[{"@type":"SearchAction","target":{"@type":"EntryPoint","urlTemplate":"https:\/\/handelsverband.swiss\/?s={search_term_string}"},"query-input":{"@type":"PropertyValueSpecification","valueRequired":true,"valueName":"search_term_string"}}],"inLanguage":"fr-FR"},{"@type":"Organization","@id":"https:\/\/handelsverband.swiss\/#organization","name":"HANDELSVERBAND.swiss","url":"https:\/\/handelsverband.swiss\/","logo":{"@type":"ImageObject","inLanguage":"fr-FR","@id":"https:\/\/handelsverband.swiss\/#\/schema\/logo\/image\/","url":"https:\/\/handelsverband.swiss\/wp-content\/uploads\/2020\/03\/hv_brand_rgb.png","contentUrl":"https:\/\/handelsverband.swiss\/wp-content\/uploads\/2020\/03\/hv_brand_rgb.png","width":1714,"height":472,"caption":"HANDELSVERBAND.swiss"},"image":{"@id":"https:\/\/handelsverband.swiss\/#\/schema\/logo\/image\/"}}]}},"_links":{"self":[{"href":"https:\/\/handelsverband.swiss\/fr\/wp-json\/wp\/v2\/pages\/24676","targetHints":{"allow":["GET"]}}],"collection":[{"href":"https:\/\/handelsverband.swiss\/fr\/wp-json\/wp\/v2\/pages"}],"about":[{"href":"https:\/\/handelsverband.swiss\/fr\/wp-json\/wp\/v2\/types\/page"}],"author":[{"embeddable":true,"href":"https:\/\/handelsverband.swiss\/fr\/wp-json\/wp\/v2\/users\/4578"}],"replies":[{"embeddable":true,"href":"https:\/\/handelsverband.swiss\/fr\/wp-json\/wp\/v2\/comments?post=24676"}],"version-history":[{"count":12,"href":"https:\/\/handelsverband.swiss\/fr\/wp-json\/wp\/v2\/pages\/24676\/revisions"}],"predecessor-version":[{"id":57653,"href":"https:\/\/handelsverband.swiss\/fr\/wp-json\/wp\/v2\/pages\/24676\/revisions\/57653"}],"wp:attachment":[{"href":"https:\/\/handelsverband.swiss\/fr\/wp-json\/wp\/v2\/media?parent=24676"}],"curies":[{"name":"wp","href":"https:\/\/api.w.org\/{rel}","templated":true}]}}