{"id":24718,"date":"2022-04-13T17:07:52","date_gmt":"2022-04-13T15:07:52","guid":{"rendered":"https:\/\/handelsverband.swiss\/?page_id=24718"},"modified":"2022-04-13T17:07:52","modified_gmt":"2022-04-13T15:07:52","slug":"brevet-federal-specialiste-du-commerce-de-detail","status":"publish","type":"page","link":"https:\/\/handelsverband.swiss\/fr\/brevet-federal-specialiste-du-commerce-de-detail\/","title":{"rendered":"Brevet f\u00e9d\u00e9ral Sp\u00e9cialiste du commerce de d\u00e9tail"},"content":{"rendered":"<p>Les sp\u00e9cialistes du commerce de d\u00e9tail sont des g\u00e9n\u00e9ralistes tr\u00e8s recherch\u00e9s sur le march\u00e9 dans le secteur professionnel du commerce de d\u00e9tail. Ils disposent de vastes connaissances du commerce de d\u00e9tail ainsi que de comp\u00e9tences professionnelles et de conduite qu\u2019ils savent interconnecter. Leur activit\u00e9 principale est la vente ainsi que les promotions et supports y relatifs. Leur objectif r\u00e9side dans l\u2018autonomie ou dans une fonction de responsable de division ou de responsable d\u2019une petite ou moyenne succursale dans le commerce de d\u00e9tail.<\/p>\n<ul>\n<li><a href=\"https:\/\/www.alt.bds-fcs.ch\/fileadmin\/Downloadcenter-FR\/020-Formation_continue\/010-Sp_eacute_cialiste_du_commerce_de_d_eacute_tail\/020-Examen_professionnel_f_eacute_d_eacute_ral\/010-R_egrave_glement_d_rsquo_examen\/Pr%C3%BCfungsordnung_Detailhandelsspezialist_in__f.pdf\" target=\"_blank\" rel=\"noopener\">R\u00e8glement d&#8217;examen<\/a><\/li>\n<li><a title=\"Initiates file download\" href=\"https:\/\/www.alt.bds-fcs.ch\/fileadmin\/Downloadcenter\/002-Franzoesisch\/020-Formation_continue\/010-Sp_eacute_cialiste_du_commerce_de_d_eacute_tail\/020-Examen_professionnel_f_eacute_d_eacute_ral\/010-R_egrave_glement_d_rsquo_examen\/Wegleitung_DHSpez__Oktober_2018_FR.pdf\" target=\"_blank\" rel=\"noopener\">Directives<\/a><\/li>\n<\/ul>\n<p>Vous trouverez des informations d\u00e9taill\u00e9es sur cette formation <a href=\"https:\/\/www.alt.bds-fcs.ch\/fr\/informations-aux-specialistes\/formations-continues\/specialiste-fh-du-commerce-de-detail\/examen-professionnel-avec-brevet-federal\/\" target=\"_blank\" rel=\"noopener\">ici<\/a>.<\/p>\n","protected":false},"excerpt":{"rendered":"<p>Les sp\u00e9cialistes du commerce de<\/p>\n","protected":false},"author":4578,"featured_media":0,"parent":0,"menu_order":0,"comment_status":"closed","ping_status":"closed","template":"","meta":{"_acf_changed":false,"footnotes":""},"class_list":["post-24718","page","type-page","status-publish","hentry"],"acf":[],"yoast_head":"<!-- This site is optimized with the Yoast SEO plugin v27.5 - https:\/\/yoast.com\/product\/yoast-seo-wordpress\/ -->\n<title>Brevet f\u00e9d\u00e9ral Sp\u00e9cialiste du commerce de d\u00e9tail - HANDELSVERBAND. swiss<\/title>\n<meta name=\"robots\" content=\"index, follow, max-snippet:-1, max-image-preview:large, max-video-preview:-1\" \/>\n<meta property=\"og:locale\" content=\"fr_FR\" \/>\n<meta property=\"og:type\" content=\"article\" \/>\n<meta property=\"og:title\" content=\"Brevet f\u00e9d\u00e9ral Sp\u00e9cialiste du commerce de d\u00e9tail - HANDELSVERBAND. swiss\" \/>\n<meta property=\"og:description\" content=\"Les sp\u00e9cialistes du commerce de\" \/>\n<meta property=\"og:url\" content=\"https:\/\/handelsverband.swiss\/fr\/brevet-federal-specialiste-du-commerce-de-detail\/\" \/>\n<meta property=\"og:site_name\" content=\"HANDELSVERBAND. swiss\" \/>\n<meta name=\"twitter:card\" content=\"summary_large_image\" \/>\n<meta name=\"twitter:label1\" content=\"Est. reading time\" \/>\n\t<meta name=\"twitter:data1\" content=\"1 minute\" \/>\n<script type=\"application\/ld+json\" class=\"yoast-schema-graph\">{\"@context\":\"https:\\\/\\\/schema.org\",\"@graph\":[{\"@type\":\"WebPage\",\"@id\":\"https:\\\/\\\/handelsverband.swiss\\\/fr\\\/brevet-federal-specialiste-du-commerce-de-detail\\\/\",\"url\":\"https:\\\/\\\/handelsverband.swiss\\\/fr\\\/brevet-federal-specialiste-du-commerce-de-detail\\\/\",\"name\":\"Brevet f\u00e9d\u00e9ral Sp\u00e9cialiste du commerce de d\u00e9tail - HANDELSVERBAND. swiss\",\"isPartOf\":{\"@id\":\"https:\\\/\\\/handelsverband.swiss\\\/#website\"},\"datePublished\":\"2022-04-13T15:07:52+00:00\",\"breadcrumb\":{\"@id\":\"https:\\\/\\\/handelsverband.swiss\\\/fr\\\/brevet-federal-specialiste-du-commerce-de-detail\\\/#breadcrumb\"},\"inLanguage\":\"fr-FR\",\"potentialAction\":[{\"@type\":\"ReadAction\",\"target\":[\"https:\\\/\\\/handelsverband.swiss\\\/fr\\\/brevet-federal-specialiste-du-commerce-de-detail\\\/\"]}]},{\"@type\":\"BreadcrumbList\",\"@id\":\"https:\\\/\\\/handelsverband.swiss\\\/fr\\\/brevet-federal-specialiste-du-commerce-de-detail\\\/#breadcrumb\",\"itemListElement\":[{\"@type\":\"ListItem\",\"position\":1,\"name\":\"Startseite\",\"item\":\"https:\\\/\\\/handelsverband.swiss\\\/fr\\\/\"},{\"@type\":\"ListItem\",\"position\":2,\"name\":\"Brevet f\u00e9d\u00e9ral Sp\u00e9cialiste du commerce de d\u00e9tail\"}]},{\"@type\":\"WebSite\",\"@id\":\"https:\\\/\\\/handelsverband.swiss\\\/#website\",\"url\":\"https:\\\/\\\/handelsverband.swiss\\\/\",\"name\":\"HANDELSVERBAND.swiss\",\"description\":\"ASSOCIATION DE COMMERCE.swiss\",\"publisher\":{\"@id\":\"https:\\\/\\\/handelsverband.swiss\\\/#organization\"},\"potentialAction\":[{\"@type\":\"SearchAction\",\"target\":{\"@type\":\"EntryPoint\",\"urlTemplate\":\"https:\\\/\\\/handelsverband.swiss\\\/?s={search_term_string}\"},\"query-input\":{\"@type\":\"PropertyValueSpecification\",\"valueRequired\":true,\"valueName\":\"search_term_string\"}}],\"inLanguage\":\"fr-FR\"},{\"@type\":\"Organization\",\"@id\":\"https:\\\/\\\/handelsverband.swiss\\\/#organization\",\"name\":\"HANDELSVERBAND.swiss\",\"url\":\"https:\\\/\\\/handelsverband.swiss\\\/\",\"logo\":{\"@type\":\"ImageObject\",\"inLanguage\":\"fr-FR\",\"@id\":\"https:\\\/\\\/handelsverband.swiss\\\/#\\\/schema\\\/logo\\\/image\\\/\",\"url\":\"https:\\\/\\\/handelsverband.swiss\\\/wp-content\\\/uploads\\\/2020\\\/03\\\/hv_brand_rgb.png\",\"contentUrl\":\"https:\\\/\\\/handelsverband.swiss\\\/wp-content\\\/uploads\\\/2020\\\/03\\\/hv_brand_rgb.png\",\"width\":1714,\"height\":472,\"caption\":\"HANDELSVERBAND.swiss\"},\"image\":{\"@id\":\"https:\\\/\\\/handelsverband.swiss\\\/#\\\/schema\\\/logo\\\/image\\\/\"}}]}<\/script>\n<!-- \/ Yoast SEO plugin. -->","yoast_head_json":{"title":"Brevet f\u00e9d\u00e9ral Sp\u00e9cialiste du commerce de d\u00e9tail - HANDELSVERBAND. swiss","robots":{"index":"index","follow":"follow","max-snippet":"max-snippet:-1","max-image-preview":"max-image-preview:large","max-video-preview":"max-video-preview:-1"},"og_locale":"fr_FR","og_type":"article","og_title":"Brevet f\u00e9d\u00e9ral Sp\u00e9cialiste du commerce de d\u00e9tail - HANDELSVERBAND. swiss","og_description":"Les sp\u00e9cialistes du commerce de","og_url":"https:\/\/handelsverband.swiss\/fr\/brevet-federal-specialiste-du-commerce-de-detail\/","og_site_name":"HANDELSVERBAND. swiss","twitter_card":"summary_large_image","twitter_misc":{"Est. reading time":"1 minute"},"schema":{"@context":"https:\/\/schema.org","@graph":[{"@type":"WebPage","@id":"https:\/\/handelsverband.swiss\/fr\/brevet-federal-specialiste-du-commerce-de-detail\/","url":"https:\/\/handelsverband.swiss\/fr\/brevet-federal-specialiste-du-commerce-de-detail\/","name":"Brevet f\u00e9d\u00e9ral Sp\u00e9cialiste du commerce de d\u00e9tail - HANDELSVERBAND. swiss","isPartOf":{"@id":"https:\/\/handelsverband.swiss\/#website"},"datePublished":"2022-04-13T15:07:52+00:00","breadcrumb":{"@id":"https:\/\/handelsverband.swiss\/fr\/brevet-federal-specialiste-du-commerce-de-detail\/#breadcrumb"},"inLanguage":"fr-FR","potentialAction":[{"@type":"ReadAction","target":["https:\/\/handelsverband.swiss\/fr\/brevet-federal-specialiste-du-commerce-de-detail\/"]}]},{"@type":"BreadcrumbList","@id":"https:\/\/handelsverband.swiss\/fr\/brevet-federal-specialiste-du-commerce-de-detail\/#breadcrumb","itemListElement":[{"@type":"ListItem","position":1,"name":"Startseite","item":"https:\/\/handelsverband.swiss\/fr\/"},{"@type":"ListItem","position":2,"name":"Brevet f\u00e9d\u00e9ral Sp\u00e9cialiste du commerce de d\u00e9tail"}]},{"@type":"WebSite","@id":"https:\/\/handelsverband.swiss\/#website","url":"https:\/\/handelsverband.swiss\/","name":"HANDELSVERBAND.swiss","description":"ASSOCIATION DE COMMERCE.swiss","publisher":{"@id":"https:\/\/handelsverband.swiss\/#organization"},"potentialAction":[{"@type":"SearchAction","target":{"@type":"EntryPoint","urlTemplate":"https:\/\/handelsverband.swiss\/?s={search_term_string}"},"query-input":{"@type":"PropertyValueSpecification","valueRequired":true,"valueName":"search_term_string"}}],"inLanguage":"fr-FR"},{"@type":"Organization","@id":"https:\/\/handelsverband.swiss\/#organization","name":"HANDELSVERBAND.swiss","url":"https:\/\/handelsverband.swiss\/","logo":{"@type":"ImageObject","inLanguage":"fr-FR","@id":"https:\/\/handelsverband.swiss\/#\/schema\/logo\/image\/","url":"https:\/\/handelsverband.swiss\/wp-content\/uploads\/2020\/03\/hv_brand_rgb.png","contentUrl":"https:\/\/handelsverband.swiss\/wp-content\/uploads\/2020\/03\/hv_brand_rgb.png","width":1714,"height":472,"caption":"HANDELSVERBAND.swiss"},"image":{"@id":"https:\/\/handelsverband.swiss\/#\/schema\/logo\/image\/"}}]}},"_links":{"self":[{"href":"https:\/\/handelsverband.swiss\/fr\/wp-json\/wp\/v2\/pages\/24718","targetHints":{"allow":["GET"]}}],"collection":[{"href":"https:\/\/handelsverband.swiss\/fr\/wp-json\/wp\/v2\/pages"}],"about":[{"href":"https:\/\/handelsverband.swiss\/fr\/wp-json\/wp\/v2\/types\/page"}],"author":[{"embeddable":true,"href":"https:\/\/handelsverband.swiss\/fr\/wp-json\/wp\/v2\/users\/4578"}],"replies":[{"embeddable":true,"href":"https:\/\/handelsverband.swiss\/fr\/wp-json\/wp\/v2\/comments?post=24718"}],"version-history":[{"count":1,"href":"https:\/\/handelsverband.swiss\/fr\/wp-json\/wp\/v2\/pages\/24718\/revisions"}],"predecessor-version":[{"id":24719,"href":"https:\/\/handelsverband.swiss\/fr\/wp-json\/wp\/v2\/pages\/24718\/revisions\/24719"}],"wp:attachment":[{"href":"https:\/\/handelsverband.swiss\/fr\/wp-json\/wp\/v2\/media?parent=24718"}],"curies":[{"name":"wp","href":"https:\/\/api.w.org\/{rel}","templated":true}]}}