{"id":38622,"date":"2023-03-27T16:39:02","date_gmt":"2023-03-27T14:39:02","guid":{"rendered":"https:\/\/handelsverband.swiss\/?page_id=38622"},"modified":"2024-04-04T17:06:19","modified_gmt":"2024-04-04T15:06:19","slug":"nouvelle-loi-sur-la-protection-des-donnees-suisse","status":"publish","type":"page","link":"https:\/\/handelsverband.swiss\/fr\/nouvelle-loi-sur-la-protection-des-donnees-suisse\/","title":{"rendered":"Nouvelle loi sur la protection des donn\u00e9es suisse (LPD)"},"content":{"rendered":"<p><strong>La loi r\u00e9vis\u00e9e sur la protection des donn\u00e9es (LPD) et les dispositions correspondantes dans les ordonnances sont entr\u00e9d en vigueur le 1er septembre 2023. Cette nouvelle loi sur la protection des donn\u00e9es entra\u00eene de nombreuses nouvelles obligations, notamment pour les commer\u00e7ants en ligne.\u00a0<\/strong><\/p>\n<h6>Quels sont les principaux changements?<\/h6>\n<p>La nLPD introduit les\u00a0huit\u00a0changements majeurs suivants\u00a0pour les entreprises.<\/p>\n<ol>\n<li><b>Seules les donn\u00e9es des personnes physiques<\/b>\u00a0sont dor\u00e9navant couvertes, et non plus celles des personnes morales.<\/li>\n<li><b>Les donn\u00e9es g\u00e9n\u00e9tiques et biom\u00e9triques<\/b>\u00a0entrent dans la d\u00e9finition des donn\u00e9es sensibles.<\/li>\n<li><b>Les principes de &#8220;Privacy by Design&#8221; et de &#8220;Privacy by Default&#8221;\u00a0<\/b>sont introduits.\u00a0Comme son nom l\u2019indique, le principe de &#8220;Privacy by Design&#8221; (protection des donn\u00e9es d\u00e8s la conception) implique, pour les d\u00e9veloppeurs, d\u2019int\u00e9grer la protection et le respect de la vie priv\u00e9 des utilisateurs dans la structure m\u00eame du produit ou du service amen\u00e9 \u00e0 collecter des donn\u00e9es personnelles. Le principe de &#8220;Privacy by Default&#8221; (protection des donn\u00e9es par d\u00e9faut) assure quant \u00e0 lui le niveau de s\u00e9curit\u00e9 le plus \u00e9lev\u00e9 d\u00e8s la mise en circulation du produit ou du service, en activant par d\u00e9faut, c\u2019est-\u00e0-dire sans aucune intervention des utilisateurs, toutes les mesures n\u00e9cessaires \u00e0 la protection des donn\u00e9es et \u00e0 la limitation de leur utilisation. Autrement dit, tous les logiciels, le mat\u00e9riel et les services doivent \u00eatre configur\u00e9s de mani\u00e8re \u00e0 prot\u00e9ger les donn\u00e9es et \u00e0 respecter la vie priv\u00e9e des utilisateurs.<\/li>\n<li><b>Des analyses d\u2019impacts<\/b>\u00a0doivent \u00eatre men\u00e9es, en cas de risque \u00e9lev\u00e9 pour la personnalit\u00e9 ou les droits fondamentaux des personnes concern\u00e9es.<\/li>\n<li><b>Le devoir d\u2019informer\u00a0<\/b>est \u00e9tendu: la\u00a0collecte de\u00a0toutes les donn\u00e9es personnelles \u2013 et non plus uniquement de donn\u00e9es dites sensibles\u00a0\u2013, doit donner lieu \u00e0 une information pr\u00e9alable de la personne concern\u00e9e.<\/li>\n<li><b>La tenue d\u2019un registre des activit\u00e9s de traitement<\/b>\u00a0devient obligatoire. L\u2019ordonnance d\u2019application pr\u00e9voit toutefois une exemption pour les PME dont le traitement des donn\u00e9es pr\u00e9sente un risque limit\u00e9 d\u2019atteinte \u00e0 la personnalit\u00e9 des personnes concern\u00e9es.<\/li>\n<li><b>Une annonce rapide\u00a0<\/b>est requise en cas de violation de la s\u00e9curit\u00e9 des donn\u00e9es, \u00e0 adresser au\u00a0Pr\u00e9pos\u00e9 f\u00e9d\u00e9ral \u00e0 la protection des donn\u00e9es et \u00e0 la transparence (PFPDT).<\/li>\n<li><b>La notion de profilage\u00a0<\/b>(soit le traitement automatis\u00e9 de donn\u00e9es personnelles) fait son entr\u00e9e dans la loi.<\/li>\n<\/ol>\n<ul>\n<li><strong><a href=\"https:\/\/swiss.us3.list-manage.com\/track\/click?u=fcc730daa1974c9aea71f8396&amp;id=85bff14afa&amp;e=ead47ddbba\">Informations concernant le nouvelle loi Nouvelle loisur la protection des donn\u00e9es (nLPD)<\/a> <\/strong><\/li>\n<li><strong><a class=\"icon icon--before icon--pdf\" title=\"La nouvelle loi f\u00e9d\u00e9rale sur la protection des donn\u00e9es du point de vue du PFPDT\" href=\"https:\/\/www.edoeb.admin.ch\/dam\/edoeb\/fr\/Dokumente\/datenschutz\/La%20nouvelle%20loi%20f%C3%A9d%C3%A9rale%20sur%20la%20protection%20des%20donn%C3%A9es%20du%20point%20de%20vue%20du%20PFPDT.pdf.download.pdf\/La%20nouvelle%20loi%20f%C3%A9d%C3%A9rale%20sur%20la%20protection%20des%20donn%C3%A9es%20du%20point%20de%20vue%20du%20PFPDT.pdf\">La nouvelle loi f\u00e9d\u00e9rale sur la protection des donn\u00e9es du point de vue du PFPDT<span class=\"text-dimmed\">\u00a0(PDF, 359 kB, 11.05.2023)<\/span><\/a><\/strong><\/li>\n<\/ul>\n<h5><strong><br \/>\nToolbox Protection des donn\u00e9es<\/strong><\/h5>\n<p><strong>Notre association a cr\u00e9\u00e9 en exclusivit\u00e9 pour ses membres une bo\u00eete \u00e0 outils pour la nouvelle loi sur la protection des donn\u00e9es. Dans cette bo\u00eete \u00e0 outils, se trouvent des documents, des templates, des informations ainsi que des enregistrements de webinaires qui vous aideront \u00e0 vous mettre en conformit\u00e9 avec la l\u00e9gislation sur la protection des donn\u00e9es. Les documents sont disponibles en fran\u00e7ais, allemand et anglais.<\/strong><\/p>\n<p>N&#8217;h\u00e9sitez pas de nous contacter pour obtenir de plus amples informations concernant la bo\u00eete \u00e0 outils \u00ab Protection des donn\u00e9es \u00bb\u00a0ou pour devenir membre de notre association\u00a0: <a href=\"&#x6d;&#x61;&#x69;&#x6c;&#x74;&#x6f;&#x3a;&#x69;&#x6e;&#x66;&#x6f;&#64;&#104;&#97;&#110;&#100;&#101;&#108;sverba&#x6e;&#x64;&#x2e;&#x73;&#x77;&#x69;&#x73;&#x73;\">&#x69;&#x6e;&#x66;&#x6f;&#64;&#104;&#97;nd&#x65;&#x6c;&#x73;&#x76;&#x65;&#114;&#98;&#97;nd&#x2e;&#x73;&#x77;&#x69;&#x73;&#115;<\/a><\/p>\n<p>&nbsp;<\/p>\n","protected":false},"excerpt":{"rendered":"<p>La loi r\u00e9vis\u00e9e sur la<\/p>\n","protected":false},"author":4782,"featured_media":0,"parent":0,"menu_order":0,"comment_status":"closed","ping_status":"closed","template":"","meta":{"_acf_changed":false,"footnotes":""},"class_list":["post-38622","page","type-page","status-publish","hentry"],"acf":[],"yoast_head":"<!-- This site is optimized with the Yoast SEO plugin v27.5 - https:\/\/yoast.com\/product\/yoast-seo-wordpress\/ -->\n<title>Nouvelle loi sur la protection des donn\u00e9es suisse (LPD) - HANDELSVERBAND. swiss<\/title>\n<meta name=\"robots\" content=\"index, follow, max-snippet:-1, max-image-preview:large, max-video-preview:-1\" \/>\n<meta property=\"og:locale\" content=\"fr_FR\" \/>\n<meta property=\"og:type\" content=\"article\" \/>\n<meta property=\"og:title\" content=\"Nouvelle loi sur la protection des donn\u00e9es suisse (LPD) - HANDELSVERBAND. swiss\" \/>\n<meta property=\"og:description\" content=\"La loi r\u00e9vis\u00e9e sur la\" \/>\n<meta property=\"og:url\" content=\"https:\/\/handelsverband.swiss\/fr\/nouvelle-loi-sur-la-protection-des-donnees-suisse\/\" \/>\n<meta property=\"og:site_name\" content=\"HANDELSVERBAND. swiss\" \/>\n<meta property=\"article:modified_time\" content=\"2024-04-04T15:06:19+00:00\" \/>\n<meta name=\"twitter:card\" content=\"summary_large_image\" \/>\n<meta name=\"twitter:label1\" content=\"Est. reading time\" \/>\n\t<meta name=\"twitter:data1\" content=\"3 minutes\" \/>\n<script type=\"application\/ld+json\" class=\"yoast-schema-graph\">{\"@context\":\"https:\\\/\\\/schema.org\",\"@graph\":[{\"@type\":\"WebPage\",\"@id\":\"https:\\\/\\\/handelsverband.swiss\\\/fr\\\/nouvelle-loi-sur-la-protection-des-donnees-suisse\\\/\",\"url\":\"https:\\\/\\\/handelsverband.swiss\\\/fr\\\/nouvelle-loi-sur-la-protection-des-donnees-suisse\\\/\",\"name\":\"Nouvelle loi sur la protection des donn\u00e9es suisse (LPD) - HANDELSVERBAND. swiss\",\"isPartOf\":{\"@id\":\"https:\\\/\\\/handelsverband.swiss\\\/#website\"},\"datePublished\":\"2023-03-27T14:39:02+00:00\",\"dateModified\":\"2024-04-04T15:06:19+00:00\",\"breadcrumb\":{\"@id\":\"https:\\\/\\\/handelsverband.swiss\\\/fr\\\/nouvelle-loi-sur-la-protection-des-donnees-suisse\\\/#breadcrumb\"},\"inLanguage\":\"fr-FR\",\"potentialAction\":[{\"@type\":\"ReadAction\",\"target\":[\"https:\\\/\\\/handelsverband.swiss\\\/fr\\\/nouvelle-loi-sur-la-protection-des-donnees-suisse\\\/\"]}]},{\"@type\":\"BreadcrumbList\",\"@id\":\"https:\\\/\\\/handelsverband.swiss\\\/fr\\\/nouvelle-loi-sur-la-protection-des-donnees-suisse\\\/#breadcrumb\",\"itemListElement\":[{\"@type\":\"ListItem\",\"position\":1,\"name\":\"Startseite\",\"item\":\"https:\\\/\\\/handelsverband.swiss\\\/fr\\\/\"},{\"@type\":\"ListItem\",\"position\":2,\"name\":\"Nouvelle loi sur la protection des donn\u00e9es suisse (LPD)\"}]},{\"@type\":\"WebSite\",\"@id\":\"https:\\\/\\\/handelsverband.swiss\\\/#website\",\"url\":\"https:\\\/\\\/handelsverband.swiss\\\/\",\"name\":\"HANDELSVERBAND.swiss\",\"description\":\"ASSOCIATION DE COMMERCE.swiss\",\"publisher\":{\"@id\":\"https:\\\/\\\/handelsverband.swiss\\\/#organization\"},\"potentialAction\":[{\"@type\":\"SearchAction\",\"target\":{\"@type\":\"EntryPoint\",\"urlTemplate\":\"https:\\\/\\\/handelsverband.swiss\\\/?s={search_term_string}\"},\"query-input\":{\"@type\":\"PropertyValueSpecification\",\"valueRequired\":true,\"valueName\":\"search_term_string\"}}],\"inLanguage\":\"fr-FR\"},{\"@type\":\"Organization\",\"@id\":\"https:\\\/\\\/handelsverband.swiss\\\/#organization\",\"name\":\"HANDELSVERBAND.swiss\",\"url\":\"https:\\\/\\\/handelsverband.swiss\\\/\",\"logo\":{\"@type\":\"ImageObject\",\"inLanguage\":\"fr-FR\",\"@id\":\"https:\\\/\\\/handelsverband.swiss\\\/#\\\/schema\\\/logo\\\/image\\\/\",\"url\":\"https:\\\/\\\/handelsverband.swiss\\\/wp-content\\\/uploads\\\/2020\\\/03\\\/hv_brand_rgb.png\",\"contentUrl\":\"https:\\\/\\\/handelsverband.swiss\\\/wp-content\\\/uploads\\\/2020\\\/03\\\/hv_brand_rgb.png\",\"width\":1714,\"height\":472,\"caption\":\"HANDELSVERBAND.swiss\"},\"image\":{\"@id\":\"https:\\\/\\\/handelsverband.swiss\\\/#\\\/schema\\\/logo\\\/image\\\/\"}}]}<\/script>\n<!-- \/ Yoast SEO plugin. -->","yoast_head_json":{"title":"Nouvelle loi sur la protection des donn\u00e9es suisse (LPD) - HANDELSVERBAND. swiss","robots":{"index":"index","follow":"follow","max-snippet":"max-snippet:-1","max-image-preview":"max-image-preview:large","max-video-preview":"max-video-preview:-1"},"og_locale":"fr_FR","og_type":"article","og_title":"Nouvelle loi sur la protection des donn\u00e9es suisse (LPD) - HANDELSVERBAND. swiss","og_description":"La loi r\u00e9vis\u00e9e sur la","og_url":"https:\/\/handelsverband.swiss\/fr\/nouvelle-loi-sur-la-protection-des-donnees-suisse\/","og_site_name":"HANDELSVERBAND. swiss","article_modified_time":"2024-04-04T15:06:19+00:00","twitter_card":"summary_large_image","twitter_misc":{"Est. reading time":"3 minutes"},"schema":{"@context":"https:\/\/schema.org","@graph":[{"@type":"WebPage","@id":"https:\/\/handelsverband.swiss\/fr\/nouvelle-loi-sur-la-protection-des-donnees-suisse\/","url":"https:\/\/handelsverband.swiss\/fr\/nouvelle-loi-sur-la-protection-des-donnees-suisse\/","name":"Nouvelle loi sur la protection des donn\u00e9es suisse (LPD) - HANDELSVERBAND. swiss","isPartOf":{"@id":"https:\/\/handelsverband.swiss\/#website"},"datePublished":"2023-03-27T14:39:02+00:00","dateModified":"2024-04-04T15:06:19+00:00","breadcrumb":{"@id":"https:\/\/handelsverband.swiss\/fr\/nouvelle-loi-sur-la-protection-des-donnees-suisse\/#breadcrumb"},"inLanguage":"fr-FR","potentialAction":[{"@type":"ReadAction","target":["https:\/\/handelsverband.swiss\/fr\/nouvelle-loi-sur-la-protection-des-donnees-suisse\/"]}]},{"@type":"BreadcrumbList","@id":"https:\/\/handelsverband.swiss\/fr\/nouvelle-loi-sur-la-protection-des-donnees-suisse\/#breadcrumb","itemListElement":[{"@type":"ListItem","position":1,"name":"Startseite","item":"https:\/\/handelsverband.swiss\/fr\/"},{"@type":"ListItem","position":2,"name":"Nouvelle loi sur la protection des donn\u00e9es suisse (LPD)"}]},{"@type":"WebSite","@id":"https:\/\/handelsverband.swiss\/#website","url":"https:\/\/handelsverband.swiss\/","name":"HANDELSVERBAND.swiss","description":"ASSOCIATION DE COMMERCE.swiss","publisher":{"@id":"https:\/\/handelsverband.swiss\/#organization"},"potentialAction":[{"@type":"SearchAction","target":{"@type":"EntryPoint","urlTemplate":"https:\/\/handelsverband.swiss\/?s={search_term_string}"},"query-input":{"@type":"PropertyValueSpecification","valueRequired":true,"valueName":"search_term_string"}}],"inLanguage":"fr-FR"},{"@type":"Organization","@id":"https:\/\/handelsverband.swiss\/#organization","name":"HANDELSVERBAND.swiss","url":"https:\/\/handelsverband.swiss\/","logo":{"@type":"ImageObject","inLanguage":"fr-FR","@id":"https:\/\/handelsverband.swiss\/#\/schema\/logo\/image\/","url":"https:\/\/handelsverband.swiss\/wp-content\/uploads\/2020\/03\/hv_brand_rgb.png","contentUrl":"https:\/\/handelsverband.swiss\/wp-content\/uploads\/2020\/03\/hv_brand_rgb.png","width":1714,"height":472,"caption":"HANDELSVERBAND.swiss"},"image":{"@id":"https:\/\/handelsverband.swiss\/#\/schema\/logo\/image\/"}}]}},"_links":{"self":[{"href":"https:\/\/handelsverband.swiss\/fr\/wp-json\/wp\/v2\/pages\/38622","targetHints":{"allow":["GET"]}}],"collection":[{"href":"https:\/\/handelsverband.swiss\/fr\/wp-json\/wp\/v2\/pages"}],"about":[{"href":"https:\/\/handelsverband.swiss\/fr\/wp-json\/wp\/v2\/types\/page"}],"author":[{"embeddable":true,"href":"https:\/\/handelsverband.swiss\/fr\/wp-json\/wp\/v2\/users\/4782"}],"replies":[{"embeddable":true,"href":"https:\/\/handelsverband.swiss\/fr\/wp-json\/wp\/v2\/comments?post=38622"}],"version-history":[{"count":7,"href":"https:\/\/handelsverband.swiss\/fr\/wp-json\/wp\/v2\/pages\/38622\/revisions"}],"predecessor-version":[{"id":47885,"href":"https:\/\/handelsverband.swiss\/fr\/wp-json\/wp\/v2\/pages\/38622\/revisions\/47885"}],"wp:attachment":[{"href":"https:\/\/handelsverband.swiss\/fr\/wp-json\/wp\/v2\/media?parent=38622"}],"curies":[{"name":"wp","href":"https:\/\/api.w.org\/{rel}","templated":true}]}}