{"id":6466,"date":"2018-02-05T14:52:14","date_gmt":"2018-02-05T13:52:14","guid":{"rendered":"https:\/\/www.vsv-versandhandel.ch\/?page_id=6466"},"modified":"2023-07-27T09:54:06","modified_gmt":"2023-07-27T07:54:06","slug":"ombudsstelle-e-commerce","status":"publish","type":"page","link":"https:\/\/handelsverband.swiss\/fr\/members\/ombudsstelle-e-commerce\/","title":{"rendered":"Service de m\u00e9diation e-commerce"},"content":{"rendered":"<h4 style=\"text-align: left;\"><strong>\u00ab NOS CLIENTS ONT L\u2019ASSURANCE D\u2019ACHETER AUPR\u00c8S D\u2019UNE <\/strong><strong>ENTREPRISE DE VENTE \u00c0 DISTANCE DIGNE DE CONFIANCE \u00bb<\/strong><\/h4>\n<p style=\"text-align: left;\">Bernhard Egger, Directeur de l&#8217;ASSOCIATION DE COMMERCE.swiss<br \/>\n<a href=\"https:\/\/konsum.ch\/de\/ombudsstellen\/ombudsstelle-e-commerce\/\"><img loading=\"lazy\" decoding=\"async\" class=\"aligncenter wp-image-24118 size-full\" src=\"https:\/\/handelsverband.swiss\/wp-content\/uploads\/2022\/03\/obs_ecommerce_200.png\" alt=\"\" width=\"200\" height=\"200\" srcset=\"https:\/\/handelsverband.swiss\/wp-content\/uploads\/2022\/03\/obs_ecommerce_200.png 200w, https:\/\/handelsverband.swiss\/wp-content\/uploads\/2022\/03\/obs_ecommerce_200-150x150.png 150w\" sizes=\"auto, (max-width: 200px) 100vw, 200px\" \/><\/a><\/p>\n<p>Le <a href=\"https:\/\/konsum.ch\/de\/ombudsstellen\/ombudsstelle-e-commerce\/\" target=\"_blank\" rel=\"noopener\">service de m\u00e9diation \u00ab Ombudsstelle E-Commerce \u00bb<\/a> est entr\u00e9 en fonctionnement d\u00e9but novembre 2013.<br \/>\nCet organe est ouvert aux consommateurs mais aussi aux commer\u00e7ants en ligne avec le but de r\u00e9soudre les conflits d&#8217;une mani\u00e8re neutre.<\/p>\n<h5>Qui peut s\u2019adresser au service de m\u00e9diation e-commerce ?<\/h5>\n<p>Rien que les membres de l\u2019ASSOCIATION DE COMMERCE.swiss g\u00e9n\u00e8rent plus de 45 millions de commandes par an. En g\u00e9n\u00e9ral, elles se d\u00e9roulent sans probl\u00e8mes. Le march\u00e9 en ligne est consid\u00e9r\u00e9 comme la forme de commerce la plus complexe, \u00e9tant donn\u00e9 que le consommateur et le commer\u00e7ant ne se rencontrent presque jamais en personne. Donc en cas de d\u00e9saccord entre ces deux parties, ils peuvent s\u2019adresser au service de m\u00e9diation pour demander une conciliation.<\/p>\n<h5>Quel est l&#8217;objectif du service de m\u00e9diation e-commerce ?<\/h5>\n<p>En premier lieu c\u2019est la r\u00e9solution de probl\u00e8mes entre consommateurs et commer\u00e7ants. Mais\u00a0c\u2019est aussi un moyen important d\u2019identifier les vrais probl\u00e8mes du march\u00e9 en ligne en Suisse, et \u00e9videment de pouvoir diminuer le d\u00e9veloppement de ces d\u00e9fauts !<br \/>\nLe service de m\u00e9diation essaie \u00e9galement d&#8217;am\u00e9liorer \u00ab l\u2019\u00e9ducation \u00bb des consommateurs en ligne en d\u00e9finissant des mesures de comportement b\u00e9n\u00e9fiques pour la s\u00e9curit\u00e9 des consommateurs.<\/p>\n<p>Si vous rencontrez un probl\u00e8me, <a href=\"https:\/\/konsum.ch\/fr\/rechtsberatung\/\">le service de m\u00e9diation<\/a> vous aidera \u00e0 trouver une solution.<\/p>\n<p>Heures d\u2019ouverture : <span style=\"font-size: 1rem;\">Lundi \u2013 Vendredi 8h30 \u2013 11h30<br \/>\n<\/span>T\u00e9l\u00e9phone : +41 31 380 50 30<br \/>\n<a href=\"https:\/\/konsum.ch\/fr\/rechtsberatung\/\" target=\"_blank\" rel=\"noopener\">Formulaire de contact<\/a><\/p>\n","protected":false},"excerpt":{"rendered":"<p>\u00ab NOS CLIENTS ONT L\u2019ASSURANCE<\/p>\n","protected":false},"author":1499,"featured_media":0,"parent":6659,"menu_order":0,"comment_status":"closed","ping_status":"closed","template":"","meta":{"_acf_changed":false,"footnotes":""},"class_list":["post-6466","page","type-page","status-publish","hentry"],"acf":[],"yoast_head":"<!-- This site is optimized with the Yoast SEO plugin v27.4 - https:\/\/yoast.com\/product\/yoast-seo-wordpress\/ -->\n<title>Service de m\u00e9diation e-commerce - HANDELSVERBAND. swiss<\/title>\n<meta name=\"robots\" content=\"index, follow, max-snippet:-1, max-image-preview:large, max-video-preview:-1\" \/>\n<meta property=\"og:locale\" content=\"fr_FR\" \/>\n<meta property=\"og:type\" content=\"article\" \/>\n<meta property=\"og:title\" content=\"Service de m\u00e9diation e-commerce - HANDELSVERBAND. swiss\" \/>\n<meta property=\"og:description\" content=\"\u00ab NOS CLIENTS ONT L\u2019ASSURANCE\" \/>\n<meta property=\"og:url\" content=\"https:\/\/handelsverband.swiss\/fr\/members\/ombudsstelle-e-commerce\/\" \/>\n<meta property=\"og:site_name\" content=\"HANDELSVERBAND. swiss\" \/>\n<meta property=\"article:modified_time\" content=\"2023-07-27T07:54:06+00:00\" \/>\n<meta property=\"og:image\" content=\"https:\/\/handelsverband.swiss\/wp-content\/uploads\/2022\/03\/obs_ecommerce_200.png\" \/>\n<meta name=\"twitter:card\" content=\"summary_large_image\" \/>\n<meta name=\"twitter:label1\" content=\"Est. reading time\" \/>\n\t<meta name=\"twitter:data1\" content=\"2 minutes\" \/>\n<script type=\"application\/ld+json\" class=\"yoast-schema-graph\">{\"@context\":\"https:\\\/\\\/schema.org\",\"@graph\":[{\"@type\":\"WebPage\",\"@id\":\"https:\\\/\\\/handelsverband.swiss\\\/fr\\\/members\\\/ombudsstelle-e-commerce\\\/\",\"url\":\"https:\\\/\\\/handelsverband.swiss\\\/fr\\\/members\\\/ombudsstelle-e-commerce\\\/\",\"name\":\"Service de m\u00e9diation e-commerce - HANDELSVERBAND. swiss\",\"isPartOf\":{\"@id\":\"https:\\\/\\\/handelsverband.swiss\\\/#website\"},\"primaryImageOfPage\":{\"@id\":\"https:\\\/\\\/handelsverband.swiss\\\/fr\\\/members\\\/ombudsstelle-e-commerce\\\/#primaryimage\"},\"image\":{\"@id\":\"https:\\\/\\\/handelsverband.swiss\\\/fr\\\/members\\\/ombudsstelle-e-commerce\\\/#primaryimage\"},\"thumbnailUrl\":\"https:\\\/\\\/handelsverband.swiss\\\/wp-content\\\/uploads\\\/2022\\\/03\\\/obs_ecommerce_200.png\",\"datePublished\":\"2018-02-05T13:52:14+00:00\",\"dateModified\":\"2023-07-27T07:54:06+00:00\",\"breadcrumb\":{\"@id\":\"https:\\\/\\\/handelsverband.swiss\\\/fr\\\/members\\\/ombudsstelle-e-commerce\\\/#breadcrumb\"},\"inLanguage\":\"fr-FR\",\"potentialAction\":[{\"@type\":\"ReadAction\",\"target\":[\"https:\\\/\\\/handelsverband.swiss\\\/fr\\\/members\\\/ombudsstelle-e-commerce\\\/\"]}]},{\"@type\":\"ImageObject\",\"inLanguage\":\"fr-FR\",\"@id\":\"https:\\\/\\\/handelsverband.swiss\\\/fr\\\/members\\\/ombudsstelle-e-commerce\\\/#primaryimage\",\"url\":\"https:\\\/\\\/handelsverband.swiss\\\/wp-content\\\/uploads\\\/2022\\\/03\\\/obs_ecommerce_200.png\",\"contentUrl\":\"https:\\\/\\\/handelsverband.swiss\\\/wp-content\\\/uploads\\\/2022\\\/03\\\/obs_ecommerce_200.png\"},{\"@type\":\"BreadcrumbList\",\"@id\":\"https:\\\/\\\/handelsverband.swiss\\\/fr\\\/members\\\/ombudsstelle-e-commerce\\\/#breadcrumb\",\"itemListElement\":[{\"@type\":\"ListItem\",\"position\":1,\"name\":\"Startseite\",\"item\":\"https:\\\/\\\/handelsverband.swiss\\\/fr\\\/\"},{\"@type\":\"ListItem\",\"position\":2,\"name\":\"Members\",\"item\":\"https:\\\/\\\/handelsverband.swiss\\\/fr\\\/members\\\/\"},{\"@type\":\"ListItem\",\"position\":3,\"name\":\"Service de m\u00e9diation e-commerce\"}]},{\"@type\":\"WebSite\",\"@id\":\"https:\\\/\\\/handelsverband.swiss\\\/#website\",\"url\":\"https:\\\/\\\/handelsverband.swiss\\\/\",\"name\":\"HANDELSVERBAND.swiss\",\"description\":\"ASSOCIATION DE COMMERCE.swiss\",\"publisher\":{\"@id\":\"https:\\\/\\\/handelsverband.swiss\\\/#organization\"},\"potentialAction\":[{\"@type\":\"SearchAction\",\"target\":{\"@type\":\"EntryPoint\",\"urlTemplate\":\"https:\\\/\\\/handelsverband.swiss\\\/?s={search_term_string}\"},\"query-input\":{\"@type\":\"PropertyValueSpecification\",\"valueRequired\":true,\"valueName\":\"search_term_string\"}}],\"inLanguage\":\"fr-FR\"},{\"@type\":\"Organization\",\"@id\":\"https:\\\/\\\/handelsverband.swiss\\\/#organization\",\"name\":\"HANDELSVERBAND.swiss\",\"url\":\"https:\\\/\\\/handelsverband.swiss\\\/\",\"logo\":{\"@type\":\"ImageObject\",\"inLanguage\":\"fr-FR\",\"@id\":\"https:\\\/\\\/handelsverband.swiss\\\/#\\\/schema\\\/logo\\\/image\\\/\",\"url\":\"https:\\\/\\\/handelsverband.swiss\\\/wp-content\\\/uploads\\\/2020\\\/03\\\/hv_brand_rgb.png\",\"contentUrl\":\"https:\\\/\\\/handelsverband.swiss\\\/wp-content\\\/uploads\\\/2020\\\/03\\\/hv_brand_rgb.png\",\"width\":1714,\"height\":472,\"caption\":\"HANDELSVERBAND.swiss\"},\"image\":{\"@id\":\"https:\\\/\\\/handelsverband.swiss\\\/#\\\/schema\\\/logo\\\/image\\\/\"}}]}<\/script>\n<!-- \/ Yoast SEO plugin. -->","yoast_head_json":{"title":"Service de m\u00e9diation e-commerce - HANDELSVERBAND. swiss","robots":{"index":"index","follow":"follow","max-snippet":"max-snippet:-1","max-image-preview":"max-image-preview:large","max-video-preview":"max-video-preview:-1"},"og_locale":"fr_FR","og_type":"article","og_title":"Service de m\u00e9diation e-commerce - HANDELSVERBAND. swiss","og_description":"\u00ab NOS CLIENTS ONT L\u2019ASSURANCE","og_url":"https:\/\/handelsverband.swiss\/fr\/members\/ombudsstelle-e-commerce\/","og_site_name":"HANDELSVERBAND. swiss","article_modified_time":"2023-07-27T07:54:06+00:00","og_image":[{"url":"https:\/\/handelsverband.swiss\/wp-content\/uploads\/2022\/03\/obs_ecommerce_200.png","type":"","width":"","height":""}],"twitter_card":"summary_large_image","twitter_misc":{"Est. reading time":"2 minutes"},"schema":{"@context":"https:\/\/schema.org","@graph":[{"@type":"WebPage","@id":"https:\/\/handelsverband.swiss\/fr\/members\/ombudsstelle-e-commerce\/","url":"https:\/\/handelsverband.swiss\/fr\/members\/ombudsstelle-e-commerce\/","name":"Service de m\u00e9diation e-commerce - HANDELSVERBAND. swiss","isPartOf":{"@id":"https:\/\/handelsverband.swiss\/#website"},"primaryImageOfPage":{"@id":"https:\/\/handelsverband.swiss\/fr\/members\/ombudsstelle-e-commerce\/#primaryimage"},"image":{"@id":"https:\/\/handelsverband.swiss\/fr\/members\/ombudsstelle-e-commerce\/#primaryimage"},"thumbnailUrl":"https:\/\/handelsverband.swiss\/wp-content\/uploads\/2022\/03\/obs_ecommerce_200.png","datePublished":"2018-02-05T13:52:14+00:00","dateModified":"2023-07-27T07:54:06+00:00","breadcrumb":{"@id":"https:\/\/handelsverband.swiss\/fr\/members\/ombudsstelle-e-commerce\/#breadcrumb"},"inLanguage":"fr-FR","potentialAction":[{"@type":"ReadAction","target":["https:\/\/handelsverband.swiss\/fr\/members\/ombudsstelle-e-commerce\/"]}]},{"@type":"ImageObject","inLanguage":"fr-FR","@id":"https:\/\/handelsverband.swiss\/fr\/members\/ombudsstelle-e-commerce\/#primaryimage","url":"https:\/\/handelsverband.swiss\/wp-content\/uploads\/2022\/03\/obs_ecommerce_200.png","contentUrl":"https:\/\/handelsverband.swiss\/wp-content\/uploads\/2022\/03\/obs_ecommerce_200.png"},{"@type":"BreadcrumbList","@id":"https:\/\/handelsverband.swiss\/fr\/members\/ombudsstelle-e-commerce\/#breadcrumb","itemListElement":[{"@type":"ListItem","position":1,"name":"Startseite","item":"https:\/\/handelsverband.swiss\/fr\/"},{"@type":"ListItem","position":2,"name":"Members","item":"https:\/\/handelsverband.swiss\/fr\/members\/"},{"@type":"ListItem","position":3,"name":"Service de m\u00e9diation e-commerce"}]},{"@type":"WebSite","@id":"https:\/\/handelsverband.swiss\/#website","url":"https:\/\/handelsverband.swiss\/","name":"HANDELSVERBAND.swiss","description":"ASSOCIATION DE COMMERCE.swiss","publisher":{"@id":"https:\/\/handelsverband.swiss\/#organization"},"potentialAction":[{"@type":"SearchAction","target":{"@type":"EntryPoint","urlTemplate":"https:\/\/handelsverband.swiss\/?s={search_term_string}"},"query-input":{"@type":"PropertyValueSpecification","valueRequired":true,"valueName":"search_term_string"}}],"inLanguage":"fr-FR"},{"@type":"Organization","@id":"https:\/\/handelsverband.swiss\/#organization","name":"HANDELSVERBAND.swiss","url":"https:\/\/handelsverband.swiss\/","logo":{"@type":"ImageObject","inLanguage":"fr-FR","@id":"https:\/\/handelsverband.swiss\/#\/schema\/logo\/image\/","url":"https:\/\/handelsverband.swiss\/wp-content\/uploads\/2020\/03\/hv_brand_rgb.png","contentUrl":"https:\/\/handelsverband.swiss\/wp-content\/uploads\/2020\/03\/hv_brand_rgb.png","width":1714,"height":472,"caption":"HANDELSVERBAND.swiss"},"image":{"@id":"https:\/\/handelsverband.swiss\/#\/schema\/logo\/image\/"}}]}},"_links":{"self":[{"href":"https:\/\/handelsverband.swiss\/fr\/wp-json\/wp\/v2\/pages\/6466","targetHints":{"allow":["GET"]}}],"collection":[{"href":"https:\/\/handelsverband.swiss\/fr\/wp-json\/wp\/v2\/pages"}],"about":[{"href":"https:\/\/handelsverband.swiss\/fr\/wp-json\/wp\/v2\/types\/page"}],"author":[{"embeddable":true,"href":"https:\/\/handelsverband.swiss\/fr\/wp-json\/wp\/v2\/users\/1499"}],"replies":[{"embeddable":true,"href":"https:\/\/handelsverband.swiss\/fr\/wp-json\/wp\/v2\/comments?post=6466"}],"version-history":[{"count":14,"href":"https:\/\/handelsverband.swiss\/fr\/wp-json\/wp\/v2\/pages\/6466\/revisions"}],"predecessor-version":[{"id":40489,"href":"https:\/\/handelsverband.swiss\/fr\/wp-json\/wp\/v2\/pages\/6466\/revisions\/40489"}],"up":[{"embeddable":true,"href":"https:\/\/handelsverband.swiss\/fr\/wp-json\/wp\/v2\/pages\/6659"}],"wp:attachment":[{"href":"https:\/\/handelsverband.swiss\/fr\/wp-json\/wp\/v2\/media?parent=6466"}],"curies":[{"name":"wp","href":"https:\/\/api.w.org\/{rel}","templated":true}]}}