{"id":6466,"date":"2018-02-05T14:52:14","date_gmt":"2018-02-05T13:52:14","guid":{"rendered":"https:\/\/www.vsv-versandhandel.ch\/?page_id=6466"},"modified":"2026-07-29T08:44:19","modified_gmt":"2026-07-29T06:44:19","slug":"ombudsstelle-e-commerce","status":"publish","type":"page","link":"https:\/\/handelsverband.swiss\/fr\/members\/ombudsstelle-e-commerce\/","title":{"rendered":"Service de m\u00e9diation pour le commerce \u00e9lectronique"},"content":{"rendered":"<h5>\u00ab Nous soutenons le Service de m\u00e9diation d\u00e9di\u00e9 e-commerce, car il apporte une contribution pr\u00e9cieuse \u00e0 un commerce en ligne \u00e9quitable et fond\u00e9 sur la confiance. \u00bb<\/h5>\n<p style=\"text-align: left;\"><em>Bernhard Egger, Directeur de l&#8217;ASSOCIATION DE COMMERCE.swiss<\/em><\/p>\n<p style=\"text-align: left;\"><a href=\"https:\/\/konsum.ch\/de\/ombudsstellen\/ombudsstelle-e-commerce\/\"><img loading=\"lazy\" decoding=\"async\" class=\"aligncenter wp-image-24118 size-full\" src=\"https:\/\/handelsverband.swiss\/wp-content\/uploads\/2022\/03\/obs_ecommerce_200.png\" alt=\"\" width=\"200\" height=\"200\" srcset=\"https:\/\/handelsverband.swiss\/wp-content\/uploads\/2022\/03\/obs_ecommerce_200.png 200w, https:\/\/handelsverband.swiss\/wp-content\/uploads\/2022\/03\/obs_ecommerce_200-150x150.png 150w\" sizes=\"auto, (max-width: 200px) 100vw, 200px\" \/><\/a><\/p>\n<p>&nbsp;<\/p>\n<p data-start=\"2970\" data-end=\"3102\">Le <a href=\"https:\/\/konsum.ch\/fr\/ombudsstelle-e-commerce\/\" target=\"_blank\" rel=\"noopener\"><strong>Service de m\u00e9diation pour le commerce \u00e9lectronique (ombudsman e-commerce)<\/strong><\/a> est comp\u00e9tent pour les plaintes en rapport avec des achats en ligne pour lesquels aucun accord \u00e0 l\u2019amiable n\u2019a pu \u00eatre trouv\u00e9 entre les parties concern\u00e9es. Il aide les consommatrices et consommateurs ainsi que les commer\u00e7ants \u00e0 r\u00e9gler \u00e0 l&#8217;amiable les litiges li\u00e9s aux achats en ligne. Il joue un r\u00f4le de m\u00e9diateur neutre entre les parties et recherche une solution acceptable pour les deux parties.<\/p>\n<p><strong>Dans quels cas le Service de m\u00e9diation pour le commerce \u00e9lectronique peut-il intervenir ?<br \/>\n<\/strong>Malgr\u00e9 des processus soigneusement organis\u00e9s, des probl\u00e8mes peuvent survenir lors de commandes en ligne, par exemple au niveau de la livraison, de la facturation, d\u2019un retour ou de la qualit\u00e9 d\u2019un produit.<\/p>\n<p class=\"isSelectedEnd\">Adressez-vous tout d\u2019abord directement au service client\u00e8le de l\u2019entreprise concern\u00e9e. De nombreuses demandes peuvent ainsi \u00eatre r\u00e9solues rapidement. Si aucun accord satisfaisant n\u2019est trouv\u00e9, vous pouvez d\u00e9poser votre r\u00e9clamation aupr\u00e8s du Service de m\u00e9diation pour le commerce \u00e9lectronique.<\/p>\n<p><strong>D\u00e9roulement de la proc\u00e9dure<\/strong><\/p>\n<ol>\n<li><strong>Contacter le commer\u00e7ant concern\u00e9<\/strong><br \/>\nExpliquez votre probl\u00e8me au commer\u00e7ant concern\u00e9 et donnez-lui la possibilit\u00e9 de proposer une solution.<\/li>\n<li><strong>D\u00e9poser une r\u00e9clamation<\/strong><br \/>\nSi le probl\u00e8me n&#8217;a pas pu \u00eatre r\u00e9solu, d\u00e9posez votre demande via le formulaire en ligne du service de m\u00e9diation. Joignez-y les \u00e9changes de correspondance ainsi que tous les documents pertinents.<\/li>\n<li><strong>M\u00e9diation neutre<br \/>\n<\/strong>Le service de m\u00e9diation examine le dossier, entend les parties concern\u00e9es et formule une recommandation visant \u00e0 favoriser une solution amiable.<\/li>\n<li><strong>\u00c9tapes suivantes<br \/>\n<\/strong>Si vous n\u2019\u00eates pas d\u2019accord avec la recommandation, le dossier peut \u00eatre soumis au Conseil de m\u00e9diation. Si cette proc\u00e9dure n\u2019aboutit pas non plus \u00e0 un accord, les parties ont la possibilit\u00e9 d\u2019engager une proc\u00e9dure civile.<\/li>\n<\/ol>\n<p><strong>Co\u00fbts et cadre juridique<br \/>\n<\/strong>Les prestations du Service de m\u00e9diation pour le commerce \u00e9lectronique sont gratuites. Ses comp\u00e9tences se limitent \u00e0 l\u2019information g\u00e9n\u00e9rale et \u00e0 la m\u00e9diation. Il ne fournit pas de conseil juridique complet, ne repr\u00e9sente aucune des parties et ne rend aucune d\u00e9cision juridiquement contraignante. Les parties demeurent responsables de la sauvegarde de leurs droits ainsi que du respect de l\u2019ensemble des d\u00e9lais applicables.<\/p>\n<p><strong>Contact<br \/>\n<\/strong>Les r\u00e9clamations doivent \u00eatre d\u00e9pos\u00e9es au moyen du <a href=\"https:\/\/konsum.ch\/fr\/rechtsberatung\/\" target=\"_blank\" rel=\"noopener\">formulaire en ligne du Service de m\u00e9diation pour le commerce \u00e9lectronique<\/a>.<\/p>\n<p class=\"isSelectedEnd\">Renseignements par t\u00e9l\u00e9phone :<br \/>\n+41 31 380 50 34<br \/>\nDu lundi au vendredi, de 9h00 \u00e0 12h00<\/p>\n<p class=\"isSelectedEnd\">Adresse postale :<strong><br \/>\n<\/strong>Ombudsman E-Commerce<br \/>\nc\/o Forum suisse des consommateurs kf<br \/>\nBelpstrasse 11<br \/>\n3007 Berne<\/p>\n<p><a href=\"https:\/\/konsum.ch\/fr\/rechtsberatung\/\" target=\"_blank\" rel=\"noopener\"><strong>D\u00e9poser une r\u00e9clamation aupr\u00e8s du Service de m\u00e9diation pour le commerce \u00e9lectronique<\/strong><\/a><\/p>\n<p>&nbsp;<\/p>\n<p>&nbsp;<\/p>\n","protected":false},"excerpt":{"rendered":"<p>\u00ab Nous soutenons le Service<\/p>\n","protected":false},"author":1499,"featured_media":0,"parent":6659,"menu_order":0,"comment_status":"closed","ping_status":"closed","template":"","meta":{"_acf_changed":false,"footnotes":""},"class_list":["post-6466","page","type-page","status-publish","hentry"],"acf":[],"yoast_head":"<!-- This site is optimized with the Yoast SEO plugin v28.3 - https:\/\/yoast.com\/product\/yoast-seo-wordpress\/ -->\n<title>Service de m\u00e9diation pour le commerce \u00e9lectronique - HANDELSVERBAND. swiss<\/title>\n<meta name=\"robots\" content=\"index, follow, max-snippet:-1, max-image-preview:large, max-video-preview:-1\" \/>\n<meta property=\"og:locale\" content=\"fr_FR\" \/>\n<meta property=\"og:type\" content=\"article\" \/>\n<meta property=\"og:title\" content=\"Service de m\u00e9diation pour le commerce \u00e9lectronique - HANDELSVERBAND. swiss\" \/>\n<meta property=\"og:description\" content=\"\u00ab Nous soutenons le Service\" \/>\n<meta property=\"og:url\" content=\"https:\/\/handelsverband.swiss\/fr\/members\/ombudsstelle-e-commerce\/\" \/>\n<meta property=\"og:site_name\" content=\"HANDELSVERBAND. swiss\" \/>\n<meta property=\"article:modified_time\" content=\"2026-07-29T06:44:19+00:00\" \/>\n<meta property=\"og:image\" content=\"https:\/\/handelsverband.swiss\/wp-content\/uploads\/2022\/03\/obs_ecommerce_200.png\" \/>\n\t<meta property=\"og:image:width\" content=\"200\" \/>\n\t<meta property=\"og:image:height\" content=\"200\" \/>\n\t<meta property=\"og:image:type\" content=\"image\/png\" \/>\n<meta name=\"twitter:card\" content=\"summary_large_image\" \/>\n<meta name=\"twitter:label1\" content=\"Est. reading time\" \/>\n\t<meta name=\"twitter:data1\" content=\"3 minutes\" \/>\n<script type=\"application\/ld+json\" class=\"yoast-schema-graph\">{\"@context\":\"https:\\\/\\\/schema.org\",\"@graph\":[{\"@type\":\"WebPage\",\"@id\":\"https:\\\/\\\/handelsverband.swiss\\\/fr\\\/members\\\/ombudsstelle-e-commerce\\\/\",\"url\":\"https:\\\/\\\/handelsverband.swiss\\\/fr\\\/members\\\/ombudsstelle-e-commerce\\\/\",\"name\":\"Service de m\u00e9diation pour le commerce \u00e9lectronique - HANDELSVERBAND. swiss\",\"isPartOf\":{\"@id\":\"https:\\\/\\\/handelsverband.swiss\\\/#website\"},\"primaryImageOfPage\":{\"@id\":\"https:\\\/\\\/handelsverband.swiss\\\/fr\\\/members\\\/ombudsstelle-e-commerce\\\/#primaryimage\"},\"image\":{\"@id\":\"https:\\\/\\\/handelsverband.swiss\\\/fr\\\/members\\\/ombudsstelle-e-commerce\\\/#primaryimage\"},\"thumbnailUrl\":\"https:\\\/\\\/handelsverband.swiss\\\/wp-content\\\/uploads\\\/2022\\\/03\\\/obs_ecommerce_200.png\",\"datePublished\":\"2018-02-05T13:52:14+00:00\",\"dateModified\":\"2026-07-29T06:44:19+00:00\",\"breadcrumb\":{\"@id\":\"https:\\\/\\\/handelsverband.swiss\\\/fr\\\/members\\\/ombudsstelle-e-commerce\\\/#breadcrumb\"},\"inLanguage\":\"fr-FR\",\"potentialAction\":[{\"@type\":\"ReadAction\",\"target\":[\"https:\\\/\\\/handelsverband.swiss\\\/fr\\\/members\\\/ombudsstelle-e-commerce\\\/\"]}]},{\"@type\":\"ImageObject\",\"inLanguage\":\"fr-FR\",\"@id\":\"https:\\\/\\\/handelsverband.swiss\\\/fr\\\/members\\\/ombudsstelle-e-commerce\\\/#primaryimage\",\"url\":\"https:\\\/\\\/handelsverband.swiss\\\/wp-content\\\/uploads\\\/2022\\\/03\\\/obs_ecommerce_200.png\",\"contentUrl\":\"https:\\\/\\\/handelsverband.swiss\\\/wp-content\\\/uploads\\\/2022\\\/03\\\/obs_ecommerce_200.png\"},{\"@type\":\"BreadcrumbList\",\"@id\":\"https:\\\/\\\/handelsverband.swiss\\\/fr\\\/members\\\/ombudsstelle-e-commerce\\\/#breadcrumb\",\"itemListElement\":[{\"@type\":\"ListItem\",\"position\":1,\"name\":\"Startseite\",\"item\":\"https:\\\/\\\/handelsverband.swiss\\\/fr\\\/\"},{\"@type\":\"ListItem\",\"position\":2,\"name\":\"Members\",\"item\":\"https:\\\/\\\/handelsverband.swiss\\\/fr\\\/members\\\/\"},{\"@type\":\"ListItem\",\"position\":3,\"name\":\"Service de m\u00e9diation pour le commerce \u00e9lectronique\"}]},{\"@type\":\"WebSite\",\"@id\":\"https:\\\/\\\/handelsverband.swiss\\\/#website\",\"url\":\"https:\\\/\\\/handelsverband.swiss\\\/\",\"name\":\"HANDELSVERBAND.swiss\",\"description\":\"ASSOCIATION DE COMMERCE.swiss\",\"publisher\":{\"@id\":\"https:\\\/\\\/handelsverband.swiss\\\/#organization\"},\"potentialAction\":[{\"@type\":\"SearchAction\",\"target\":{\"@type\":\"EntryPoint\",\"urlTemplate\":\"https:\\\/\\\/handelsverband.swiss\\\/?s={search_term_string}\"},\"query-input\":{\"@type\":\"PropertyValueSpecification\",\"valueRequired\":true,\"valueName\":\"search_term_string\"}}],\"inLanguage\":\"fr-FR\"},{\"@type\":\"Organization\",\"@id\":\"https:\\\/\\\/handelsverband.swiss\\\/#organization\",\"name\":\"HANDELSVERBAND.swiss\",\"url\":\"https:\\\/\\\/handelsverband.swiss\\\/\",\"logo\":{\"@type\":\"ImageObject\",\"inLanguage\":\"fr-FR\",\"@id\":\"https:\\\/\\\/handelsverband.swiss\\\/#\\\/schema\\\/logo\\\/image\\\/\",\"url\":\"https:\\\/\\\/handelsverband.swiss\\\/wp-content\\\/uploads\\\/2020\\\/03\\\/hv_brand_rgb.png\",\"contentUrl\":\"https:\\\/\\\/handelsverband.swiss\\\/wp-content\\\/uploads\\\/2020\\\/03\\\/hv_brand_rgb.png\",\"width\":1714,\"height\":472,\"caption\":\"HANDELSVERBAND.swiss\"},\"image\":{\"@id\":\"https:\\\/\\\/handelsverband.swiss\\\/#\\\/schema\\\/logo\\\/image\\\/\"}}]}<\/script>\n<!-- \/ Yoast SEO plugin. -->","yoast_head_json":{"title":"Service de m\u00e9diation pour le commerce \u00e9lectronique - HANDELSVERBAND. swiss","robots":{"index":"index","follow":"follow","max-snippet":"max-snippet:-1","max-image-preview":"max-image-preview:large","max-video-preview":"max-video-preview:-1"},"og_locale":"fr_FR","og_type":"article","og_title":"Service de m\u00e9diation pour le commerce \u00e9lectronique - HANDELSVERBAND. swiss","og_description":"\u00ab Nous soutenons le Service","og_url":"https:\/\/handelsverband.swiss\/fr\/members\/ombudsstelle-e-commerce\/","og_site_name":"HANDELSVERBAND. swiss","article_modified_time":"2026-07-29T06:44:19+00:00","og_image":[{"width":200,"height":200,"url":"https:\/\/handelsverband.swiss\/wp-content\/uploads\/2022\/03\/obs_ecommerce_200.png","type":"image\/png"}],"twitter_card":"summary_large_image","twitter_misc":{"Est. reading time":"3 minutes"},"schema":{"@context":"https:\/\/schema.org","@graph":[{"@type":"WebPage","@id":"https:\/\/handelsverband.swiss\/fr\/members\/ombudsstelle-e-commerce\/","url":"https:\/\/handelsverband.swiss\/fr\/members\/ombudsstelle-e-commerce\/","name":"Service de m\u00e9diation pour le commerce \u00e9lectronique - HANDELSVERBAND. swiss","isPartOf":{"@id":"https:\/\/handelsverband.swiss\/#website"},"primaryImageOfPage":{"@id":"https:\/\/handelsverband.swiss\/fr\/members\/ombudsstelle-e-commerce\/#primaryimage"},"image":{"@id":"https:\/\/handelsverband.swiss\/fr\/members\/ombudsstelle-e-commerce\/#primaryimage"},"thumbnailUrl":"https:\/\/handelsverband.swiss\/wp-content\/uploads\/2022\/03\/obs_ecommerce_200.png","datePublished":"2018-02-05T13:52:14+00:00","dateModified":"2026-07-29T06:44:19+00:00","breadcrumb":{"@id":"https:\/\/handelsverband.swiss\/fr\/members\/ombudsstelle-e-commerce\/#breadcrumb"},"inLanguage":"fr-FR","potentialAction":[{"@type":"ReadAction","target":["https:\/\/handelsverband.swiss\/fr\/members\/ombudsstelle-e-commerce\/"]}]},{"@type":"ImageObject","inLanguage":"fr-FR","@id":"https:\/\/handelsverband.swiss\/fr\/members\/ombudsstelle-e-commerce\/#primaryimage","url":"https:\/\/handelsverband.swiss\/wp-content\/uploads\/2022\/03\/obs_ecommerce_200.png","contentUrl":"https:\/\/handelsverband.swiss\/wp-content\/uploads\/2022\/03\/obs_ecommerce_200.png"},{"@type":"BreadcrumbList","@id":"https:\/\/handelsverband.swiss\/fr\/members\/ombudsstelle-e-commerce\/#breadcrumb","itemListElement":[{"@type":"ListItem","position":1,"name":"Startseite","item":"https:\/\/handelsverband.swiss\/fr\/"},{"@type":"ListItem","position":2,"name":"Members","item":"https:\/\/handelsverband.swiss\/fr\/members\/"},{"@type":"ListItem","position":3,"name":"Service de m\u00e9diation pour le commerce \u00e9lectronique"}]},{"@type":"WebSite","@id":"https:\/\/handelsverband.swiss\/#website","url":"https:\/\/handelsverband.swiss\/","name":"HANDELSVERBAND.swiss","description":"ASSOCIATION DE COMMERCE.swiss","publisher":{"@id":"https:\/\/handelsverband.swiss\/#organization"},"potentialAction":[{"@type":"SearchAction","target":{"@type":"EntryPoint","urlTemplate":"https:\/\/handelsverband.swiss\/?s={search_term_string}"},"query-input":{"@type":"PropertyValueSpecification","valueRequired":true,"valueName":"search_term_string"}}],"inLanguage":"fr-FR"},{"@type":"Organization","@id":"https:\/\/handelsverband.swiss\/#organization","name":"HANDELSVERBAND.swiss","url":"https:\/\/handelsverband.swiss\/","logo":{"@type":"ImageObject","inLanguage":"fr-FR","@id":"https:\/\/handelsverband.swiss\/#\/schema\/logo\/image\/","url":"https:\/\/handelsverband.swiss\/wp-content\/uploads\/2020\/03\/hv_brand_rgb.png","contentUrl":"https:\/\/handelsverband.swiss\/wp-content\/uploads\/2020\/03\/hv_brand_rgb.png","width":1714,"height":472,"caption":"HANDELSVERBAND.swiss"},"image":{"@id":"https:\/\/handelsverband.swiss\/#\/schema\/logo\/image\/"}}]}},"_links":{"self":[{"href":"https:\/\/handelsverband.swiss\/fr\/wp-json\/wp\/v2\/pages\/6466","targetHints":{"allow":["GET"]}}],"collection":[{"href":"https:\/\/handelsverband.swiss\/fr\/wp-json\/wp\/v2\/pages"}],"about":[{"href":"https:\/\/handelsverband.swiss\/fr\/wp-json\/wp\/v2\/types\/page"}],"author":[{"embeddable":true,"href":"https:\/\/handelsverband.swiss\/fr\/wp-json\/wp\/v2\/users\/1499"}],"replies":[{"embeddable":true,"href":"https:\/\/handelsverband.swiss\/fr\/wp-json\/wp\/v2\/comments?post=6466"}],"version-history":[{"count":21,"href":"https:\/\/handelsverband.swiss\/fr\/wp-json\/wp\/v2\/pages\/6466\/revisions"}],"predecessor-version":[{"id":62041,"href":"https:\/\/handelsverband.swiss\/fr\/wp-json\/wp\/v2\/pages\/6466\/revisions\/62041"}],"up":[{"embeddable":true,"href":"https:\/\/handelsverband.swiss\/fr\/wp-json\/wp\/v2\/pages\/6659"}],"wp:attachment":[{"href":"https:\/\/handelsverband.swiss\/fr\/wp-json\/wp\/v2\/media?parent=6466"}],"curies":[{"name":"wp","href":"https:\/\/api.w.org\/{rel}","templated":true}]}}