{"id":6481,"date":"2018-02-05T15:10:58","date_gmt":"2018-02-05T14:10:58","guid":{"rendered":"https:\/\/www.vsv-versandhandel.ch\/?page_id=6481"},"modified":"2024-04-04T16:46:03","modified_gmt":"2024-04-04T14:46:03","slug":"european-trustmark","status":"publish","type":"page","link":"https:\/\/handelsverband.swiss\/fr\/trustmark\/european-trustmark\/","title":{"rendered":"European Trustmark"},"content":{"rendered":"<p><img loading=\"lazy\" decoding=\"async\" class=\"wp-image-17339 size-medium aligncenter\" src=\"https:\/\/handelsverband.swiss\/wp-content\/uploads\/2020\/03\/trust-ecommerce_492-300x243.png\" alt=\"\" width=\"300\" height=\"243\" srcset=\"https:\/\/handelsverband.swiss\/wp-content\/uploads\/2020\/03\/trust-ecommerce_492-300x243.png 300w, https:\/\/handelsverband.swiss\/wp-content\/uploads\/2020\/03\/trust-ecommerce_492.png 607w\" sizes=\"auto, (max-width: 300px) 100vw, 300px\" \/><\/p>\n<p>&nbsp;<\/p>\n<p>Les membres nationaux d&#8217;Ecommerce Europe se sont unifi\u00e9s \u00e0 la charte et r\u00e9affirment ceci avec <a class=\"link_extern\" title=\"European Trustmark\" href=\"https:\/\/www.ecommerce-europe.eu\/ecommerce-europe-trustmark\/\" target=\"_blank\" rel=\"noopener noreferrer\">European Trustmark<\/a>.<\/p>\n<p><a class=\"link_extern\" href=\"https:\/\/www.ecommercetrustmark.eu\/for-merchants\/\" target=\"_blank\" rel=\"noopener noreferrer\">Quelles sont les r\u00e8gles \u00e0 respecter par les prestataires de labels de qualit\u00e9 et ses membres pour une accr\u00e9ditation par European Trustmark ?\u00a0<\/a>Les associations participantes ont d\u00e9cid\u00e9 de ne plus cr\u00e9er de nouvelles r\u00e8gles et formalit\u00e9s, mais de s\u2019obliger \u00e0 un comportement s\u00e9rieux et consum\u00e9riste. Ces 10 r\u00e8gles doivent \u00eatre respect\u00e9es par les commer\u00e7ants\u00a0:<\/p>\n<ol>\n<li>une information transparente sur le commer\u00e7ant (une identification parfaitement l\u00e9gale du partenaire contractuel)<\/li>\n<li>une description des produits compl\u00e8te, clair et juste<\/li>\n<li>une information transparente sur les prix (frais de transport, douane, TVA)<\/li>\n<li>une information transparente et juste sur les d\u00e9lais de livraison des produits<\/li>\n<li>une livraison d\u00fbment<\/li>\n<li>un proc\u00e8s de remboursement transparent et compr\u00e9hensible<\/li>\n<li>le service client s\u2019occupe des r\u00e9clamations et requet\u00e9s dans un d\u00e9lai raisonnable<\/li>\n<li>la protection des donn\u00e9es selon le droit national<\/li>\n<li>la protection des mineurs<\/li>\n<li>une offre de modes de payement s\u00fbrs<\/li>\n<\/ol>\n<p>Ensuite, les associations participantes sont oblig\u00e9es de collaborer avec un organisme de m\u00e9diation national (ODR\/ADR) et de s\u2019engager pour une recherche de solutions en cas d\u2019un probl\u00e8me. L\u2019organisme de m\u00e9diation comp\u00e9tente en Suisse est<a class=\"link_extern\" href=\"https:\/\/konsum.ch\/de\/ombudsstellen\/ombudsstelle-e-commerce\/\" target=\"_blank\" rel=\"noopener noreferrer\"> l\u2018Ombudsstelle E-Commerce<\/a>.<\/p>\n<p>Tous nos membres certifi\u00e9s de l&#8217;ASSOCIATION DE COMMERCE. swiss ont \u00e9galement le droit d&#8217;afficher le label de qualit\u00e9 d&#8217;Ecommerce Europe sur leur site Internet.<\/p>\n<p>&nbsp;<\/p>\n<p><img loading=\"lazy\" decoding=\"async\" class=\"alignnone size-full wp-image-20671\" src=\"https:\/\/handelsverband.swiss\/wp-content\/uploads\/2021\/05\/Zertifikat-mit-Rahmen.png\" alt=\"\" width=\"644\" height=\"906\" srcset=\"https:\/\/handelsverband.swiss\/wp-content\/uploads\/2021\/05\/Zertifikat-mit-Rahmen.png 644w, https:\/\/handelsverband.swiss\/wp-content\/uploads\/2021\/05\/Zertifikat-mit-Rahmen-213x300.png 213w\" sizes=\"auto, (max-width: 644px) 100vw, 644px\" \/><\/p>\n","protected":false},"excerpt":{"rendered":"<p>&nbsp; Les membres nationaux d&#8217;Ecommerce<\/p>\n","protected":false},"author":1499,"featured_media":0,"parent":6449,"menu_order":0,"comment_status":"closed","ping_status":"closed","template":"","meta":{"_acf_changed":false,"footnotes":""},"class_list":["post-6481","page","type-page","status-publish","hentry"],"acf":[],"yoast_head":"<!-- This site is optimized with the Yoast SEO plugin v27.4 - https:\/\/yoast.com\/product\/yoast-seo-wordpress\/ -->\n<title>European Trustmark - HANDELSVERBAND. swiss<\/title>\n<meta name=\"robots\" content=\"index, follow, max-snippet:-1, max-image-preview:large, max-video-preview:-1\" \/>\n<meta property=\"og:locale\" content=\"fr_FR\" \/>\n<meta property=\"og:type\" content=\"article\" \/>\n<meta property=\"og:title\" content=\"European Trustmark - HANDELSVERBAND. swiss\" \/>\n<meta property=\"og:description\" content=\"&nbsp; Les membres nationaux d&#8217;Ecommerce\" \/>\n<meta property=\"og:url\" content=\"https:\/\/handelsverband.swiss\/fr\/trustmark\/european-trustmark\/\" \/>\n<meta property=\"og:site_name\" content=\"HANDELSVERBAND. swiss\" \/>\n<meta property=\"article:modified_time\" content=\"2024-04-04T14:46:03+00:00\" \/>\n<meta property=\"og:image\" content=\"https:\/\/handelsverband.swiss\/wp-content\/uploads\/2020\/03\/trust-ecommerce_492-300x243.png\" \/>\n<meta name=\"twitter:card\" content=\"summary_large_image\" \/>\n<meta name=\"twitter:label1\" content=\"Est. reading time\" \/>\n\t<meta name=\"twitter:data1\" content=\"2 minutes\" \/>\n<script type=\"application\/ld+json\" class=\"yoast-schema-graph\">{\"@context\":\"https:\\\/\\\/schema.org\",\"@graph\":[{\"@type\":\"WebPage\",\"@id\":\"https:\\\/\\\/handelsverband.swiss\\\/fr\\\/trustmark\\\/european-trustmark\\\/\",\"url\":\"https:\\\/\\\/handelsverband.swiss\\\/fr\\\/trustmark\\\/european-trustmark\\\/\",\"name\":\"European Trustmark - HANDELSVERBAND. swiss\",\"isPartOf\":{\"@id\":\"https:\\\/\\\/handelsverband.swiss\\\/#website\"},\"primaryImageOfPage\":{\"@id\":\"https:\\\/\\\/handelsverband.swiss\\\/fr\\\/trustmark\\\/european-trustmark\\\/#primaryimage\"},\"image\":{\"@id\":\"https:\\\/\\\/handelsverband.swiss\\\/fr\\\/trustmark\\\/european-trustmark\\\/#primaryimage\"},\"thumbnailUrl\":\"https:\\\/\\\/handelsverband.swiss\\\/wp-content\\\/uploads\\\/2020\\\/03\\\/trust-ecommerce_492-300x243.png\",\"datePublished\":\"2018-02-05T14:10:58+00:00\",\"dateModified\":\"2024-04-04T14:46:03+00:00\",\"breadcrumb\":{\"@id\":\"https:\\\/\\\/handelsverband.swiss\\\/fr\\\/trustmark\\\/european-trustmark\\\/#breadcrumb\"},\"inLanguage\":\"fr-FR\",\"potentialAction\":[{\"@type\":\"ReadAction\",\"target\":[\"https:\\\/\\\/handelsverband.swiss\\\/fr\\\/trustmark\\\/european-trustmark\\\/\"]}]},{\"@type\":\"ImageObject\",\"inLanguage\":\"fr-FR\",\"@id\":\"https:\\\/\\\/handelsverband.swiss\\\/fr\\\/trustmark\\\/european-trustmark\\\/#primaryimage\",\"url\":\"https:\\\/\\\/handelsverband.swiss\\\/wp-content\\\/uploads\\\/2020\\\/03\\\/trust-ecommerce_492-300x243.png\",\"contentUrl\":\"https:\\\/\\\/handelsverband.swiss\\\/wp-content\\\/uploads\\\/2020\\\/03\\\/trust-ecommerce_492-300x243.png\"},{\"@type\":\"BreadcrumbList\",\"@id\":\"https:\\\/\\\/handelsverband.swiss\\\/fr\\\/trustmark\\\/european-trustmark\\\/#breadcrumb\",\"itemListElement\":[{\"@type\":\"ListItem\",\"position\":1,\"name\":\"Startseite\",\"item\":\"https:\\\/\\\/handelsverband.swiss\\\/fr\\\/\"},{\"@type\":\"ListItem\",\"position\":2,\"name\":\"Trustmark\",\"item\":\"https:\\\/\\\/handelsverband.swiss\\\/fr\\\/trustmark\\\/\"},{\"@type\":\"ListItem\",\"position\":3,\"name\":\"European Trustmark\"}]},{\"@type\":\"WebSite\",\"@id\":\"https:\\\/\\\/handelsverband.swiss\\\/#website\",\"url\":\"https:\\\/\\\/handelsverband.swiss\\\/\",\"name\":\"HANDELSVERBAND.swiss\",\"description\":\"ASSOCIATION DE COMMERCE.swiss\",\"publisher\":{\"@id\":\"https:\\\/\\\/handelsverband.swiss\\\/#organization\"},\"potentialAction\":[{\"@type\":\"SearchAction\",\"target\":{\"@type\":\"EntryPoint\",\"urlTemplate\":\"https:\\\/\\\/handelsverband.swiss\\\/?s={search_term_string}\"},\"query-input\":{\"@type\":\"PropertyValueSpecification\",\"valueRequired\":true,\"valueName\":\"search_term_string\"}}],\"inLanguage\":\"fr-FR\"},{\"@type\":\"Organization\",\"@id\":\"https:\\\/\\\/handelsverband.swiss\\\/#organization\",\"name\":\"HANDELSVERBAND.swiss\",\"url\":\"https:\\\/\\\/handelsverband.swiss\\\/\",\"logo\":{\"@type\":\"ImageObject\",\"inLanguage\":\"fr-FR\",\"@id\":\"https:\\\/\\\/handelsverband.swiss\\\/#\\\/schema\\\/logo\\\/image\\\/\",\"url\":\"https:\\\/\\\/handelsverband.swiss\\\/wp-content\\\/uploads\\\/2020\\\/03\\\/hv_brand_rgb.png\",\"contentUrl\":\"https:\\\/\\\/handelsverband.swiss\\\/wp-content\\\/uploads\\\/2020\\\/03\\\/hv_brand_rgb.png\",\"width\":1714,\"height\":472,\"caption\":\"HANDELSVERBAND.swiss\"},\"image\":{\"@id\":\"https:\\\/\\\/handelsverband.swiss\\\/#\\\/schema\\\/logo\\\/image\\\/\"}}]}<\/script>\n<!-- \/ Yoast SEO plugin. -->","yoast_head_json":{"title":"European Trustmark - HANDELSVERBAND. swiss","robots":{"index":"index","follow":"follow","max-snippet":"max-snippet:-1","max-image-preview":"max-image-preview:large","max-video-preview":"max-video-preview:-1"},"og_locale":"fr_FR","og_type":"article","og_title":"European Trustmark - HANDELSVERBAND. swiss","og_description":"&nbsp; Les membres nationaux d&#8217;Ecommerce","og_url":"https:\/\/handelsverband.swiss\/fr\/trustmark\/european-trustmark\/","og_site_name":"HANDELSVERBAND. swiss","article_modified_time":"2024-04-04T14:46:03+00:00","og_image":[{"url":"https:\/\/handelsverband.swiss\/wp-content\/uploads\/2020\/03\/trust-ecommerce_492-300x243.png","type":"","width":"","height":""}],"twitter_card":"summary_large_image","twitter_misc":{"Est. reading time":"2 minutes"},"schema":{"@context":"https:\/\/schema.org","@graph":[{"@type":"WebPage","@id":"https:\/\/handelsverband.swiss\/fr\/trustmark\/european-trustmark\/","url":"https:\/\/handelsverband.swiss\/fr\/trustmark\/european-trustmark\/","name":"European Trustmark - HANDELSVERBAND. swiss","isPartOf":{"@id":"https:\/\/handelsverband.swiss\/#website"},"primaryImageOfPage":{"@id":"https:\/\/handelsverband.swiss\/fr\/trustmark\/european-trustmark\/#primaryimage"},"image":{"@id":"https:\/\/handelsverband.swiss\/fr\/trustmark\/european-trustmark\/#primaryimage"},"thumbnailUrl":"https:\/\/handelsverband.swiss\/wp-content\/uploads\/2020\/03\/trust-ecommerce_492-300x243.png","datePublished":"2018-02-05T14:10:58+00:00","dateModified":"2024-04-04T14:46:03+00:00","breadcrumb":{"@id":"https:\/\/handelsverband.swiss\/fr\/trustmark\/european-trustmark\/#breadcrumb"},"inLanguage":"fr-FR","potentialAction":[{"@type":"ReadAction","target":["https:\/\/handelsverband.swiss\/fr\/trustmark\/european-trustmark\/"]}]},{"@type":"ImageObject","inLanguage":"fr-FR","@id":"https:\/\/handelsverband.swiss\/fr\/trustmark\/european-trustmark\/#primaryimage","url":"https:\/\/handelsverband.swiss\/wp-content\/uploads\/2020\/03\/trust-ecommerce_492-300x243.png","contentUrl":"https:\/\/handelsverband.swiss\/wp-content\/uploads\/2020\/03\/trust-ecommerce_492-300x243.png"},{"@type":"BreadcrumbList","@id":"https:\/\/handelsverband.swiss\/fr\/trustmark\/european-trustmark\/#breadcrumb","itemListElement":[{"@type":"ListItem","position":1,"name":"Startseite","item":"https:\/\/handelsverband.swiss\/fr\/"},{"@type":"ListItem","position":2,"name":"Trustmark","item":"https:\/\/handelsverband.swiss\/fr\/trustmark\/"},{"@type":"ListItem","position":3,"name":"European Trustmark"}]},{"@type":"WebSite","@id":"https:\/\/handelsverband.swiss\/#website","url":"https:\/\/handelsverband.swiss\/","name":"HANDELSVERBAND.swiss","description":"ASSOCIATION DE COMMERCE.swiss","publisher":{"@id":"https:\/\/handelsverband.swiss\/#organization"},"potentialAction":[{"@type":"SearchAction","target":{"@type":"EntryPoint","urlTemplate":"https:\/\/handelsverband.swiss\/?s={search_term_string}"},"query-input":{"@type":"PropertyValueSpecification","valueRequired":true,"valueName":"search_term_string"}}],"inLanguage":"fr-FR"},{"@type":"Organization","@id":"https:\/\/handelsverband.swiss\/#organization","name":"HANDELSVERBAND.swiss","url":"https:\/\/handelsverband.swiss\/","logo":{"@type":"ImageObject","inLanguage":"fr-FR","@id":"https:\/\/handelsverband.swiss\/#\/schema\/logo\/image\/","url":"https:\/\/handelsverband.swiss\/wp-content\/uploads\/2020\/03\/hv_brand_rgb.png","contentUrl":"https:\/\/handelsverband.swiss\/wp-content\/uploads\/2020\/03\/hv_brand_rgb.png","width":1714,"height":472,"caption":"HANDELSVERBAND.swiss"},"image":{"@id":"https:\/\/handelsverband.swiss\/#\/schema\/logo\/image\/"}}]}},"_links":{"self":[{"href":"https:\/\/handelsverband.swiss\/fr\/wp-json\/wp\/v2\/pages\/6481","targetHints":{"allow":["GET"]}}],"collection":[{"href":"https:\/\/handelsverband.swiss\/fr\/wp-json\/wp\/v2\/pages"}],"about":[{"href":"https:\/\/handelsverband.swiss\/fr\/wp-json\/wp\/v2\/types\/page"}],"author":[{"embeddable":true,"href":"https:\/\/handelsverband.swiss\/fr\/wp-json\/wp\/v2\/users\/1499"}],"replies":[{"embeddable":true,"href":"https:\/\/handelsverband.swiss\/fr\/wp-json\/wp\/v2\/comments?post=6481"}],"version-history":[{"count":13,"href":"https:\/\/handelsverband.swiss\/fr\/wp-json\/wp\/v2\/pages\/6481\/revisions"}],"predecessor-version":[{"id":47874,"href":"https:\/\/handelsverband.swiss\/fr\/wp-json\/wp\/v2\/pages\/6481\/revisions\/47874"}],"up":[{"embeddable":true,"href":"https:\/\/handelsverband.swiss\/fr\/wp-json\/wp\/v2\/pages\/6449"}],"wp:attachment":[{"href":"https:\/\/handelsverband.swiss\/fr\/wp-json\/wp\/v2\/media?parent=6481"}],"curies":[{"name":"wp","href":"https:\/\/api.w.org\/{rel}","templated":true}]}}