{"id":6526,"date":"2018-02-06T09:58:34","date_gmt":"2018-02-06T08:58:34","guid":{"rendered":"https:\/\/www.vsv-versandhandel.ch\/?page_id=6526"},"modified":"2025-12-04T14:40:04","modified_gmt":"2025-12-04T13:40:04","slug":"lorganisation-team","status":"publish","type":"page","link":"https:\/\/handelsverband.swiss\/fr\/members\/lorganisation-team\/","title":{"rendered":"L&#8217;organisation \/ team"},"content":{"rendered":"<p>L&#8217;assembl\u00e9e g\u00e9n\u00e9rale est l&#8217;organe supr\u00eame de l&#8217;ASSOCIATION DE COMMERCE.swiss. Elle \u00e9lit le comit\u00e9 directeur et le pr\u00e9sident.<\/p>\n<p>Le comit\u00e9 d&#8217;administration se compose de maximum 9 personnes, choisies parmi les membres. Les \u00e9lus sont, dans la mesure du possible, repr\u00e9sentatifs des membres qui composent l&#8217;association (branche d&#8217;activit\u00e9, taille, etc.). Les affaires courantes de l&#8217;association sont g\u00e9r\u00e9es par son pr\u00e9sident.<\/p>\n<p>&nbsp;<\/p>\n<h6>Le comit\u00e9 d&#8217;administration de l&#8217;ASSOCIATION DE COMMERCE.swiss :<\/h6>\n<h6><\/h6>\n<h6>Pr\u00e9sident : <strong>Tomas Prenosil (<a href=\"https:\/\/www.spruengli.ch\/\" target=\"_blank\" rel=\"noopener noreferrer\">Confiserie Spr\u00fcngli AG<\/a>)<\/strong><\/h6>\n<p><strong><br \/>\nLes membres du comit\u00e9 d&#8217;administration :<\/strong><\/p>\n<ul>\n<li>Marc Isler (<a href=\"https:\/\/www.apfelkiste.ch\/\" target=\"_blank\" rel=\"noopener\">apfelkiste.ch<\/a>) &#8211; Vizepr\u00e4sident<\/li>\n<li>Martin Anderegg (<a href=\"https:\/\/www.opo.ch\/de\/\">opo Oeschger AG<\/a>)<\/li>\n<li>Nina B\u00fchlmann (<a href=\"https:\/\/www.qoqa.ch\/de\" target=\"_blank\" rel=\"noopener\">QoQa Services SA<\/a>)<\/li>\n<li>Stefan Fraude (<a href=\"https:\/\/www.brack.ch\/\" target=\"_blank\" rel=\"noopener\">Brack.Alltron<\/a>)<\/li>\n<li>Sandra Freund (<a href=\"https:\/\/lolipop.ch\" target=\"_blank\" rel=\"noopener\">sweetsnacks ag<\/a>)<\/li>\n<li>Florian Gattiker (<a href=\"http:\/\/www.bucherer.com\" target=\"_blank\" rel=\"noopener\">Bucherer AG<\/a>)<\/li>\n<li>Paul Holaschke (<a href=\"https:\/\/www.pfister.ch\" target=\"_blank\" rel=\"noopener\">M\u00f6bel Pfister AG<\/a>)<\/li>\n<li>Tristan Kohler (<a href=\"https:\/\/www.nespresso.com\" target=\"_blank\" rel=\"noopener\">Nestl\u00e9 Nespresso S.A.<\/a>)<\/li>\n<li>Annette Kreczy (<a href=\"https:\/\/www.dertour-suisse.com\/\" target=\"_blank\" rel=\"noopener\">DERTOUR Suisse AG<\/a>)<\/li>\n<\/ul>\n<h6><\/h6>\n<h6>Le team de l&#8217;ASSOCIATION DE COMMERCE.swiss :<\/h6>\n<h6><\/h6>\n<p><strong>Bernhard Egger \u2013 Directeur g\u00e9n\u00e9ral<\/strong><b><br \/>\n<\/b>&#8211; Acquisition et soutien aux membres priorit\u00e9 Suisse Al\u00e9manique<br \/>\n&#8211; Partenaires de prestations &#8211; Contrats-cadres<br \/>\n&#8211; Relations publiques (m\u00e9dias, \u00e9tudes, politique)<br \/>\n&#8211; Domaine sp\u00e9cifique : commerce num\u00e9rique<\/p>\n<p><strong>Nadine Baeriswyl \u2013 Directrice adjointe<\/strong><b><br \/>\n<\/b>&#8211; Acquisition et soutien aux membres priorit\u00e9 Suisse Romande<br \/>\n&#8211; Quick Check \u2013 Swiss Online Garantie<br \/>\n&#8211; Site web \/ Communication<br \/>\n&#8211; \u00c9v\u00e9nements<\/p>\n<p><strong>Severin Pfl\u00fcger \u2013 Directeur adjoint<\/strong><b><br \/>\n<\/b>&#8211; \u00c9ducation<br \/>\n&#8211; Payement<br \/>\n&#8211; Droit du travail<br \/>\n&#8211; Domaine sp\u00e9cifique : commerce stationnaire<\/p>\n<p><strong>Christine Schneider \u2013 Assistante de direction<\/strong><b><br \/>\n<\/b>&#8211; Suivi des membres \/ Nouveaux membres<br \/>\n&#8211; Quick Check \u2013 Swiss Online Garantie<br \/>\n&#8211; Administration<\/p>\n","protected":false},"excerpt":{"rendered":"<p>L&#8217;assembl\u00e9e g\u00e9n\u00e9rale est l&#8217;organe supr\u00eame<\/p>\n","protected":false},"author":1499,"featured_media":0,"parent":6659,"menu_order":0,"comment_status":"closed","ping_status":"closed","template":"","meta":{"_acf_changed":false,"footnotes":""},"class_list":["post-6526","page","type-page","status-publish","hentry"],"acf":[],"yoast_head":"<!-- This site is optimized with the Yoast SEO plugin v27.4 - https:\/\/yoast.com\/product\/yoast-seo-wordpress\/ -->\n<title>L&#039;organisation \/ team - HANDELSVERBAND. swiss<\/title>\n<meta name=\"robots\" content=\"index, follow, max-snippet:-1, max-image-preview:large, max-video-preview:-1\" \/>\n<meta property=\"og:locale\" content=\"fr_FR\" \/>\n<meta property=\"og:type\" content=\"article\" \/>\n<meta property=\"og:title\" content=\"L&#039;organisation \/ team - HANDELSVERBAND. swiss\" \/>\n<meta property=\"og:description\" content=\"L&#8217;assembl\u00e9e g\u00e9n\u00e9rale est l&#8217;organe supr\u00eame\" \/>\n<meta property=\"og:url\" content=\"https:\/\/handelsverband.swiss\/fr\/members\/lorganisation-team\/\" \/>\n<meta property=\"og:site_name\" content=\"HANDELSVERBAND. swiss\" \/>\n<meta property=\"article:modified_time\" content=\"2025-12-04T13:40:04+00:00\" \/>\n<meta name=\"twitter:card\" content=\"summary_large_image\" \/>\n<meta name=\"twitter:label1\" content=\"Est. reading time\" \/>\n\t<meta name=\"twitter:data1\" content=\"2 minutes\" \/>\n<script type=\"application\/ld+json\" class=\"yoast-schema-graph\">{\"@context\":\"https:\\\/\\\/schema.org\",\"@graph\":[{\"@type\":\"WebPage\",\"@id\":\"https:\\\/\\\/handelsverband.swiss\\\/fr\\\/members\\\/lorganisation-team\\\/\",\"url\":\"https:\\\/\\\/handelsverband.swiss\\\/fr\\\/members\\\/lorganisation-team\\\/\",\"name\":\"L'organisation \\\/ team - HANDELSVERBAND. swiss\",\"isPartOf\":{\"@id\":\"https:\\\/\\\/handelsverband.swiss\\\/#website\"},\"datePublished\":\"2018-02-06T08:58:34+00:00\",\"dateModified\":\"2025-12-04T13:40:04+00:00\",\"breadcrumb\":{\"@id\":\"https:\\\/\\\/handelsverband.swiss\\\/fr\\\/members\\\/lorganisation-team\\\/#breadcrumb\"},\"inLanguage\":\"fr-FR\",\"potentialAction\":[{\"@type\":\"ReadAction\",\"target\":[\"https:\\\/\\\/handelsverband.swiss\\\/fr\\\/members\\\/lorganisation-team\\\/\"]}]},{\"@type\":\"BreadcrumbList\",\"@id\":\"https:\\\/\\\/handelsverband.swiss\\\/fr\\\/members\\\/lorganisation-team\\\/#breadcrumb\",\"itemListElement\":[{\"@type\":\"ListItem\",\"position\":1,\"name\":\"Startseite\",\"item\":\"https:\\\/\\\/handelsverband.swiss\\\/fr\\\/\"},{\"@type\":\"ListItem\",\"position\":2,\"name\":\"Members\",\"item\":\"https:\\\/\\\/handelsverband.swiss\\\/fr\\\/members\\\/\"},{\"@type\":\"ListItem\",\"position\":3,\"name\":\"L&#8217;organisation \\\/ team\"}]},{\"@type\":\"WebSite\",\"@id\":\"https:\\\/\\\/handelsverband.swiss\\\/#website\",\"url\":\"https:\\\/\\\/handelsverband.swiss\\\/\",\"name\":\"HANDELSVERBAND.swiss\",\"description\":\"ASSOCIATION DE COMMERCE.swiss\",\"publisher\":{\"@id\":\"https:\\\/\\\/handelsverband.swiss\\\/#organization\"},\"potentialAction\":[{\"@type\":\"SearchAction\",\"target\":{\"@type\":\"EntryPoint\",\"urlTemplate\":\"https:\\\/\\\/handelsverband.swiss\\\/?s={search_term_string}\"},\"query-input\":{\"@type\":\"PropertyValueSpecification\",\"valueRequired\":true,\"valueName\":\"search_term_string\"}}],\"inLanguage\":\"fr-FR\"},{\"@type\":\"Organization\",\"@id\":\"https:\\\/\\\/handelsverband.swiss\\\/#organization\",\"name\":\"HANDELSVERBAND.swiss\",\"url\":\"https:\\\/\\\/handelsverband.swiss\\\/\",\"logo\":{\"@type\":\"ImageObject\",\"inLanguage\":\"fr-FR\",\"@id\":\"https:\\\/\\\/handelsverband.swiss\\\/#\\\/schema\\\/logo\\\/image\\\/\",\"url\":\"https:\\\/\\\/handelsverband.swiss\\\/wp-content\\\/uploads\\\/2020\\\/03\\\/hv_brand_rgb.png\",\"contentUrl\":\"https:\\\/\\\/handelsverband.swiss\\\/wp-content\\\/uploads\\\/2020\\\/03\\\/hv_brand_rgb.png\",\"width\":1714,\"height\":472,\"caption\":\"HANDELSVERBAND.swiss\"},\"image\":{\"@id\":\"https:\\\/\\\/handelsverband.swiss\\\/#\\\/schema\\\/logo\\\/image\\\/\"}}]}<\/script>\n<!-- \/ Yoast SEO plugin. -->","yoast_head_json":{"title":"L'organisation \/ team - HANDELSVERBAND. swiss","robots":{"index":"index","follow":"follow","max-snippet":"max-snippet:-1","max-image-preview":"max-image-preview:large","max-video-preview":"max-video-preview:-1"},"og_locale":"fr_FR","og_type":"article","og_title":"L'organisation \/ team - HANDELSVERBAND. swiss","og_description":"L&#8217;assembl\u00e9e g\u00e9n\u00e9rale est l&#8217;organe supr\u00eame","og_url":"https:\/\/handelsverband.swiss\/fr\/members\/lorganisation-team\/","og_site_name":"HANDELSVERBAND. swiss","article_modified_time":"2025-12-04T13:40:04+00:00","twitter_card":"summary_large_image","twitter_misc":{"Est. reading time":"2 minutes"},"schema":{"@context":"https:\/\/schema.org","@graph":[{"@type":"WebPage","@id":"https:\/\/handelsverband.swiss\/fr\/members\/lorganisation-team\/","url":"https:\/\/handelsverband.swiss\/fr\/members\/lorganisation-team\/","name":"L'organisation \/ team - HANDELSVERBAND. swiss","isPartOf":{"@id":"https:\/\/handelsverband.swiss\/#website"},"datePublished":"2018-02-06T08:58:34+00:00","dateModified":"2025-12-04T13:40:04+00:00","breadcrumb":{"@id":"https:\/\/handelsverband.swiss\/fr\/members\/lorganisation-team\/#breadcrumb"},"inLanguage":"fr-FR","potentialAction":[{"@type":"ReadAction","target":["https:\/\/handelsverband.swiss\/fr\/members\/lorganisation-team\/"]}]},{"@type":"BreadcrumbList","@id":"https:\/\/handelsverband.swiss\/fr\/members\/lorganisation-team\/#breadcrumb","itemListElement":[{"@type":"ListItem","position":1,"name":"Startseite","item":"https:\/\/handelsverband.swiss\/fr\/"},{"@type":"ListItem","position":2,"name":"Members","item":"https:\/\/handelsverband.swiss\/fr\/members\/"},{"@type":"ListItem","position":3,"name":"L&#8217;organisation \/ team"}]},{"@type":"WebSite","@id":"https:\/\/handelsverband.swiss\/#website","url":"https:\/\/handelsverband.swiss\/","name":"HANDELSVERBAND.swiss","description":"ASSOCIATION DE COMMERCE.swiss","publisher":{"@id":"https:\/\/handelsverband.swiss\/#organization"},"potentialAction":[{"@type":"SearchAction","target":{"@type":"EntryPoint","urlTemplate":"https:\/\/handelsverband.swiss\/?s={search_term_string}"},"query-input":{"@type":"PropertyValueSpecification","valueRequired":true,"valueName":"search_term_string"}}],"inLanguage":"fr-FR"},{"@type":"Organization","@id":"https:\/\/handelsverband.swiss\/#organization","name":"HANDELSVERBAND.swiss","url":"https:\/\/handelsverband.swiss\/","logo":{"@type":"ImageObject","inLanguage":"fr-FR","@id":"https:\/\/handelsverband.swiss\/#\/schema\/logo\/image\/","url":"https:\/\/handelsverband.swiss\/wp-content\/uploads\/2020\/03\/hv_brand_rgb.png","contentUrl":"https:\/\/handelsverband.swiss\/wp-content\/uploads\/2020\/03\/hv_brand_rgb.png","width":1714,"height":472,"caption":"HANDELSVERBAND.swiss"},"image":{"@id":"https:\/\/handelsverband.swiss\/#\/schema\/logo\/image\/"}}]}},"_links":{"self":[{"href":"https:\/\/handelsverband.swiss\/fr\/wp-json\/wp\/v2\/pages\/6526","targetHints":{"allow":["GET"]}}],"collection":[{"href":"https:\/\/handelsverband.swiss\/fr\/wp-json\/wp\/v2\/pages"}],"about":[{"href":"https:\/\/handelsverband.swiss\/fr\/wp-json\/wp\/v2\/types\/page"}],"author":[{"embeddable":true,"href":"https:\/\/handelsverband.swiss\/fr\/wp-json\/wp\/v2\/users\/1499"}],"replies":[{"embeddable":true,"href":"https:\/\/handelsverband.swiss\/fr\/wp-json\/wp\/v2\/comments?post=6526"}],"version-history":[{"count":28,"href":"https:\/\/handelsverband.swiss\/fr\/wp-json\/wp\/v2\/pages\/6526\/revisions"}],"predecessor-version":[{"id":59372,"href":"https:\/\/handelsverband.swiss\/fr\/wp-json\/wp\/v2\/pages\/6526\/revisions\/59372"}],"up":[{"embeddable":true,"href":"https:\/\/handelsverband.swiss\/fr\/wp-json\/wp\/v2\/pages\/6659"}],"wp:attachment":[{"href":"https:\/\/handelsverband.swiss\/fr\/wp-json\/wp\/v2\/media?parent=6526"}],"curies":[{"name":"wp","href":"https:\/\/api.w.org\/{rel}","templated":true}]}}