{"id":6533,"date":"2018-02-06T10:24:04","date_gmt":"2018-02-06T09:24:04","guid":{"rendered":"https:\/\/www.vsv-versandhandel.ch\/?page_id=6533"},"modified":"2026-08-19T16:25:15","modified_gmt":"2026-08-19T14:25:15","slug":"devenir-membre","status":"publish","type":"page","link":"https:\/\/handelsverband.swiss\/fr\/members\/devenir-membre\/","title":{"rendered":"Devenir membre"},"content":{"rendered":"<p class=\"isSelectedEnd\">En tant que membre de l\u2019ASSOCIATION DE COMMERCE.swiss, vous b\u00e9n\u00e9ficiez d\u2019un r\u00e9seau solide, d\u2019informations sectorielles actuelles et de prestations concr\u00e8tes pour votre entreprise. Que vous soyez actif dans le commerce stationnaire, en ligne ou omnicanal, nous soutenons nos membres avec des offres pratiques et d\u00e9fendons leurs int\u00e9r\u00eats aupr\u00e8s des milieux politiques, des autorit\u00e9s et des autres parties prenantes.<\/p>\n<p class=\"isSelectedEnd\"><a href=\"https:\/\/handelsverband.swiss\/fr\/members\/les-avantages-pour-les-membres\/\" target=\"_blank\" rel=\"noopener\">D\u00e9couvrez ici tous les avantages d\u2019une adh\u00e9sion<\/a><\/p>\n<p>&nbsp;<\/p>\n<h6 class=\"PDq2pG_selectionAnchorContainer\" data-start=\"0\" data-end=\"50\">Votre entreprise peut-elle devenir membre ?<\/h6>\n<p data-start=\"52\" data-end=\"111\">Une adh\u00e9sion est en principe possible si votre entreprise :<\/p>\n<ul data-start=\"113\" data-end=\"383\" data-is-last-node=\"\" data-is-only-node=\"\">\n<li data-section-id=\"j3udlo\" data-start=\"113\" data-end=\"191\"><strong data-start=\"115\" data-end=\"191\">propose des produits ou des voyages dans le cadre d\u2019activit\u00e9s principale ou secondaire B2C ou B2B<\/strong><\/li>\n<li data-section-id=\"1pu2xyq\" data-start=\"192\" data-end=\"383\" data-is-last-node=\"\"><strong data-start=\"194\" data-end=\"383\" data-is-last-node=\"\">remplit les conditions pr\u00e9vues par les <a class=\"decorated-link\" href=\"https:\/\/handelsverband.swiss\/wp-content\/uploads\/2024\/06\/Statuten-ASSOCIATION-DE-COMMERCE.swiss_30.05.2024.pdf\" target=\"_blank\" rel=\"noopener\" data-start=\"235\" data-end=\"346\">statuts<\/a> de l\u2019ASSOCIATION DE COMMERCE.swiss<\/strong><\/li>\n<\/ul>\n<p>&nbsp;<\/p>\n<h6 class=\"PDq2pG_selectionAnchorContainer\" data-start=\"0\" data-end=\"45\">Quel est le montant de la cotisation ?<\/h6>\n<p data-start=\"47\" data-end=\"126\">La cotisation annuelle d\u00e9pend du chiffre d\u2019affaires total de votre entreprise :<\/p>\n<p>&#8211; CHF 2000 : &gt; CHF 1 mio. de chiffre d&#8217;affaires total (d\u00e8s 01.01.2027 CHF 2500)<br \/>\n&#8211; CHF 1000 : &lt; CHF 1 mio. de chiffre d&#8217;affaires total<br \/>\n&#8211; CHF\u00a0 \u00a0500 : Start-ups (durant 2 ans pendant les 3 premi\u00e8res ann\u00e9es apr\u00e8s la fondation)<\/p>\n<p>&nbsp;<\/p>\n<h6>Vous souhaitez devenir membre de l\u2019ASSOCIATION DE COMMERCE.swiss ?<br \/>\nContactez-nous.<\/h6>\n<p>&nbsp;<\/p>\n\n<div class=\"wpcf7 no-js\" id=\"wpcf7-f7024-o1\" lang=\"de-DE\" dir=\"ltr\" data-wpcf7-id=\"7024\">\n<div class=\"screen-reader-response\"><p role=\"status\" aria-live=\"polite\" aria-atomic=\"true\"><\/p> <ul><\/ul><\/div>\n<form action=\"\/fr\/wp-json\/wp\/v2\/pages\/6533#wpcf7-f7024-o1\" method=\"post\" class=\"wpcf7-form init\" aria-label=\"Contact form\" novalidate=\"novalidate\" data-status=\"init\">\n<fieldset class=\"hidden-fields-container\"><input type=\"hidden\" name=\"_wpcf7\" value=\"7024\" \/><input type=\"hidden\" name=\"_wpcf7_version\" value=\"6.1.7\" \/><input type=\"hidden\" name=\"_wpcf7_locale\" value=\"de_DE\" \/><input type=\"hidden\" name=\"_wpcf7_unit_tag\" value=\"wpcf7-f7024-o1\" \/><input type=\"hidden\" name=\"_wpcf7_container_post\" value=\"0\" \/><input type=\"hidden\" name=\"_wpcf7_posted_data_hash\" value=\"\" \/><input type=\"hidden\" name=\"_wpcf7_recaptcha_response\" value=\"\" \/>\n<\/fieldset>\n<p><label> Soci\u00e9t\u00e9 <span class=\"form-required\">*<\/span><br \/>\n<span class=\"wpcf7-form-control-wrap\" data-name=\"Societe\"><input size=\"40\" maxlength=\"400\" class=\"wpcf7-form-control wpcf7-text wpcf7-validates-as-required\" aria-required=\"true\" aria-invalid=\"false\" value=\"\" type=\"text\" name=\"Societe\" \/><\/span> <\/label>\n<\/p>\n<p><label> Pr\u00e9nom <span class=\"form-required\">*<\/span><br \/>\n<span class=\"wpcf7-form-control-wrap\" data-name=\"Prenom\"><input size=\"40\" maxlength=\"400\" class=\"wpcf7-form-control wpcf7-text wpcf7-validates-as-required\" aria-required=\"true\" aria-invalid=\"false\" value=\"\" type=\"text\" name=\"Prenom\" \/><\/span> <\/label>\n<\/p>\n<p><label> Nom <span class=\"form-required\">*<\/span><br \/>\n<span class=\"wpcf7-form-control-wrap\" data-name=\"Nom\"><input size=\"40\" maxlength=\"400\" class=\"wpcf7-form-control wpcf7-text wpcf7-validates-as-required\" aria-required=\"true\" aria-invalid=\"false\" value=\"\" type=\"text\" name=\"Nom\" \/><\/span> <\/label>\n<\/p>\n<p><label> Titre <span class=\"form-required\">*<\/span><br \/>\n<span class=\"wpcf7-form-control-wrap\" data-name=\"menu-title\"><select class=\"wpcf7-form-control wpcf7-select wpcf7-validates-as-required\" aria-required=\"true\" aria-invalid=\"false\" name=\"menu-title\"><option value=\"\">&#8212;Please choose an option&#8212;<\/option><option value=\"Monsieur\">Monsieur<\/option><option value=\"Madame\">Madame<\/option><option value=\"Divers\">Divers<\/option><\/select><\/span> <\/label>\n<\/p>\n<p><label> Adresse e-mail <span class=\"form-required\">*<\/span><br \/>\n<span class=\"wpcf7-form-control-wrap\" data-name=\"Email\"><input size=\"40\" maxlength=\"400\" class=\"wpcf7-form-control wpcf7-email wpcf7-validates-as-required wpcf7-text wpcf7-validates-as-email\" aria-required=\"true\" aria-invalid=\"false\" value=\"\" type=\"email\" name=\"Email\" \/><\/span> <\/label>\n<\/p>\n<p><label> Num\u00e9ro de t\u00e9l\u00e9phone<br \/>\n<span class=\"wpcf7-form-control-wrap\" data-name=\"Tel\"><input size=\"40\" maxlength=\"400\" class=\"wpcf7-form-control wpcf7-tel wpcf7-text wpcf7-validates-as-tel\" aria-invalid=\"false\" value=\"\" type=\"tel\" name=\"Tel\" \/><\/span> <\/label>\n<\/p>\n<p><label> Site Web<br \/>\n<span class=\"wpcf7-form-control-wrap\" data-name=\"Website\"><input size=\"40\" maxlength=\"400\" class=\"wpcf7-form-control wpcf7-text\" aria-invalid=\"false\" value=\"\" type=\"text\" name=\"Website\" \/><\/span> <\/label>\n<\/p>\n<p><label> Remarques<br \/>\n<span class=\"wpcf7-form-control-wrap\" data-name=\"Remarques\"><textarea cols=\"40\" rows=\"10\" maxlength=\"2000\" class=\"wpcf7-form-control wpcf7-textarea\" aria-invalid=\"false\" name=\"Remarques\"><\/textarea><\/span> <\/label>\n<\/p>\n<p><input class=\"wpcf7-form-control wpcf7-submit has-spinner btn btn-primary\" type=\"submit\" value=\"ENVOYER\" \/>\n<\/p><p style=\"display: none !important;\" class=\"akismet-fields-container\" data-prefix=\"_wpcf7_ak_\"><label>&#916;<textarea name=\"_wpcf7_ak_hp_textarea\" cols=\"45\" rows=\"8\" maxlength=\"100\"><\/textarea><\/label><input type=\"hidden\" id=\"ak_js_1\" name=\"_wpcf7_ak_js\" value=\"26\"\/><script>\ndocument.getElementById( \"ak_js_1\" ).setAttribute( \"value\", ( new Date() ).getTime() );\n<\/script>\n<\/p><div class=\"wpcf7-response-output\" aria-hidden=\"true\"><\/div>\n<\/form>\n<\/div>\n\n","protected":false},"excerpt":{"rendered":"<p>En tant que membre de<\/p>\n","protected":false},"author":1499,"featured_media":0,"parent":6659,"menu_order":0,"comment_status":"closed","ping_status":"closed","template":"","meta":{"_acf_changed":false,"footnotes":""},"class_list":["post-6533","page","type-page","status-publish","hentry"],"acf":[],"yoast_head":"<!-- This site is optimized with the Yoast SEO plugin v28.3 - https:\/\/yoast.com\/product\/yoast-seo-wordpress\/ -->\n<title>Devenir membre - HANDELSVERBAND. swiss<\/title>\n<meta name=\"robots\" content=\"index, follow, max-snippet:-1, max-image-preview:large, max-video-preview:-1\" \/>\n<meta property=\"og:locale\" content=\"fr_FR\" \/>\n<meta property=\"og:type\" content=\"article\" \/>\n<meta property=\"og:title\" content=\"Devenir membre - HANDELSVERBAND. swiss\" \/>\n<meta property=\"og:description\" content=\"En tant que membre de\" \/>\n<meta property=\"og:url\" content=\"https:\/\/handelsverband.swiss\/fr\/members\/devenir-membre\/\" \/>\n<meta property=\"og:site_name\" content=\"HANDELSVERBAND. swiss\" \/>\n<meta property=\"article:modified_time\" content=\"2026-08-19T14:25:15+00:00\" \/>\n<meta name=\"twitter:card\" content=\"summary_large_image\" \/>\n<meta name=\"twitter:label1\" content=\"Est. reading time\" \/>\n\t<meta name=\"twitter:data1\" content=\"1 minute\" \/>\n<script type=\"application\/ld+json\" class=\"yoast-schema-graph\">{\"@context\":\"https:\\\/\\\/schema.org\",\"@graph\":[{\"@type\":\"WebPage\",\"@id\":\"https:\\\/\\\/handelsverband.swiss\\\/fr\\\/members\\\/devenir-membre\\\/\",\"url\":\"https:\\\/\\\/handelsverband.swiss\\\/fr\\\/members\\\/devenir-membre\\\/\",\"name\":\"Devenir membre - HANDELSVERBAND. swiss\",\"isPartOf\":{\"@id\":\"https:\\\/\\\/handelsverband.swiss\\\/#website\"},\"datePublished\":\"2018-02-06T09:24:04+00:00\",\"dateModified\":\"2026-08-19T14:25:15+00:00\",\"breadcrumb\":{\"@id\":\"https:\\\/\\\/handelsverband.swiss\\\/fr\\\/members\\\/devenir-membre\\\/#breadcrumb\"},\"inLanguage\":\"fr-FR\",\"potentialAction\":[{\"@type\":\"ReadAction\",\"target\":[\"https:\\\/\\\/handelsverband.swiss\\\/fr\\\/members\\\/devenir-membre\\\/\"]}]},{\"@type\":\"BreadcrumbList\",\"@id\":\"https:\\\/\\\/handelsverband.swiss\\\/fr\\\/members\\\/devenir-membre\\\/#breadcrumb\",\"itemListElement\":[{\"@type\":\"ListItem\",\"position\":1,\"name\":\"Startseite\",\"item\":\"https:\\\/\\\/handelsverband.swiss\\\/fr\\\/\"},{\"@type\":\"ListItem\",\"position\":2,\"name\":\"Members\",\"item\":\"https:\\\/\\\/handelsverband.swiss\\\/fr\\\/members\\\/\"},{\"@type\":\"ListItem\",\"position\":3,\"name\":\"Devenir membre\"}]},{\"@type\":\"WebSite\",\"@id\":\"https:\\\/\\\/handelsverband.swiss\\\/#website\",\"url\":\"https:\\\/\\\/handelsverband.swiss\\\/\",\"name\":\"HANDELSVERBAND.swiss\",\"description\":\"ASSOCIATION DE COMMERCE.swiss\",\"publisher\":{\"@id\":\"https:\\\/\\\/handelsverband.swiss\\\/#organization\"},\"potentialAction\":[{\"@type\":\"SearchAction\",\"target\":{\"@type\":\"EntryPoint\",\"urlTemplate\":\"https:\\\/\\\/handelsverband.swiss\\\/?s={search_term_string}\"},\"query-input\":{\"@type\":\"PropertyValueSpecification\",\"valueRequired\":true,\"valueName\":\"search_term_string\"}}],\"inLanguage\":\"fr-FR\"},{\"@type\":\"Organization\",\"@id\":\"https:\\\/\\\/handelsverband.swiss\\\/#organization\",\"name\":\"HANDELSVERBAND.swiss\",\"url\":\"https:\\\/\\\/handelsverband.swiss\\\/\",\"logo\":{\"@type\":\"ImageObject\",\"inLanguage\":\"fr-FR\",\"@id\":\"https:\\\/\\\/handelsverband.swiss\\\/#\\\/schema\\\/logo\\\/image\\\/\",\"url\":\"https:\\\/\\\/handelsverband.swiss\\\/wp-content\\\/uploads\\\/2020\\\/03\\\/hv_brand_rgb.png\",\"contentUrl\":\"https:\\\/\\\/handelsverband.swiss\\\/wp-content\\\/uploads\\\/2020\\\/03\\\/hv_brand_rgb.png\",\"width\":1714,\"height\":472,\"caption\":\"HANDELSVERBAND.swiss\"},\"image\":{\"@id\":\"https:\\\/\\\/handelsverband.swiss\\\/#\\\/schema\\\/logo\\\/image\\\/\"}}]}<\/script>\n<!-- \/ Yoast SEO plugin. -->","yoast_head_json":{"title":"Devenir membre - HANDELSVERBAND. swiss","robots":{"index":"index","follow":"follow","max-snippet":"max-snippet:-1","max-image-preview":"max-image-preview:large","max-video-preview":"max-video-preview:-1"},"og_locale":"fr_FR","og_type":"article","og_title":"Devenir membre - HANDELSVERBAND. swiss","og_description":"En tant que membre de","og_url":"https:\/\/handelsverband.swiss\/fr\/members\/devenir-membre\/","og_site_name":"HANDELSVERBAND. swiss","article_modified_time":"2026-08-19T14:25:15+00:00","twitter_card":"summary_large_image","twitter_misc":{"Est. reading time":"1 minute"},"schema":{"@context":"https:\/\/schema.org","@graph":[{"@type":"WebPage","@id":"https:\/\/handelsverband.swiss\/fr\/members\/devenir-membre\/","url":"https:\/\/handelsverband.swiss\/fr\/members\/devenir-membre\/","name":"Devenir membre - HANDELSVERBAND. swiss","isPartOf":{"@id":"https:\/\/handelsverband.swiss\/#website"},"datePublished":"2018-02-06T09:24:04+00:00","dateModified":"2026-08-19T14:25:15+00:00","breadcrumb":{"@id":"https:\/\/handelsverband.swiss\/fr\/members\/devenir-membre\/#breadcrumb"},"inLanguage":"fr-FR","potentialAction":[{"@type":"ReadAction","target":["https:\/\/handelsverband.swiss\/fr\/members\/devenir-membre\/"]}]},{"@type":"BreadcrumbList","@id":"https:\/\/handelsverband.swiss\/fr\/members\/devenir-membre\/#breadcrumb","itemListElement":[{"@type":"ListItem","position":1,"name":"Startseite","item":"https:\/\/handelsverband.swiss\/fr\/"},{"@type":"ListItem","position":2,"name":"Members","item":"https:\/\/handelsverband.swiss\/fr\/members\/"},{"@type":"ListItem","position":3,"name":"Devenir membre"}]},{"@type":"WebSite","@id":"https:\/\/handelsverband.swiss\/#website","url":"https:\/\/handelsverband.swiss\/","name":"HANDELSVERBAND.swiss","description":"ASSOCIATION DE COMMERCE.swiss","publisher":{"@id":"https:\/\/handelsverband.swiss\/#organization"},"potentialAction":[{"@type":"SearchAction","target":{"@type":"EntryPoint","urlTemplate":"https:\/\/handelsverband.swiss\/?s={search_term_string}"},"query-input":{"@type":"PropertyValueSpecification","valueRequired":true,"valueName":"search_term_string"}}],"inLanguage":"fr-FR"},{"@type":"Organization","@id":"https:\/\/handelsverband.swiss\/#organization","name":"HANDELSVERBAND.swiss","url":"https:\/\/handelsverband.swiss\/","logo":{"@type":"ImageObject","inLanguage":"fr-FR","@id":"https:\/\/handelsverband.swiss\/#\/schema\/logo\/image\/","url":"https:\/\/handelsverband.swiss\/wp-content\/uploads\/2020\/03\/hv_brand_rgb.png","contentUrl":"https:\/\/handelsverband.swiss\/wp-content\/uploads\/2020\/03\/hv_brand_rgb.png","width":1714,"height":472,"caption":"HANDELSVERBAND.swiss"},"image":{"@id":"https:\/\/handelsverband.swiss\/#\/schema\/logo\/image\/"}}]}},"_links":{"self":[{"href":"https:\/\/handelsverband.swiss\/fr\/wp-json\/wp\/v2\/pages\/6533","targetHints":{"allow":["GET"]}}],"collection":[{"href":"https:\/\/handelsverband.swiss\/fr\/wp-json\/wp\/v2\/pages"}],"about":[{"href":"https:\/\/handelsverband.swiss\/fr\/wp-json\/wp\/v2\/types\/page"}],"author":[{"embeddable":true,"href":"https:\/\/handelsverband.swiss\/fr\/wp-json\/wp\/v2\/users\/1499"}],"replies":[{"embeddable":true,"href":"https:\/\/handelsverband.swiss\/fr\/wp-json\/wp\/v2\/comments?post=6533"}],"version-history":[{"count":27,"href":"https:\/\/handelsverband.swiss\/fr\/wp-json\/wp\/v2\/pages\/6533\/revisions"}],"predecessor-version":[{"id":62352,"href":"https:\/\/handelsverband.swiss\/fr\/wp-json\/wp\/v2\/pages\/6533\/revisions\/62352"}],"up":[{"embeddable":true,"href":"https:\/\/handelsverband.swiss\/fr\/wp-json\/wp\/v2\/pages\/6659"}],"wp:attachment":[{"href":"https:\/\/handelsverband.swiss\/fr\/wp-json\/wp\/v2\/media?parent=6533"}],"curies":[{"name":"wp","href":"https:\/\/api.w.org\/{rel}","templated":true}]}}