{"id":6583,"date":"2018-02-06T12:01:54","date_gmt":"2018-02-06T11:01:54","guid":{"rendered":"https:\/\/www.vsv-versandhandel.ch\/?page_id=6583"},"modified":"2018-04-30T14:00:31","modified_gmt":"2018-04-30T12:00:31","slug":"le-droit-de-revocation","status":"publish","type":"page","link":"https:\/\/handelsverband.swiss\/fr\/politics\/le-droit-de-revocation\/","title":{"rendered":"Le droit de r\u00e9vocation"},"content":{"rendered":"<p>Pendant plusieurs ann\u00e9es, l&#8217;initiative parlementaire <a href=\"https:\/\/www.parlament.ch\/fr\/ratsbetrieb\/suche-curia-vista\/geschaeft?AffairId=20060441\">06.441 \u00ab\u00a0Pour une protection du consommateur contre les abus du d\u00e9marchage t\u00e9l\u00e9phonique<\/a>\u00a0\u00bb a \u00e9t\u00e9 d\u00e9battue et r\u00e9vis\u00e9e par le conseil national et le conseil des Etats.<\/p>\n<p>L&#8217;Initiative parlementaire 06.441 est l\u2019exemple type de la d\u00e9rive l\u00e9gislative qui s\u2019enclenche trop souvent \u00e0 Berne. Comme l&#8217;initiative initiale se concentrait uniquement sur la vente par t\u00e9l\u00e9phone, le D\u00e9partement f\u00e9d\u00e9ral de justice et police, en collaboration avec l&#8217;ancienne protectrice des consommateurs et aujourd&#8217;hui Conseill\u00e8re f\u00e9d\u00e9rale Sommaruga, a proc\u00e9d\u00e9 \u00e0 une r\u00e9vision compl\u00e8te du droit de r\u00e9tractation dans le code des obligations. Le r\u00e9sultat : un premier projet de loi compl\u00e8tement exag\u00e9r\u00e9 qui aurait d\u00e9pass\u00e9 les normes de l&#8217;UE et qui ignore la r\u00e9alit\u00e9.<\/p>\n<p>Je n&#8217;ai pas vu la r\u00e9alit\u00e9.<\/p>\n<p>Heureusement, le Parlement l&#8217;a reconnu et, au cours d&#8217;un long va-et-vient, il est revenu au sens originel de l&#8217;initiative : Un droit de r\u00e9tractation (raisonnable) pour les achats effectu\u00e9s par t\u00e9l\u00e9phone.<\/p>\n<p>Et une fois de plus, vous ne pouvez pas vous emp\u00eacher de remarquer que si le projet avait \u00e9t\u00e9 r\u00e9dig\u00e9 d\u00e8s le d\u00e9part selon la volont\u00e9 originelle du d\u00e9positaire, nous aurions probablement eu un droit de r\u00e9tractation dans les ventes par t\u00e9l\u00e9phone depuis 2012 \u2013 car presque personne ne s&#8217;y est oppos\u00e9.<\/p>\n<ul>\n<li>19.06.2015 &#8211; <a href=\"https:\/\/www.parlament.ch\/fr\/ratsbetrieb\/suche-curia-vista\/geschaeft?AffairId=20060441\">Conclusion du droit de r\u00e9tractation &#8211; r\u00e9duction des ventes par t\u00e9l\u00e9phone<\/a><\/li>\n<li>15.08.2014 &#8211; <a href=\"https:\/\/www.parlament.ch\/press-releases\/Pages\/2014\/mm-rk-n-2014-08-15.aspx\">Commission juridique Conseil national<\/a><\/li>\n<li>18.06.2014 &#8211; Conseil des Etats\u00a0: Adoption d&#8217;un projet de loi \u00e0 l&#8217;attention du Conseil national &#8211; <a href=\"https:\/\/www.parlament.ch\/fr\/ratsbetrieb\/amtliches-bulletin\/amtliches-bulletin-die-verhandlungen?SubjectId=30334\">Proc\u00e8s-verbal officiel<\/a><\/li>\n<li>18.06.2014 &#8211; <a href=\"https:\/\/www.parlament.ch\/centers\/eparl\/curia\/2006\/20060441\/S11%20F.pdf\">D\u00e9cision du Conseil des Etats<\/a><\/li>\n<\/ul>\n<p>&nbsp;<\/p>\n","protected":false},"excerpt":{"rendered":"<p>Pendant plusieurs ann\u00e9es, l&#8217;initiative parlementaire<\/p>\n","protected":false},"author":1499,"featured_media":0,"parent":6577,"menu_order":0,"comment_status":"closed","ping_status":"closed","template":"","meta":{"_acf_changed":false,"footnotes":""},"class_list":["post-6583","page","type-page","status-publish","hentry"],"acf":[],"yoast_head":"<!-- This site is optimized with the Yoast SEO plugin v27.5 - https:\/\/yoast.com\/product\/yoast-seo-wordpress\/ -->\n<title>Le droit de r\u00e9vocation - HANDELSVERBAND. swiss<\/title>\n<meta name=\"robots\" content=\"index, follow, max-snippet:-1, max-image-preview:large, max-video-preview:-1\" \/>\n<meta property=\"og:locale\" content=\"fr_FR\" \/>\n<meta property=\"og:type\" content=\"article\" \/>\n<meta property=\"og:title\" content=\"Le droit de r\u00e9vocation - HANDELSVERBAND. swiss\" \/>\n<meta property=\"og:description\" content=\"Pendant plusieurs ann\u00e9es, l&#8217;initiative parlementaire\" \/>\n<meta property=\"og:url\" content=\"https:\/\/handelsverband.swiss\/fr\/politics\/le-droit-de-revocation\/\" \/>\n<meta property=\"og:site_name\" content=\"HANDELSVERBAND. swiss\" \/>\n<meta property=\"article:modified_time\" content=\"2018-04-30T12:00:31+00:00\" \/>\n<meta name=\"twitter:card\" content=\"summary_large_image\" \/>\n<meta name=\"twitter:label1\" content=\"Est. reading time\" \/>\n\t<meta name=\"twitter:data1\" content=\"1 minute\" \/>\n<script type=\"application\/ld+json\" class=\"yoast-schema-graph\">{\"@context\":\"https:\\\/\\\/schema.org\",\"@graph\":[{\"@type\":\"WebPage\",\"@id\":\"https:\\\/\\\/handelsverband.swiss\\\/fr\\\/politics\\\/le-droit-de-revocation\\\/\",\"url\":\"https:\\\/\\\/handelsverband.swiss\\\/fr\\\/politics\\\/le-droit-de-revocation\\\/\",\"name\":\"Le droit de r\u00e9vocation - HANDELSVERBAND. swiss\",\"isPartOf\":{\"@id\":\"https:\\\/\\\/handelsverband.swiss\\\/#website\"},\"datePublished\":\"2018-02-06T11:01:54+00:00\",\"dateModified\":\"2018-04-30T12:00:31+00:00\",\"breadcrumb\":{\"@id\":\"https:\\\/\\\/handelsverband.swiss\\\/fr\\\/politics\\\/le-droit-de-revocation\\\/#breadcrumb\"},\"inLanguage\":\"fr-FR\",\"potentialAction\":[{\"@type\":\"ReadAction\",\"target\":[\"https:\\\/\\\/handelsverband.swiss\\\/fr\\\/politics\\\/le-droit-de-revocation\\\/\"]}]},{\"@type\":\"BreadcrumbList\",\"@id\":\"https:\\\/\\\/handelsverband.swiss\\\/fr\\\/politics\\\/le-droit-de-revocation\\\/#breadcrumb\",\"itemListElement\":[{\"@type\":\"ListItem\",\"position\":1,\"name\":\"Startseite\",\"item\":\"https:\\\/\\\/handelsverband.swiss\\\/fr\\\/\"},{\"@type\":\"ListItem\",\"position\":2,\"name\":\"Politics\",\"item\":\"https:\\\/\\\/handelsverband.swiss\\\/fr\\\/politics\\\/\"},{\"@type\":\"ListItem\",\"position\":3,\"name\":\"Le droit de r\u00e9vocation\"}]},{\"@type\":\"WebSite\",\"@id\":\"https:\\\/\\\/handelsverband.swiss\\\/#website\",\"url\":\"https:\\\/\\\/handelsverband.swiss\\\/\",\"name\":\"HANDELSVERBAND.swiss\",\"description\":\"ASSOCIATION DE COMMERCE.swiss\",\"publisher\":{\"@id\":\"https:\\\/\\\/handelsverband.swiss\\\/#organization\"},\"potentialAction\":[{\"@type\":\"SearchAction\",\"target\":{\"@type\":\"EntryPoint\",\"urlTemplate\":\"https:\\\/\\\/handelsverband.swiss\\\/?s={search_term_string}\"},\"query-input\":{\"@type\":\"PropertyValueSpecification\",\"valueRequired\":true,\"valueName\":\"search_term_string\"}}],\"inLanguage\":\"fr-FR\"},{\"@type\":\"Organization\",\"@id\":\"https:\\\/\\\/handelsverband.swiss\\\/#organization\",\"name\":\"HANDELSVERBAND.swiss\",\"url\":\"https:\\\/\\\/handelsverband.swiss\\\/\",\"logo\":{\"@type\":\"ImageObject\",\"inLanguage\":\"fr-FR\",\"@id\":\"https:\\\/\\\/handelsverband.swiss\\\/#\\\/schema\\\/logo\\\/image\\\/\",\"url\":\"https:\\\/\\\/handelsverband.swiss\\\/wp-content\\\/uploads\\\/2020\\\/03\\\/hv_brand_rgb.png\",\"contentUrl\":\"https:\\\/\\\/handelsverband.swiss\\\/wp-content\\\/uploads\\\/2020\\\/03\\\/hv_brand_rgb.png\",\"width\":1714,\"height\":472,\"caption\":\"HANDELSVERBAND.swiss\"},\"image\":{\"@id\":\"https:\\\/\\\/handelsverband.swiss\\\/#\\\/schema\\\/logo\\\/image\\\/\"}}]}<\/script>\n<!-- \/ Yoast SEO plugin. -->","yoast_head_json":{"title":"Le droit de r\u00e9vocation - HANDELSVERBAND. swiss","robots":{"index":"index","follow":"follow","max-snippet":"max-snippet:-1","max-image-preview":"max-image-preview:large","max-video-preview":"max-video-preview:-1"},"og_locale":"fr_FR","og_type":"article","og_title":"Le droit de r\u00e9vocation - HANDELSVERBAND. swiss","og_description":"Pendant plusieurs ann\u00e9es, l&#8217;initiative parlementaire","og_url":"https:\/\/handelsverband.swiss\/fr\/politics\/le-droit-de-revocation\/","og_site_name":"HANDELSVERBAND. swiss","article_modified_time":"2018-04-30T12:00:31+00:00","twitter_card":"summary_large_image","twitter_misc":{"Est. reading time":"1 minute"},"schema":{"@context":"https:\/\/schema.org","@graph":[{"@type":"WebPage","@id":"https:\/\/handelsverband.swiss\/fr\/politics\/le-droit-de-revocation\/","url":"https:\/\/handelsverband.swiss\/fr\/politics\/le-droit-de-revocation\/","name":"Le droit de r\u00e9vocation - HANDELSVERBAND. swiss","isPartOf":{"@id":"https:\/\/handelsverband.swiss\/#website"},"datePublished":"2018-02-06T11:01:54+00:00","dateModified":"2018-04-30T12:00:31+00:00","breadcrumb":{"@id":"https:\/\/handelsverband.swiss\/fr\/politics\/le-droit-de-revocation\/#breadcrumb"},"inLanguage":"fr-FR","potentialAction":[{"@type":"ReadAction","target":["https:\/\/handelsverband.swiss\/fr\/politics\/le-droit-de-revocation\/"]}]},{"@type":"BreadcrumbList","@id":"https:\/\/handelsverband.swiss\/fr\/politics\/le-droit-de-revocation\/#breadcrumb","itemListElement":[{"@type":"ListItem","position":1,"name":"Startseite","item":"https:\/\/handelsverband.swiss\/fr\/"},{"@type":"ListItem","position":2,"name":"Politics","item":"https:\/\/handelsverband.swiss\/fr\/politics\/"},{"@type":"ListItem","position":3,"name":"Le droit de r\u00e9vocation"}]},{"@type":"WebSite","@id":"https:\/\/handelsverband.swiss\/#website","url":"https:\/\/handelsverband.swiss\/","name":"HANDELSVERBAND.swiss","description":"ASSOCIATION DE COMMERCE.swiss","publisher":{"@id":"https:\/\/handelsverband.swiss\/#organization"},"potentialAction":[{"@type":"SearchAction","target":{"@type":"EntryPoint","urlTemplate":"https:\/\/handelsverband.swiss\/?s={search_term_string}"},"query-input":{"@type":"PropertyValueSpecification","valueRequired":true,"valueName":"search_term_string"}}],"inLanguage":"fr-FR"},{"@type":"Organization","@id":"https:\/\/handelsverband.swiss\/#organization","name":"HANDELSVERBAND.swiss","url":"https:\/\/handelsverband.swiss\/","logo":{"@type":"ImageObject","inLanguage":"fr-FR","@id":"https:\/\/handelsverband.swiss\/#\/schema\/logo\/image\/","url":"https:\/\/handelsverband.swiss\/wp-content\/uploads\/2020\/03\/hv_brand_rgb.png","contentUrl":"https:\/\/handelsverband.swiss\/wp-content\/uploads\/2020\/03\/hv_brand_rgb.png","width":1714,"height":472,"caption":"HANDELSVERBAND.swiss"},"image":{"@id":"https:\/\/handelsverband.swiss\/#\/schema\/logo\/image\/"}}]}},"_links":{"self":[{"href":"https:\/\/handelsverband.swiss\/fr\/wp-json\/wp\/v2\/pages\/6583","targetHints":{"allow":["GET"]}}],"collection":[{"href":"https:\/\/handelsverband.swiss\/fr\/wp-json\/wp\/v2\/pages"}],"about":[{"href":"https:\/\/handelsverband.swiss\/fr\/wp-json\/wp\/v2\/types\/page"}],"author":[{"embeddable":true,"href":"https:\/\/handelsverband.swiss\/fr\/wp-json\/wp\/v2\/users\/1499"}],"replies":[{"embeddable":true,"href":"https:\/\/handelsverband.swiss\/fr\/wp-json\/wp\/v2\/comments?post=6583"}],"version-history":[{"count":5,"href":"https:\/\/handelsverband.swiss\/fr\/wp-json\/wp\/v2\/pages\/6583\/revisions"}],"predecessor-version":[{"id":7445,"href":"https:\/\/handelsverband.swiss\/fr\/wp-json\/wp\/v2\/pages\/6583\/revisions\/7445"}],"up":[{"embeddable":true,"href":"https:\/\/handelsverband.swiss\/fr\/wp-json\/wp\/v2\/pages\/6577"}],"wp:attachment":[{"href":"https:\/\/handelsverband.swiss\/fr\/wp-json\/wp\/v2\/media?parent=6583"}],"curies":[{"name":"wp","href":"https:\/\/api.w.org\/{rel}","templated":true}]}}