{"id":7364,"date":"2018-04-12T15:40:48","date_gmt":"2018-04-12T13:40:48","guid":{"rendered":"https:\/\/www.vsv-versandhandel.ch\/?page_id=7364"},"modified":"2019-04-16T07:32:14","modified_gmt":"2019-04-16T05:32:14","slug":"interventions-parlementaires","status":"publish","type":"page","link":"https:\/\/handelsverband.swiss\/fr\/interventions-parlementaires\/","title":{"rendered":"Interventions parlementaires"},"content":{"rendered":"<header id=\"header\" role=\"banner\">\n<nav id=\"nav_main\" role=\"navigation\">\u00a0<\/nav>\n<\/header>\n<div id=\"content\">\n<section id=\"col_main\" role=\"main\">\n<div class=\"plugin_cms-text\">\n<ul>\n<li><strong style=\"font-size: 1rem;\"><a href=\"https:\/\/www.parlament.ch\/fr\/ratsbetrieb\/suche-curia-vista\/geschaeft?AffairId=20193382\">19.3382 Vente par correspondance de m\u00e9dicaments non soumis \u00e0 ordonnance<\/a><br \/>\n<\/strong>Postulat &#8211; J\u00fcrg Stahl, SVP-Fraktion, Schweizerische Volkspartei<\/li>\n<li><a href=\"https:\/\/www.parlament.ch\/fr\/ratsbetrieb\/amtliches-bulletin\/amtliches-bulletin-die-verhandlungen?SubjectId=45376\"><strong style=\"font-size: 1rem;\">18.4277 Le commerce \u00e0 l&#8217;\u00e8re num\u00e9rique. Comment le Conseil f\u00e9d\u00e9ral entend-il relever les d\u00e9fis inh\u00e9rents aux proc\u00e9dures &#8216;importation<br \/>\nde marchandises?<\/strong><\/a><br \/>\nInterpellation &#8211; Beat Vonlanthen, CVP-Fraktion Christlichdemokratische Volkspartei<\/li>\n<li><strong><a href=\"https:\/\/www.parlament.ch\/fr\/ratsbetrieb\/suche-curia-vista\/geschaeft?AffairId=20183996\">18.3996 M\u00e9dicaments non soumis \u00e0 ordonnance. Autoriser les commandes par t\u00e9l\u00e9pharmacie<\/a><\/strong><br \/>\nMotion &#8211; Marcel Dobler, FDP-Fraktion, FDP Die Liberalen<\/li>\n<li><a href=\"https:\/\/www.parlament.ch\/fr\/ratsbetrieb\/suche-curia-vista\/geschaeft?AffairId=20183540\"><strong>18.3540 Ventes en Suisse depuis l&#8217;\u00e9tranger. Imposer le paiement de la TVA aux plates-formes de vente en ligne<\/strong><\/a><br \/>\nMotion &#8211; Beat Vonlanthen, CVP-Fraktion Christlichdemokratische Volkspartei<\/li>\n<li><a href=\"https:\/\/www.parlament.ch\/fr\/ratsbetrieb\/suche-curia-vista\/geschaeft?AffairId=20183360\"><strong>18.3360 V\u00e9rifier, surveiller et restreindre le commerce en ligne?<\/strong><\/a><br \/>\nInterpellation &#8211; Martin Candinas, CVP-Fraktion, Christlichdemokratische Volkspartei<\/li>\n<li><strong><a href=\"https:\/\/www.parlament.ch\/fr\/ratsbetrieb\/suche-curia-vista\/geschaeft?AffairId=20183315\">18.3315 Commerce international en ligne. Efficacit\u00e9 des proc\u00e9dures de contr\u00f4le de l&#8217;Administration f\u00e9d\u00e9rale des douanes<\/a><br \/>\n<\/strong>Motion &#8211; Manfred B\u00fchler, Fraktion der Schweizerischen Volkspartei<\/li>\n<li><a href=\"https:\/\/www.parlament.ch\/fr\/ratsbetrieb\/suche-curia-vista\/geschaeft?AffairId=20183044\"><strong>18.3044 Partenariat entre La Poste Suisse et Amazon<\/strong><\/a><br \/>\nInterpellation &#8211; Reynard Mathias, SP-Fraktion, Sozialdemokratische Partei<\/li>\n<li><strong><a class=\"link_extern\" href=\"https:\/\/www.parlament.ch\/fr\/ratsbetrieb\/suche-curia-vista\/geschaeft?AffairId=20174296\" target=\"_blank\" rel=\"noopener noreferrer\">17.4296\u00a0Imposer de mani\u00e8re \u00e9quitable les g\u00e9ants du Net en pr\u00e9levant une taxe d&#8217;\u00e9galisation sur le chiffre d&#8217;affaires r\u00e9alis\u00e9 en ligne<\/a><\/strong><br \/>\nInterpellation &#8211; Balthasar Gl\u00e4ttli, Groupe des Verts Parti \u00e9cologiste suisse<\/li>\n<li><strong><a class=\"link_extern\" href=\"https:\/\/www.parlament.ch\/fr\/ratsbetrieb\/suche-curia-vista\/geschaeft?AffairId=20174288\" target=\"_blank\" rel=\"noopener noreferrer\">17.4288\u00a0Rapport concernant les r\u00e9percussions du commerce en ligne sur l&#8217;\u00e9conomie et la soci\u00e9t\u00e9 en Suisse<\/a><\/strong><br \/>\nPostulat &#8211; Regula Rytz,\u00a0Groupe des Verts Parti \u00e9cologiste suisse<\/li>\n<li><strong><a class=\"link_extern\" href=\"https:\/\/www.parlament.ch\/fr\/ratsbetrieb\/suche-curia-vista\/geschaeft?AffairId=20174228\" target=\"_blank\" rel=\"noopener noreferrer\">17.4228\u00a0Pour que toutes les entreprises de commerce en ligne puissent lutter \u00e0 armes \u00e9gales<\/a><\/strong><br \/>\nPostulat &#8211; Tania Angelina Moser, Groupe vert&#8217;lib\u00e9ral Parti vert&#8217;lib\u00e9ral<\/li>\n<li><strong><a class=\"link_extern\" href=\"https:\/\/www.parlament.ch\/fr\/ratsbetrieb\/suche-curia-vista\/geschaeft?AffairId=20174231\" target=\"_blank\" rel=\"noopener noreferrer\">17.4231\u00a0Vente de m\u00e9dicaments en ligne. Une ouverture dans l&#8217;int\u00e9r\u00eat de tous<\/a><\/strong><br \/>\nInterpellation &#8211;\u00a0Philippe Nantermod, Groupe lib\u00e9ral-radical PLR.Les Lib\u00e9raux-Radicaux<\/li>\n<li><strong><a class=\"link_extern\" href=\"https:\/\/www.parlament.ch\/fr\/ratsbetrieb\/suche-curia-vista\/geschaeft?AffairId=20174209\" target=\"_blank\" rel=\"noopener noreferrer\">17.4209\u00a0Ventes en ligne sur le march\u00e9 int\u00e9rieur de l&#8217;UE. Permettre aux fournisseurs suisses de lutter \u00e0 armes \u00e9gales avec leurs concurrents europ\u00e9ens<\/a><\/strong><br \/>\nInterpellation &#8211;\u00a0Beat Vonlanthen, Groupe PDC Parti d\u00e9mocrate-chr\u00e9tien suisse<\/li>\n<li><strong><strong><a href=\"https:\/\/www.parlament.ch\/fr\/ratsbetrieb\/suche-curia-vista\/geschaeft?AffairId=20174088\">17.4088 Questions relatives \u00e0 la mise en oeuvre du r\u00e8glement g\u00e9n\u00e9ral de l&#8217;UE sur la protection des donn\u00e9es<br \/>\n<\/a><\/strong><\/strong>Interpellation &#8211; Doris Fiala,\u00a0Groupe lib\u00e9ral-radical, PLR.Les Lib\u00e9raux-Radicaux<\/li>\n<li><strong><a class=\"link_extern\" href=\"https:\/\/www.parlament.ch\/fr\/ratsbetrieb\/suche-curia-vista\/geschaeft?AffairId=20173766\" target=\"_blank\" rel=\"noopener noreferrer\">17.3766\u00a0Label de qualit\u00e9 pour le commerce en ligne suisse. Utiliser \u00e9conomiquement l&#8217;image d&#8217;excellence de la Suisse<\/a><\/strong><br \/>\nMotion &#8211;\u00a0Beat Vonlanthen, Groupe PDC Parti d\u00e9mocrate-chr\u00e9tien suisse<\/li>\n<li><a class=\"link_extern\" href=\"https:\/\/www.parlament.ch\/fr\/ratsbetrieb\/suche-curia-vista\/geschaeft?AffairId=20165568\" target=\"_blank\" rel=\"noopener noreferrer\"><strong>16.5568\u00a0Magie de No\u00ebl. In\u00e9galit\u00e9 de traitement entre les commer\u00e7ants suisses et les commer\u00e7ants \u00e9trangers<\/strong><br \/>\n<\/a>Heure des questions &#8211; Marcel Dobler, Groupe lib\u00e9ral-radical PLR.Les Lib\u00e9raux-Radicaux<\/li>\n<li><strong><a class=\"link_extern\" href=\"https:\/\/www.parlament.ch\/fr\/ratsbetrieb\/suche-curia-vista\/geschaeft?AffairId=20163939\" target=\"_blank\" rel=\"noopener noreferrer\">16.3939\u00a0TVA. R\u00e9duire les obstacles administratifs \u00e0 l&#8217;acc\u00e8s au march\u00e9 unique europ\u00e9en<\/a><\/strong><br \/>\nInterpellation,\u00a0Marcel Dobler, Groupe lib\u00e9ral-radical PLR.Les Lib\u00e9raux-Radicaux<\/li>\n<\/ul>\n<\/div>\n<\/section>\n<\/div>\n","protected":false},"excerpt":{"rendered":"<p>\u00a0 19.3382 Vente par correspondance<\/p>\n","protected":false},"author":1499,"featured_media":0,"parent":0,"menu_order":0,"comment_status":"closed","ping_status":"closed","template":"","meta":{"_acf_changed":false,"footnotes":""},"class_list":["post-7364","page","type-page","status-publish","hentry"],"acf":[],"yoast_head":"<!-- This site is optimized with the Yoast SEO plugin v27.5 - https:\/\/yoast.com\/product\/yoast-seo-wordpress\/ -->\n<title>Interventions parlementaires - HANDELSVERBAND. swiss<\/title>\n<meta name=\"robots\" content=\"index, follow, max-snippet:-1, max-image-preview:large, max-video-preview:-1\" \/>\n<meta property=\"og:locale\" content=\"fr_FR\" \/>\n<meta property=\"og:type\" content=\"article\" \/>\n<meta property=\"og:title\" content=\"Interventions parlementaires - HANDELSVERBAND. swiss\" \/>\n<meta property=\"og:description\" content=\"\u00a0 19.3382 Vente par correspondance\" \/>\n<meta property=\"og:url\" content=\"https:\/\/handelsverband.swiss\/fr\/interventions-parlementaires\/\" \/>\n<meta property=\"og:site_name\" content=\"HANDELSVERBAND. swiss\" \/>\n<meta property=\"article:modified_time\" content=\"2019-04-16T05:32:14+00:00\" \/>\n<meta name=\"twitter:card\" content=\"summary_large_image\" \/>\n<meta name=\"twitter:label1\" content=\"Est. reading time\" \/>\n\t<meta name=\"twitter:data1\" content=\"2 minutes\" \/>\n<script type=\"application\/ld+json\" class=\"yoast-schema-graph\">{\"@context\":\"https:\\\/\\\/schema.org\",\"@graph\":[{\"@type\":\"WebPage\",\"@id\":\"https:\\\/\\\/handelsverband.swiss\\\/fr\\\/interventions-parlementaires\\\/\",\"url\":\"https:\\\/\\\/handelsverband.swiss\\\/fr\\\/interventions-parlementaires\\\/\",\"name\":\"Interventions parlementaires - HANDELSVERBAND. swiss\",\"isPartOf\":{\"@id\":\"https:\\\/\\\/handelsverband.swiss\\\/#website\"},\"datePublished\":\"2018-04-12T13:40:48+00:00\",\"dateModified\":\"2019-04-16T05:32:14+00:00\",\"breadcrumb\":{\"@id\":\"https:\\\/\\\/handelsverband.swiss\\\/fr\\\/interventions-parlementaires\\\/#breadcrumb\"},\"inLanguage\":\"fr-FR\",\"potentialAction\":[{\"@type\":\"ReadAction\",\"target\":[\"https:\\\/\\\/handelsverband.swiss\\\/fr\\\/interventions-parlementaires\\\/\"]}]},{\"@type\":\"BreadcrumbList\",\"@id\":\"https:\\\/\\\/handelsverband.swiss\\\/fr\\\/interventions-parlementaires\\\/#breadcrumb\",\"itemListElement\":[{\"@type\":\"ListItem\",\"position\":1,\"name\":\"Startseite\",\"item\":\"https:\\\/\\\/handelsverband.swiss\\\/fr\\\/\"},{\"@type\":\"ListItem\",\"position\":2,\"name\":\"Interventions parlementaires\"}]},{\"@type\":\"WebSite\",\"@id\":\"https:\\\/\\\/handelsverband.swiss\\\/#website\",\"url\":\"https:\\\/\\\/handelsverband.swiss\\\/\",\"name\":\"HANDELSVERBAND.swiss\",\"description\":\"ASSOCIATION DE COMMERCE.swiss\",\"publisher\":{\"@id\":\"https:\\\/\\\/handelsverband.swiss\\\/#organization\"},\"potentialAction\":[{\"@type\":\"SearchAction\",\"target\":{\"@type\":\"EntryPoint\",\"urlTemplate\":\"https:\\\/\\\/handelsverband.swiss\\\/?s={search_term_string}\"},\"query-input\":{\"@type\":\"PropertyValueSpecification\",\"valueRequired\":true,\"valueName\":\"search_term_string\"}}],\"inLanguage\":\"fr-FR\"},{\"@type\":\"Organization\",\"@id\":\"https:\\\/\\\/handelsverband.swiss\\\/#organization\",\"name\":\"HANDELSVERBAND.swiss\",\"url\":\"https:\\\/\\\/handelsverband.swiss\\\/\",\"logo\":{\"@type\":\"ImageObject\",\"inLanguage\":\"fr-FR\",\"@id\":\"https:\\\/\\\/handelsverband.swiss\\\/#\\\/schema\\\/logo\\\/image\\\/\",\"url\":\"https:\\\/\\\/handelsverband.swiss\\\/wp-content\\\/uploads\\\/2020\\\/03\\\/hv_brand_rgb.png\",\"contentUrl\":\"https:\\\/\\\/handelsverband.swiss\\\/wp-content\\\/uploads\\\/2020\\\/03\\\/hv_brand_rgb.png\",\"width\":1714,\"height\":472,\"caption\":\"HANDELSVERBAND.swiss\"},\"image\":{\"@id\":\"https:\\\/\\\/handelsverband.swiss\\\/#\\\/schema\\\/logo\\\/image\\\/\"}}]}<\/script>\n<!-- \/ Yoast SEO plugin. -->","yoast_head_json":{"title":"Interventions parlementaires - HANDELSVERBAND. swiss","robots":{"index":"index","follow":"follow","max-snippet":"max-snippet:-1","max-image-preview":"max-image-preview:large","max-video-preview":"max-video-preview:-1"},"og_locale":"fr_FR","og_type":"article","og_title":"Interventions parlementaires - HANDELSVERBAND. swiss","og_description":"\u00a0 19.3382 Vente par correspondance","og_url":"https:\/\/handelsverband.swiss\/fr\/interventions-parlementaires\/","og_site_name":"HANDELSVERBAND. swiss","article_modified_time":"2019-04-16T05:32:14+00:00","twitter_card":"summary_large_image","twitter_misc":{"Est. reading time":"2 minutes"},"schema":{"@context":"https:\/\/schema.org","@graph":[{"@type":"WebPage","@id":"https:\/\/handelsverband.swiss\/fr\/interventions-parlementaires\/","url":"https:\/\/handelsverband.swiss\/fr\/interventions-parlementaires\/","name":"Interventions parlementaires - HANDELSVERBAND. swiss","isPartOf":{"@id":"https:\/\/handelsverband.swiss\/#website"},"datePublished":"2018-04-12T13:40:48+00:00","dateModified":"2019-04-16T05:32:14+00:00","breadcrumb":{"@id":"https:\/\/handelsverband.swiss\/fr\/interventions-parlementaires\/#breadcrumb"},"inLanguage":"fr-FR","potentialAction":[{"@type":"ReadAction","target":["https:\/\/handelsverband.swiss\/fr\/interventions-parlementaires\/"]}]},{"@type":"BreadcrumbList","@id":"https:\/\/handelsverband.swiss\/fr\/interventions-parlementaires\/#breadcrumb","itemListElement":[{"@type":"ListItem","position":1,"name":"Startseite","item":"https:\/\/handelsverband.swiss\/fr\/"},{"@type":"ListItem","position":2,"name":"Interventions parlementaires"}]},{"@type":"WebSite","@id":"https:\/\/handelsverband.swiss\/#website","url":"https:\/\/handelsverband.swiss\/","name":"HANDELSVERBAND.swiss","description":"ASSOCIATION DE COMMERCE.swiss","publisher":{"@id":"https:\/\/handelsverband.swiss\/#organization"},"potentialAction":[{"@type":"SearchAction","target":{"@type":"EntryPoint","urlTemplate":"https:\/\/handelsverband.swiss\/?s={search_term_string}"},"query-input":{"@type":"PropertyValueSpecification","valueRequired":true,"valueName":"search_term_string"}}],"inLanguage":"fr-FR"},{"@type":"Organization","@id":"https:\/\/handelsverband.swiss\/#organization","name":"HANDELSVERBAND.swiss","url":"https:\/\/handelsverband.swiss\/","logo":{"@type":"ImageObject","inLanguage":"fr-FR","@id":"https:\/\/handelsverband.swiss\/#\/schema\/logo\/image\/","url":"https:\/\/handelsverband.swiss\/wp-content\/uploads\/2020\/03\/hv_brand_rgb.png","contentUrl":"https:\/\/handelsverband.swiss\/wp-content\/uploads\/2020\/03\/hv_brand_rgb.png","width":1714,"height":472,"caption":"HANDELSVERBAND.swiss"},"image":{"@id":"https:\/\/handelsverband.swiss\/#\/schema\/logo\/image\/"}}]}},"_links":{"self":[{"href":"https:\/\/handelsverband.swiss\/fr\/wp-json\/wp\/v2\/pages\/7364","targetHints":{"allow":["GET"]}}],"collection":[{"href":"https:\/\/handelsverband.swiss\/fr\/wp-json\/wp\/v2\/pages"}],"about":[{"href":"https:\/\/handelsverband.swiss\/fr\/wp-json\/wp\/v2\/types\/page"}],"author":[{"embeddable":true,"href":"https:\/\/handelsverband.swiss\/fr\/wp-json\/wp\/v2\/users\/1499"}],"replies":[{"embeddable":true,"href":"https:\/\/handelsverband.swiss\/fr\/wp-json\/wp\/v2\/comments?post=7364"}],"version-history":[{"count":7,"href":"https:\/\/handelsverband.swiss\/fr\/wp-json\/wp\/v2\/pages\/7364\/revisions"}],"predecessor-version":[{"id":15366,"href":"https:\/\/handelsverband.swiss\/fr\/wp-json\/wp\/v2\/pages\/7364\/revisions\/15366"}],"wp:attachment":[{"href":"https:\/\/handelsverband.swiss\/fr\/wp-json\/wp\/v2\/media?parent=7364"}],"curies":[{"name":"wp","href":"https:\/\/api.w.org\/{rel}","templated":true}]}}